{"id":611,"date":"2020-03-14T11:54:06","date_gmt":"2020-03-14T10:54:06","guid":{"rendered":"https:\/\/beta.coriaenimagenes.com\/?page_id=611"},"modified":"2024-08-16T14:58:01","modified_gmt":"2024-08-16T12:58:01","slug":"puebla-de-argeme","status":"publish","type":"page","link":"https:\/\/coria.org\/ayuntamiento\/index.php\/puebla-de-argeme\/","title":{"rendered":"Puebla de Argeme"},"content":{"rendered":"\n<div class=\"wp-block-group is-layout-flow wp-block-group-is-layout-flow\">\n<figure class=\"wp-block-image alignleft size-full is-resized\"><img loading=\"lazy\" decoding=\"async\" width=\"1024\" height=\"768\" src=\"https:\/\/coria.org\/ayuntamiento\/wp-content\/uploads\/2024\/02\/puebla-de-argeme.jpg\" alt=\"\" class=\"wp-image-58131\" style=\"width:337px;height:auto\" srcset=\"https:\/\/coria.org\/ayuntamiento\/wp-content\/uploads\/2024\/02\/puebla-de-argeme.jpg 1024w, https:\/\/coria.org\/ayuntamiento\/wp-content\/uploads\/2024\/02\/puebla-de-argeme-300x225.jpg 300w, https:\/\/coria.org\/ayuntamiento\/wp-content\/uploads\/2024\/02\/puebla-de-argeme-768x576.jpg 768w\" sizes=\"auto, (max-width: 1024px) 100vw, 1024px\" \/><\/figure>\n\n\n\n<p>Puebla de Argeme es un n\u00facleo ped\u00e1neo separado de poblaci\u00f3n, integrado y dependiente administrativamente del municipio de Coria sito en plena provincia de C\u00e1ceres. Fue fundado en la d\u00e9cada de 1960 como poblado de colonizaci\u00f3n dentro del Plan de Regad\u00edo del Instituto Nacional de Colonizaci\u00f3n (IRYDA) de las vegas del r\u00edo Alag\u00f3n desarrollado durante el per\u00edodo comprendido entre 1952-1975.<\/p>\n\n\n\n<p>En sus inicios, ubicada en las f\u00e9rtiles vegas del r\u00edo Alag\u00f3n, Puebla de Argeme recibi\u00f3 una poblaci\u00f3n inmigrante, principalmente agropecuaria, procedente, en su mayor\u00eda, de la vecina localidad de Montehermoso junto a otros lugares de la provincia como: Pasar\u00f3n de la Vera, Tejeda del Ti\u00e9tar, Piornal, Portezuelo, Galisteo, Vegaviana, Portaje, Torrejoncillo, Guijo de Galisteo, Morcillo, Moraleja, Aceh\u00fache, Casillas de Coria, etc., dedic\u00e1ndose principalmente al cultivo de algod\u00f3n, ma\u00edz, pimiento (bola) y tomate.<\/p>\n\n\n\n<p>Actualmente, este blanco poblado de colonizaci\u00f3n localizado al este de la ciudad de Coria y declarado como Zona de Inter\u00e9s Nacional por el Ministerio de Agricultura y de Obras P\u00fablicas en el a\u00f1o 1954, celebra sus patronales fiestas haci\u00e9ndolas coincidir con la Romer\u00eda de la Virgen de Argeme. Fiesta religioso-popular que tiene, en la lidia de vaquillas y toros al estilo tradicional por las calles, su principal atracci\u00f3n tur\u00edstica.<\/p>\n<\/div>\n","protected":false},"excerpt":{"rendered":"<p>Puebla de Argeme es un n\u00facleo ped\u00e1neo separado de poblaci\u00f3n, integrado y dependiente administrativamente del municipio de Coria sito en plena provincia de C\u00e1ceres. Fue fundado en la d\u00e9cada de 1960 como poblado de colonizaci\u00f3n dentro del Plan de Regad\u00edo del Instituto Nacional de Colonizaci\u00f3n (IRYDA) de las vegas del r\u00edo Alag\u00f3n desarrollado durante el [&hellip;]<\/p>\n","protected":false},"author":2,"featured_media":58130,"parent":0,"menu_order":0,"comment_status":"closed","ping_status":"closed","template":"","meta":{"_uag_custom_page_level_css":"","footnotes":""},"class_list":["post-611","page","type-page","status-publish","has-post-thumbnail","hentry"],"yoast_head":"<!-- This site is optimized with the Yoast SEO plugin v27.5 - https:\/\/yoast.com\/product\/yoast-seo-wordpress\/ -->\n<title>Puebla de Argeme - Ayuntamiento de Coria<\/title>\n<meta name=\"description\" content=\"Puebla de Argeme es un n\u00facleo ped\u00e1neo separado de poblaci\u00f3n, integrado y dependiente administrativamente del municipio de Coria sito en plena provincia de C\u00e1ceres\" \/>\n<meta name=\"robots\" content=\"index, follow, max-snippet:-1, max-image-preview:large, max-video-preview:-1\" \/>\n<link rel=\"canonical\" href=\"https:\/\/coria.org\/ayuntamiento\/index.php\/puebla-de-argeme\/\" \/>\n<meta property=\"og:locale\" content=\"es_ES\" \/>\n<meta property=\"og:type\" content=\"article\" \/>\n<meta property=\"og:title\" content=\"Puebla de Argeme - Ayuntamiento de Coria\" \/>\n<meta property=\"og:description\" content=\"Puebla de Argeme es un n\u00facleo ped\u00e1neo separado de poblaci\u00f3n, integrado y dependiente administrativamente del municipio de Coria sito en plena provincia de C\u00e1ceres\" \/>\n<meta property=\"og:url\" content=\"https:\/\/coria.org\/ayuntamiento\/index.php\/puebla-de-argeme\/\" \/>\n<meta property=\"og:site_name\" content=\"Ayuntamiento de Coria\" \/>\n<meta property=\"article:publisher\" content=\"https:\/\/www.facebook.com\/Ayuntamiento.de.Coria\" \/>\n<meta property=\"article:modified_time\" content=\"2024-08-16T12:58:01+00:00\" \/>\n<meta property=\"og:image\" content=\"https:\/\/coria.org\/ayuntamiento\/wp-content\/uploads\/2024\/02\/puebla-aerea.jpg\" \/>\n\t<meta property=\"og:image:width\" content=\"1024\" \/>\n\t<meta property=\"og:image:height\" content=\"743\" \/>\n\t<meta property=\"og:image:type\" content=\"image\/jpeg\" \/>\n<meta name=\"twitter:card\" content=\"summary_large_image\" \/>\n<meta name=\"twitter:site\" content=\"@Ayto_de_Coria\" \/>\n<meta name=\"twitter:label1\" content=\"Tiempo de lectura\" \/>\n\t<meta name=\"twitter:data1\" content=\"2 minutos\" \/>\n<script type=\"application\/ld+json\" class=\"yoast-schema-graph\">{\"@context\":\"https:\\\/\\\/schema.org\",\"@graph\":[{\"@type\":\"WebPage\",\"@id\":\"https:\\\/\\\/coria.org\\\/ayuntamiento\\\/index.php\\\/puebla-de-argeme\\\/\",\"url\":\"https:\\\/\\\/coria.org\\\/ayuntamiento\\\/index.php\\\/puebla-de-argeme\\\/\",\"name\":\"Puebla de Argeme - Ayuntamiento de Coria\",\"isPartOf\":{\"@id\":\"https:\\\/\\\/coria.org\\\/ayuntamiento\\\/#website\"},\"primaryImageOfPage\":{\"@id\":\"https:\\\/\\\/coria.org\\\/ayuntamiento\\\/index.php\\\/puebla-de-argeme\\\/#primaryimage\"},\"image\":{\"@id\":\"https:\\\/\\\/coria.org\\\/ayuntamiento\\\/index.php\\\/puebla-de-argeme\\\/#primaryimage\"},\"thumbnailUrl\":\"https:\\\/\\\/coria.org\\\/ayuntamiento\\\/wp-content\\\/uploads\\\/2024\\\/02\\\/puebla-aerea.jpg\",\"datePublished\":\"2020-03-14T10:54:06+00:00\",\"dateModified\":\"2024-08-16T12:58:01+00:00\",\"description\":\"Puebla de Argeme es un n\u00facleo ped\u00e1neo separado de poblaci\u00f3n, integrado y dependiente administrativamente del municipio de Coria sito en plena provincia de C\u00e1ceres\",\"breadcrumb\":{\"@id\":\"https:\\\/\\\/coria.org\\\/ayuntamiento\\\/index.php\\\/puebla-de-argeme\\\/#breadcrumb\"},\"inLanguage\":\"es\",\"potentialAction\":[{\"@type\":\"ReadAction\",\"target\":[\"https:\\\/\\\/coria.org\\\/ayuntamiento\\\/index.php\\\/puebla-de-argeme\\\/\"]}]},{\"@type\":\"ImageObject\",\"inLanguage\":\"es\",\"@id\":\"https:\\\/\\\/coria.org\\\/ayuntamiento\\\/index.php\\\/puebla-de-argeme\\\/#primaryimage\",\"url\":\"https:\\\/\\\/coria.org\\\/ayuntamiento\\\/wp-content\\\/uploads\\\/2024\\\/02\\\/puebla-aerea.jpg\",\"contentUrl\":\"https:\\\/\\\/coria.org\\\/ayuntamiento\\\/wp-content\\\/uploads\\\/2024\\\/02\\\/puebla-aerea.jpg\",\"width\":1024,\"height\":743},{\"@type\":\"BreadcrumbList\",\"@id\":\"https:\\\/\\\/coria.org\\\/ayuntamiento\\\/index.php\\\/puebla-de-argeme\\\/#breadcrumb\",\"itemListElement\":[{\"@type\":\"ListItem\",\"position\":1,\"name\":\"Inicio\",\"item\":\"https:\\\/\\\/coria.org\\\/ayuntamiento\\\/\"},{\"@type\":\"ListItem\",\"position\":2,\"name\":\"Puebla de Argeme\"}]},{\"@type\":\"WebSite\",\"@id\":\"https:\\\/\\\/coria.org\\\/ayuntamiento\\\/#website\",\"url\":\"https:\\\/\\\/coria.org\\\/ayuntamiento\\\/\",\"name\":\"Ayuntamiento de Coria\",\"description\":\"Web oficial del Ayuntamiento de Coria\",\"publisher\":{\"@id\":\"https:\\\/\\\/coria.org\\\/ayuntamiento\\\/#organization\"},\"alternateName\":\"Web Oficial del Ayuntamiento de Coria\",\"potentialAction\":[{\"@type\":\"SearchAction\",\"target\":{\"@type\":\"EntryPoint\",\"urlTemplate\":\"https:\\\/\\\/coria.org\\\/ayuntamiento\\\/?s={search_term_string}\"},\"query-input\":{\"@type\":\"PropertyValueSpecification\",\"valueRequired\":true,\"valueName\":\"search_term_string\"}}],\"inLanguage\":\"es\"},{\"@type\":\"Organization\",\"@id\":\"https:\\\/\\\/coria.org\\\/ayuntamiento\\\/#organization\",\"name\":\"Ayuntamiento de Coria\",\"alternateName\":\"Ayto de Coria\",\"url\":\"https:\\\/\\\/coria.org\\\/ayuntamiento\\\/\",\"logo\":{\"@type\":\"ImageObject\",\"inLanguage\":\"es\",\"@id\":\"https:\\\/\\\/coria.org\\\/ayuntamiento\\\/#\\\/schema\\\/logo\\\/image\\\/\",\"url\":\"https:\\\/\\\/coria.org\\\/ayuntamiento\\\/wp-content\\\/uploads\\\/2020\\\/12\\\/escudo-ayuntamiento-coria.png\",\"contentUrl\":\"https:\\\/\\\/coria.org\\\/ayuntamiento\\\/wp-content\\\/uploads\\\/2020\\\/12\\\/escudo-ayuntamiento-coria.png\",\"width\":511,\"height\":240,\"caption\":\"Ayuntamiento de Coria\"},\"image\":{\"@id\":\"https:\\\/\\\/coria.org\\\/ayuntamiento\\\/#\\\/schema\\\/logo\\\/image\\\/\"},\"sameAs\":[\"https:\\\/\\\/www.facebook.com\\\/Ayuntamiento.de.Coria\",\"https:\\\/\\\/x.com\\\/Ayto_de_Coria\",\"https:\\\/\\\/www.instagram.com\\\/coria.ayuntamiento\\\/\",\"https:\\\/\\\/www.youtube.com\\\/user\\\/AYUNTAMIENTOCORIA\"]}]}<\/script>\n<!-- \/ Yoast SEO plugin. -->","yoast_head_json":{"title":"Puebla de Argeme - Ayuntamiento de Coria","description":"Puebla de Argeme es un n\u00facleo ped\u00e1neo separado de poblaci\u00f3n, integrado y dependiente administrativamente del municipio de Coria sito en plena provincia de C\u00e1ceres","robots":{"index":"index","follow":"follow","max-snippet":"max-snippet:-1","max-image-preview":"max-image-preview:large","max-video-preview":"max-video-preview:-1"},"canonical":"https:\/\/coria.org\/ayuntamiento\/index.php\/puebla-de-argeme\/","og_locale":"es_ES","og_type":"article","og_title":"Puebla de Argeme - Ayuntamiento de Coria","og_description":"Puebla de Argeme es un n\u00facleo ped\u00e1neo separado de poblaci\u00f3n, integrado y dependiente administrativamente del municipio de Coria sito en plena provincia de C\u00e1ceres","og_url":"https:\/\/coria.org\/ayuntamiento\/index.php\/puebla-de-argeme\/","og_site_name":"Ayuntamiento de Coria","article_publisher":"https:\/\/www.facebook.com\/Ayuntamiento.de.Coria","article_modified_time":"2024-08-16T12:58:01+00:00","og_image":[{"width":1024,"height":743,"url":"https:\/\/coria.org\/ayuntamiento\/wp-content\/uploads\/2024\/02\/puebla-aerea.jpg","type":"image\/jpeg"}],"twitter_card":"summary_large_image","twitter_site":"@Ayto_de_Coria","twitter_misc":{"Tiempo de lectura":"2 minutos"},"schema":{"@context":"https:\/\/schema.org","@graph":[{"@type":"WebPage","@id":"https:\/\/coria.org\/ayuntamiento\/index.php\/puebla-de-argeme\/","url":"https:\/\/coria.org\/ayuntamiento\/index.php\/puebla-de-argeme\/","name":"Puebla de Argeme - Ayuntamiento de Coria","isPartOf":{"@id":"https:\/\/coria.org\/ayuntamiento\/#website"},"primaryImageOfPage":{"@id":"https:\/\/coria.org\/ayuntamiento\/index.php\/puebla-de-argeme\/#primaryimage"},"image":{"@id":"https:\/\/coria.org\/ayuntamiento\/index.php\/puebla-de-argeme\/#primaryimage"},"thumbnailUrl":"https:\/\/coria.org\/ayuntamiento\/wp-content\/uploads\/2024\/02\/puebla-aerea.jpg","datePublished":"2020-03-14T10:54:06+00:00","dateModified":"2024-08-16T12:58:01+00:00","description":"Puebla de Argeme es un n\u00facleo ped\u00e1neo separado de poblaci\u00f3n, integrado y dependiente administrativamente del municipio de Coria sito en plena provincia de C\u00e1ceres","breadcrumb":{"@id":"https:\/\/coria.org\/ayuntamiento\/index.php\/puebla-de-argeme\/#breadcrumb"},"inLanguage":"es","potentialAction":[{"@type":"ReadAction","target":["https:\/\/coria.org\/ayuntamiento\/index.php\/puebla-de-argeme\/"]}]},{"@type":"ImageObject","inLanguage":"es","@id":"https:\/\/coria.org\/ayuntamiento\/index.php\/puebla-de-argeme\/#primaryimage","url":"https:\/\/coria.org\/ayuntamiento\/wp-content\/uploads\/2024\/02\/puebla-aerea.jpg","contentUrl":"https:\/\/coria.org\/ayuntamiento\/wp-content\/uploads\/2024\/02\/puebla-aerea.jpg","width":1024,"height":743},{"@type":"BreadcrumbList","@id":"https:\/\/coria.org\/ayuntamiento\/index.php\/puebla-de-argeme\/#breadcrumb","itemListElement":[{"@type":"ListItem","position":1,"name":"Inicio","item":"https:\/\/coria.org\/ayuntamiento\/"},{"@type":"ListItem","position":2,"name":"Puebla de Argeme"}]},{"@type":"WebSite","@id":"https:\/\/coria.org\/ayuntamiento\/#website","url":"https:\/\/coria.org\/ayuntamiento\/","name":"Ayuntamiento de Coria","description":"Web oficial del Ayuntamiento de Coria","publisher":{"@id":"https:\/\/coria.org\/ayuntamiento\/#organization"},"alternateName":"Web Oficial del Ayuntamiento de Coria","potentialAction":[{"@type":"SearchAction","target":{"@type":"EntryPoint","urlTemplate":"https:\/\/coria.org\/ayuntamiento\/?s={search_term_string}"},"query-input":{"@type":"PropertyValueSpecification","valueRequired":true,"valueName":"search_term_string"}}],"inLanguage":"es"},{"@type":"Organization","@id":"https:\/\/coria.org\/ayuntamiento\/#organization","name":"Ayuntamiento de Coria","alternateName":"Ayto de Coria","url":"https:\/\/coria.org\/ayuntamiento\/","logo":{"@type":"ImageObject","inLanguage":"es","@id":"https:\/\/coria.org\/ayuntamiento\/#\/schema\/logo\/image\/","url":"https:\/\/coria.org\/ayuntamiento\/wp-content\/uploads\/2020\/12\/escudo-ayuntamiento-coria.png","contentUrl":"https:\/\/coria.org\/ayuntamiento\/wp-content\/uploads\/2020\/12\/escudo-ayuntamiento-coria.png","width":511,"height":240,"caption":"Ayuntamiento de Coria"},"image":{"@id":"https:\/\/coria.org\/ayuntamiento\/#\/schema\/logo\/image\/"},"sameAs":["https:\/\/www.facebook.com\/Ayuntamiento.de.Coria","https:\/\/x.com\/Ayto_de_Coria","https:\/\/www.instagram.com\/coria.ayuntamiento\/","https:\/\/www.youtube.com\/user\/AYUNTAMIENTOCORIA"]}]}},"uagb_featured_image_src":{"full":["https:\/\/coria.org\/ayuntamiento\/wp-content\/uploads\/2024\/02\/puebla-aerea.jpg",1024,743,false],"thumbnail":["https:\/\/coria.org\/ayuntamiento\/wp-content\/uploads\/2024\/02\/puebla-aerea-150x150.jpg",150,150,true],"medium":["https:\/\/coria.org\/ayuntamiento\/wp-content\/uploads\/2024\/02\/puebla-aerea-300x218.jpg",300,218,true],"medium_large":["https:\/\/coria.org\/ayuntamiento\/wp-content\/uploads\/2024\/02\/puebla-aerea-768x557.jpg",768,557,true],"large":["https:\/\/coria.org\/ayuntamiento\/wp-content\/uploads\/2024\/02\/puebla-aerea.jpg",1024,743,false],"thumblist":["https:\/\/coria.org\/ayuntamiento\/wp-content\/uploads\/2024\/02\/puebla-aerea-300x300.jpg",300,300,true],"thumbrelated":["https:\/\/coria.org\/ayuntamiento\/wp-content\/uploads\/2024\/02\/puebla-aerea-500x500.jpg",500,500,true],"meccarouselthumb":["https:\/\/coria.org\/ayuntamiento\/wp-content\/uploads\/2024\/02\/puebla-aerea-474x324.jpg",474,324,true],"gridsquare":["https:\/\/coria.org\/ayuntamiento\/wp-content\/uploads\/2024\/02\/puebla-aerea-391x260.jpg",391,260,true],"tileview":["https:\/\/coria.org\/ayuntamiento\/wp-content\/uploads\/2024\/02\/puebla-aerea-300x400.jpg",300,400,true],"1536x1536":["https:\/\/coria.org\/ayuntamiento\/wp-content\/uploads\/2024\/02\/puebla-aerea.jpg",1024,743,false],"2048x2048":["https:\/\/coria.org\/ayuntamiento\/wp-content\/uploads\/2024\/02\/puebla-aerea.jpg",1024,743,false]},"uagb_author_info":{"display_name":"ayuntamiento","author_link":"https:\/\/coria.org\/ayuntamiento\/index.php\/author\/ayuntamiento\/"},"uagb_comment_info":0,"uagb_excerpt":"Puebla de Argeme es un n\u00facleo ped\u00e1neo separado de poblaci\u00f3n, integrado y dependiente administrativamente del municipio de Coria sito en plena provincia de C\u00e1ceres. Fue fundado en la d\u00e9cada de 1960 como poblado de colonizaci\u00f3n dentro del Plan de Regad\u00edo del Instituto Nacional de Colonizaci\u00f3n (IRYDA) de las vegas del r\u00edo Alag\u00f3n desarrollado durante el&hellip;","_links":{"self":[{"href":"https:\/\/coria.org\/ayuntamiento\/index.php\/wp-json\/wp\/v2\/pages\/611","targetHints":{"allow":["GET"]}}],"collection":[{"href":"https:\/\/coria.org\/ayuntamiento\/index.php\/wp-json\/wp\/v2\/pages"}],"about":[{"href":"https:\/\/coria.org\/ayuntamiento\/index.php\/wp-json\/wp\/v2\/types\/page"}],"author":[{"embeddable":true,"href":"https:\/\/coria.org\/ayuntamiento\/index.php\/wp-json\/wp\/v2\/users\/2"}],"replies":[{"embeddable":true,"href":"https:\/\/coria.org\/ayuntamiento\/index.php\/wp-json\/wp\/v2\/comments?post=611"}],"version-history":[{"count":0,"href":"https:\/\/coria.org\/ayuntamiento\/index.php\/wp-json\/wp\/v2\/pages\/611\/revisions"}],"wp:featuredmedia":[{"embeddable":true,"href":"https:\/\/coria.org\/ayuntamiento\/index.php\/wp-json\/wp\/v2\/media\/58130"}],"wp:attachment":[{"href":"https:\/\/coria.org\/ayuntamiento\/index.php\/wp-json\/wp\/v2\/media?parent=611"}],"curies":[{"name":"wp","href":"https:\/\/api.w.org\/{rel}","templated":true}]}}