{"id":66564,"date":"2026-04-29T10:55:32","date_gmt":"2026-04-29T08:55:32","guid":{"rendered":"https:\/\/coria.org\/ayuntamiento\/index.php\/eventos\/exposicion-del-concurso-de-carteles-de-las-fiestas-de-san-juan-2026\/"},"modified":"2026-04-29T10:59:49","modified_gmt":"2026-04-29T08:59:49","slug":"exposicion-del-concurso-de-carteles-de-las-fiestas-de-san-juan-2026","status":"publish","type":"mec-events","link":"https:\/\/coria.org\/ayuntamiento\/index.php\/eventos\/exposicion-del-concurso-de-carteles-de-las-fiestas-de-san-juan-2026\/","title":{"rendered":"Exposici\u00f3n del Concurso de Carteles de las Fiestas de San Juan 2026"},"content":{"rendered":"\n<p>El patio de cristal del Ayuntamiento de Coria acoge hasta el pr\u00f3ximo 15 de mayo, la exposici\u00f3n de carteles que han sido presentados en el Concurso de Carteles de las Fiestas de San Juan 2026.<\/p>\n\n\n\n<p>La exposici\u00f3n cuenta con 14 carteles, incluyendo tambi\u00e9n el cartel ganador cuyo t\u00edtulo es \u00abEcos de Fuego y Bronce\u201d, obra del cauriense Alejandro P\u00e9rez Yerpes.<\/p>\n\n\n\n<p>M\u00e1s informaci\u00f3n de las Fiestas de San Juan en: <a href=\"https:\/\/turismocoria.es\/sanjuan\">https:\/\/turismocoria.es\/sanjuan<\/a><\/p>\n\n\n\n<p><\/p>\n","protected":false},"excerpt":{"rendered":"<p>El patio de cristal del Ayuntamiento de Coria acoge hasta el pr\u00f3ximo 15 de mayo, la exposici\u00f3n de carteles que han sido presentados en el Concurso de Carteles de las Fiestas de San Juan 2026. La exposici\u00f3n cuenta con 14 carteles, incluyendo tambi\u00e9n el cartel ganador cuyo t\u00edtulo es \u00abEcos de Fuego y Bronce\u201d, obra [&hellip;]<\/p>\n","protected":false},"author":2,"featured_media":66563,"comment_status":"closed","ping_status":"closed","template":"evento","tags":[1129],"mec_category":[1612,1613],"class_list":["post-66564","mec-events","type-mec-events","status-publish","has-post-thumbnail","hentry","tag-san-juan","mec_category-destacado","mec_category-evento"],"yoast_head":"<!-- This site is optimized with the Yoast SEO plugin v27.5 - https:\/\/yoast.com\/product\/yoast-seo-wordpress\/ -->\n<title>Exposici\u00f3n del Concurso de Carteles de las Fiestas de San Juan 2026 - Ayuntamiento de Coria<\/title>\n<meta name=\"robots\" content=\"index, follow, max-snippet:-1, max-image-preview:large, max-video-preview:-1\" \/>\n<link rel=\"canonical\" href=\"https:\/\/coria.org\/ayuntamiento\/index.php\/eventos\/exposicion-del-concurso-de-carteles-de-las-fiestas-de-san-juan-2026\/\" \/>\n<meta property=\"og:locale\" content=\"es_ES\" \/>\n<meta property=\"og:type\" content=\"article\" \/>\n<meta property=\"og:title\" content=\"Exposici\u00f3n del Concurso de Carteles de las Fiestas de San Juan 2026\" \/>\n<meta property=\"og:description\" content=\"El patio de cristal del Ayuntamiento de Coria acoge hasta el pr\u00f3ximo 15 de mayo, la exposici\u00f3n de carteles que han sido presentados en el Concurso de Carteles de las Fiestas de San Juan 2026.\" \/>\n<meta property=\"og:url\" content=\"https:\/\/coria.org\/ayuntamiento\/index.php\/eventos\/exposicion-del-concurso-de-carteles-de-las-fiestas-de-san-juan-2026\/\" \/>\n<meta property=\"og:site_name\" content=\"Ayuntamiento de Coria\" \/>\n<meta property=\"article:publisher\" content=\"https:\/\/www.facebook.com\/Ayuntamiento.de.Coria\" \/>\n<meta property=\"article:modified_time\" content=\"2026-04-29T08:59:49+00:00\" \/>\n<meta property=\"og:image\" content=\"https:\/\/coria.org\/ayuntamiento\/wp-content\/uploads\/2026\/04\/expo-sj-2026.webp\" \/>\n\t<meta property=\"og:image:width\" content=\"1920\" \/>\n\t<meta property=\"og:image:height\" content=\"864\" \/>\n\t<meta property=\"og:image:type\" content=\"image\/webp\" \/>\n<meta name=\"twitter:card\" content=\"summary_large_image\" \/>\n<meta name=\"twitter:title\" content=\"Exposici\u00f3n del Concurso de Carteles de las Fiestas de San Juan 2026\" \/>\n<meta name=\"twitter:description\" content=\"El patio de cristal del Ayuntamiento de Coria acoge hasta el pr\u00f3ximo 15 de mayo, la exposici\u00f3n de carteles que han sido presentados en el Concurso de Carteles de las Fiestas de San Juan 2026.\" \/>\n<meta name=\"twitter:image\" content=\"https:\/\/coria.org\/ayuntamiento\/wp-content\/uploads\/2026\/04\/expo-sj-2026.webp\" \/>\n<meta name=\"twitter:site\" content=\"@Ayto_de_Coria\" \/>\n<meta name=\"twitter:label1\" content=\"Tiempo de lectura\" \/>\n\t<meta name=\"twitter:data1\" content=\"1 minuto\" \/>\n<script type=\"application\/ld+json\" class=\"yoast-schema-graph\">{\"@context\":\"https:\\\/\\\/schema.org\",\"@graph\":[{\"@type\":\"WebPage\",\"@id\":\"https:\\\/\\\/coria.org\\\/ayuntamiento\\\/index.php\\\/eventos\\\/exposicion-del-concurso-de-carteles-de-las-fiestas-de-san-juan-2026\\\/\",\"url\":\"https:\\\/\\\/coria.org\\\/ayuntamiento\\\/index.php\\\/eventos\\\/exposicion-del-concurso-de-carteles-de-las-fiestas-de-san-juan-2026\\\/\",\"name\":\"Exposici\u00f3n del Concurso de Carteles de las Fiestas de San Juan 2026 - Ayuntamiento de Coria\",\"isPartOf\":{\"@id\":\"https:\\\/\\\/coria.org\\\/ayuntamiento\\\/#website\"},\"primaryImageOfPage\":{\"@id\":\"https:\\\/\\\/coria.org\\\/ayuntamiento\\\/index.php\\\/eventos\\\/exposicion-del-concurso-de-carteles-de-las-fiestas-de-san-juan-2026\\\/#primaryimage\"},\"image\":{\"@id\":\"https:\\\/\\\/coria.org\\\/ayuntamiento\\\/index.php\\\/eventos\\\/exposicion-del-concurso-de-carteles-de-las-fiestas-de-san-juan-2026\\\/#primaryimage\"},\"thumbnailUrl\":\"https:\\\/\\\/coria.org\\\/ayuntamiento\\\/wp-content\\\/uploads\\\/2026\\\/04\\\/expo-sj-2026.webp\",\"datePublished\":\"2026-04-29T08:55:32+00:00\",\"dateModified\":\"2026-04-29T08:59:49+00:00\",\"breadcrumb\":{\"@id\":\"https:\\\/\\\/coria.org\\\/ayuntamiento\\\/index.php\\\/eventos\\\/exposicion-del-concurso-de-carteles-de-las-fiestas-de-san-juan-2026\\\/#breadcrumb\"},\"inLanguage\":\"es\",\"potentialAction\":[{\"@type\":\"ReadAction\",\"target\":[\"https:\\\/\\\/coria.org\\\/ayuntamiento\\\/index.php\\\/eventos\\\/exposicion-del-concurso-de-carteles-de-las-fiestas-de-san-juan-2026\\\/\"]}]},{\"@type\":\"ImageObject\",\"inLanguage\":\"es\",\"@id\":\"https:\\\/\\\/coria.org\\\/ayuntamiento\\\/index.php\\\/eventos\\\/exposicion-del-concurso-de-carteles-de-las-fiestas-de-san-juan-2026\\\/#primaryimage\",\"url\":\"https:\\\/\\\/coria.org\\\/ayuntamiento\\\/wp-content\\\/uploads\\\/2026\\\/04\\\/expo-sj-2026.webp\",\"contentUrl\":\"https:\\\/\\\/coria.org\\\/ayuntamiento\\\/wp-content\\\/uploads\\\/2026\\\/04\\\/expo-sj-2026.webp\",\"width\":1920,\"height\":864},{\"@type\":\"BreadcrumbList\",\"@id\":\"https:\\\/\\\/coria.org\\\/ayuntamiento\\\/index.php\\\/eventos\\\/exposicion-del-concurso-de-carteles-de-las-fiestas-de-san-juan-2026\\\/#breadcrumb\",\"itemListElement\":[{\"@type\":\"ListItem\",\"position\":1,\"name\":\"Inicio\",\"item\":\"https:\\\/\\\/coria.org\\\/ayuntamiento\\\/\"},{\"@type\":\"ListItem\",\"position\":2,\"name\":\"Eventos\",\"item\":\"https:\\\/\\\/coria.org\\\/ayuntamiento\\\/index.php\\\/eventos\\\/\"},{\"@type\":\"ListItem\",\"position\":3,\"name\":\"Exposici\u00f3n del Concurso de Carteles de las Fiestas de San Juan 2026\"}]},{\"@type\":\"WebSite\",\"@id\":\"https:\\\/\\\/coria.org\\\/ayuntamiento\\\/#website\",\"url\":\"https:\\\/\\\/coria.org\\\/ayuntamiento\\\/\",\"name\":\"Ayuntamiento de Coria\",\"description\":\"Web oficial del Ayuntamiento de Coria\",\"publisher\":{\"@id\":\"https:\\\/\\\/coria.org\\\/ayuntamiento\\\/#organization\"},\"alternateName\":\"Web Oficial del Ayuntamiento de Coria\",\"potentialAction\":[{\"@type\":\"SearchAction\",\"target\":{\"@type\":\"EntryPoint\",\"urlTemplate\":\"https:\\\/\\\/coria.org\\\/ayuntamiento\\\/?s={search_term_string}\"},\"query-input\":{\"@type\":\"PropertyValueSpecification\",\"valueRequired\":true,\"valueName\":\"search_term_string\"}}],\"inLanguage\":\"es\"},{\"@type\":\"Organization\",\"@id\":\"https:\\\/\\\/coria.org\\\/ayuntamiento\\\/#organization\",\"name\":\"Ayuntamiento de Coria\",\"alternateName\":\"Ayto de Coria\",\"url\":\"https:\\\/\\\/coria.org\\\/ayuntamiento\\\/\",\"logo\":{\"@type\":\"ImageObject\",\"inLanguage\":\"es\",\"@id\":\"https:\\\/\\\/coria.org\\\/ayuntamiento\\\/#\\\/schema\\\/logo\\\/image\\\/\",\"url\":\"https:\\\/\\\/coria.org\\\/ayuntamiento\\\/wp-content\\\/uploads\\\/2020\\\/12\\\/escudo-ayuntamiento-coria.png\",\"contentUrl\":\"https:\\\/\\\/coria.org\\\/ayuntamiento\\\/wp-content\\\/uploads\\\/2020\\\/12\\\/escudo-ayuntamiento-coria.png\",\"width\":511,\"height\":240,\"caption\":\"Ayuntamiento de Coria\"},\"image\":{\"@id\":\"https:\\\/\\\/coria.org\\\/ayuntamiento\\\/#\\\/schema\\\/logo\\\/image\\\/\"},\"sameAs\":[\"https:\\\/\\\/www.facebook.com\\\/Ayuntamiento.de.Coria\",\"https:\\\/\\\/x.com\\\/Ayto_de_Coria\",\"https:\\\/\\\/www.instagram.com\\\/coria.ayuntamiento\\\/\",\"https:\\\/\\\/www.youtube.com\\\/user\\\/AYUNTAMIENTOCORIA\"]}]}<\/script>\n<!-- \/ Yoast SEO plugin. -->","yoast_head_json":{"title":"Exposici\u00f3n del Concurso de Carteles de las Fiestas de San Juan 2026 - Ayuntamiento de Coria","robots":{"index":"index","follow":"follow","max-snippet":"max-snippet:-1","max-image-preview":"max-image-preview:large","max-video-preview":"max-video-preview:-1"},"canonical":"https:\/\/coria.org\/ayuntamiento\/index.php\/eventos\/exposicion-del-concurso-de-carteles-de-las-fiestas-de-san-juan-2026\/","og_locale":"es_ES","og_type":"article","og_title":"Exposici\u00f3n del Concurso de Carteles de las Fiestas de San Juan 2026","og_description":"El patio de cristal del Ayuntamiento de Coria acoge hasta el pr\u00f3ximo 15 de mayo, la exposici\u00f3n de carteles que han sido presentados en el Concurso de Carteles de las Fiestas de San Juan 2026.","og_url":"https:\/\/coria.org\/ayuntamiento\/index.php\/eventos\/exposicion-del-concurso-de-carteles-de-las-fiestas-de-san-juan-2026\/","og_site_name":"Ayuntamiento de Coria","article_publisher":"https:\/\/www.facebook.com\/Ayuntamiento.de.Coria","article_modified_time":"2026-04-29T08:59:49+00:00","og_image":[{"width":1920,"height":864,"url":"https:\/\/coria.org\/ayuntamiento\/wp-content\/uploads\/2026\/04\/expo-sj-2026.webp","type":"image\/webp"}],"twitter_card":"summary_large_image","twitter_title":"Exposici\u00f3n del Concurso de Carteles de las Fiestas de San Juan 2026","twitter_description":"El patio de cristal del Ayuntamiento de Coria acoge hasta el pr\u00f3ximo 15 de mayo, la exposici\u00f3n de carteles que han sido presentados en el Concurso de Carteles de las Fiestas de San Juan 2026.","twitter_image":"https:\/\/coria.org\/ayuntamiento\/wp-content\/uploads\/2026\/04\/expo-sj-2026.webp","twitter_site":"@Ayto_de_Coria","twitter_misc":{"Tiempo de lectura":"1 minuto"},"schema":{"@context":"https:\/\/schema.org","@graph":[{"@type":"WebPage","@id":"https:\/\/coria.org\/ayuntamiento\/index.php\/eventos\/exposicion-del-concurso-de-carteles-de-las-fiestas-de-san-juan-2026\/","url":"https:\/\/coria.org\/ayuntamiento\/index.php\/eventos\/exposicion-del-concurso-de-carteles-de-las-fiestas-de-san-juan-2026\/","name":"Exposici\u00f3n del Concurso de Carteles de las Fiestas de San Juan 2026 - Ayuntamiento de Coria","isPartOf":{"@id":"https:\/\/coria.org\/ayuntamiento\/#website"},"primaryImageOfPage":{"@id":"https:\/\/coria.org\/ayuntamiento\/index.php\/eventos\/exposicion-del-concurso-de-carteles-de-las-fiestas-de-san-juan-2026\/#primaryimage"},"image":{"@id":"https:\/\/coria.org\/ayuntamiento\/index.php\/eventos\/exposicion-del-concurso-de-carteles-de-las-fiestas-de-san-juan-2026\/#primaryimage"},"thumbnailUrl":"https:\/\/coria.org\/ayuntamiento\/wp-content\/uploads\/2026\/04\/expo-sj-2026.webp","datePublished":"2026-04-29T08:55:32+00:00","dateModified":"2026-04-29T08:59:49+00:00","breadcrumb":{"@id":"https:\/\/coria.org\/ayuntamiento\/index.php\/eventos\/exposicion-del-concurso-de-carteles-de-las-fiestas-de-san-juan-2026\/#breadcrumb"},"inLanguage":"es","potentialAction":[{"@type":"ReadAction","target":["https:\/\/coria.org\/ayuntamiento\/index.php\/eventos\/exposicion-del-concurso-de-carteles-de-las-fiestas-de-san-juan-2026\/"]}]},{"@type":"ImageObject","inLanguage":"es","@id":"https:\/\/coria.org\/ayuntamiento\/index.php\/eventos\/exposicion-del-concurso-de-carteles-de-las-fiestas-de-san-juan-2026\/#primaryimage","url":"https:\/\/coria.org\/ayuntamiento\/wp-content\/uploads\/2026\/04\/expo-sj-2026.webp","contentUrl":"https:\/\/coria.org\/ayuntamiento\/wp-content\/uploads\/2026\/04\/expo-sj-2026.webp","width":1920,"height":864},{"@type":"BreadcrumbList","@id":"https:\/\/coria.org\/ayuntamiento\/index.php\/eventos\/exposicion-del-concurso-de-carteles-de-las-fiestas-de-san-juan-2026\/#breadcrumb","itemListElement":[{"@type":"ListItem","position":1,"name":"Inicio","item":"https:\/\/coria.org\/ayuntamiento\/"},{"@type":"ListItem","position":2,"name":"Eventos","item":"https:\/\/coria.org\/ayuntamiento\/index.php\/eventos\/"},{"@type":"ListItem","position":3,"name":"Exposici\u00f3n del Concurso de Carteles de las Fiestas de San Juan 2026"}]},{"@type":"WebSite","@id":"https:\/\/coria.org\/ayuntamiento\/#website","url":"https:\/\/coria.org\/ayuntamiento\/","name":"Ayuntamiento de Coria","description":"Web oficial del Ayuntamiento de Coria","publisher":{"@id":"https:\/\/coria.org\/ayuntamiento\/#organization"},"alternateName":"Web Oficial del Ayuntamiento de Coria","potentialAction":[{"@type":"SearchAction","target":{"@type":"EntryPoint","urlTemplate":"https:\/\/coria.org\/ayuntamiento\/?s={search_term_string}"},"query-input":{"@type":"PropertyValueSpecification","valueRequired":true,"valueName":"search_term_string"}}],"inLanguage":"es"},{"@type":"Organization","@id":"https:\/\/coria.org\/ayuntamiento\/#organization","name":"Ayuntamiento de Coria","alternateName":"Ayto de Coria","url":"https:\/\/coria.org\/ayuntamiento\/","logo":{"@type":"ImageObject","inLanguage":"es","@id":"https:\/\/coria.org\/ayuntamiento\/#\/schema\/logo\/image\/","url":"https:\/\/coria.org\/ayuntamiento\/wp-content\/uploads\/2020\/12\/escudo-ayuntamiento-coria.png","contentUrl":"https:\/\/coria.org\/ayuntamiento\/wp-content\/uploads\/2020\/12\/escudo-ayuntamiento-coria.png","width":511,"height":240,"caption":"Ayuntamiento de Coria"},"image":{"@id":"https:\/\/coria.org\/ayuntamiento\/#\/schema\/logo\/image\/"},"sameAs":["https:\/\/www.facebook.com\/Ayuntamiento.de.Coria","https:\/\/x.com\/Ayto_de_Coria","https:\/\/www.instagram.com\/coria.ayuntamiento\/","https:\/\/www.youtube.com\/user\/AYUNTAMIENTOCORIA"]}]}},"uagb_featured_image_src":{"full":["https:\/\/coria.org\/ayuntamiento\/wp-content\/uploads\/2026\/04\/expo-sj-2026.webp",1920,864,false],"thumbnail":["https:\/\/coria.org\/ayuntamiento\/wp-content\/uploads\/2026\/04\/expo-sj-2026-150x150.webp",150,150,true],"medium":["https:\/\/coria.org\/ayuntamiento\/wp-content\/uploads\/2026\/04\/expo-sj-2026.webp",1920,864,false],"medium_large":["https:\/\/coria.org\/ayuntamiento\/wp-content\/uploads\/2026\/04\/expo-sj-2026-768x346.webp",768,346,true],"large":["https:\/\/coria.org\/ayuntamiento\/wp-content\/uploads\/2026\/04\/expo-sj-2026.webp",1920,864,false],"thumblist":["https:\/\/coria.org\/ayuntamiento\/wp-content\/uploads\/2026\/04\/expo-sj-2026-300x300.webp",300,300,true],"thumbrelated":["https:\/\/coria.org\/ayuntamiento\/wp-content\/uploads\/2026\/04\/expo-sj-2026-500x500.webp",500,500,true],"meccarouselthumb":["https:\/\/coria.org\/ayuntamiento\/wp-content\/uploads\/2026\/04\/expo-sj-2026-474x324.webp",474,324,true],"gridsquare":["https:\/\/coria.org\/ayuntamiento\/wp-content\/uploads\/2026\/04\/expo-sj-2026-391x260.webp",391,260,true],"tileview":["https:\/\/coria.org\/ayuntamiento\/wp-content\/uploads\/2026\/04\/expo-sj-2026-300x400.webp",300,400,true],"1536x1536":["https:\/\/coria.org\/ayuntamiento\/wp-content\/uploads\/2026\/04\/expo-sj-2026-1536x691.webp",1536,691,true],"2048x2048":["https:\/\/coria.org\/ayuntamiento\/wp-content\/uploads\/2026\/04\/expo-sj-2026.webp",1920,864,false]},"uagb_author_info":{"display_name":"ayuntamiento","author_link":"https:\/\/coria.org\/ayuntamiento\/index.php\/author\/ayuntamiento\/"},"uagb_comment_info":0,"uagb_excerpt":"El patio de cristal del Ayuntamiento de Coria acoge hasta el pr\u00f3ximo 15 de mayo, la exposici\u00f3n de carteles que han sido presentados en el Concurso de Carteles de las Fiestas de San Juan 2026. La exposici\u00f3n cuenta con 14 carteles, incluyendo tambi\u00e9n el cartel ganador cuyo t\u00edtulo es \u00abEcos de Fuego y Bronce\u201d, obra&hellip;","_links":{"self":[{"href":"https:\/\/coria.org\/ayuntamiento\/index.php\/wp-json\/wp\/v2\/mec-events\/66564","targetHints":{"allow":["GET"]}}],"collection":[{"href":"https:\/\/coria.org\/ayuntamiento\/index.php\/wp-json\/wp\/v2\/mec-events"}],"about":[{"href":"https:\/\/coria.org\/ayuntamiento\/index.php\/wp-json\/wp\/v2\/types\/mec-events"}],"author":[{"embeddable":true,"href":"https:\/\/coria.org\/ayuntamiento\/index.php\/wp-json\/wp\/v2\/users\/2"}],"replies":[{"embeddable":true,"href":"https:\/\/coria.org\/ayuntamiento\/index.php\/wp-json\/wp\/v2\/comments?post=66564"}],"wp:featuredmedia":[{"embeddable":true,"href":"https:\/\/coria.org\/ayuntamiento\/index.php\/wp-json\/wp\/v2\/media\/66563"}],"wp:attachment":[{"href":"https:\/\/coria.org\/ayuntamiento\/index.php\/wp-json\/wp\/v2\/media?parent=66564"}],"wp:term":[{"taxonomy":"post_tag","embeddable":true,"href":"https:\/\/coria.org\/ayuntamiento\/index.php\/wp-json\/wp\/v2\/tags?post=66564"},{"taxonomy":"mec_category","embeddable":true,"href":"https:\/\/coria.org\/ayuntamiento\/index.php\/wp-json\/wp\/v2\/mec_category?post=66564"}],"curies":[{"name":"wp","href":"https:\/\/api.w.org\/{rel}","templated":true}]}}