{"id":66037,"date":"2026-02-04T13:40:09","date_gmt":"2026-02-04T12:40:09","guid":{"rendered":"https:\/\/coria.org\/ayuntamiento\/index.php\/eventos\/dia-mundial-contra-el-cancer-2026\/"},"modified":"2026-02-04T13:43:38","modified_gmt":"2026-02-04T12:43:38","slug":"dia-mundial-contra-el-cancer-2026","status":"publish","type":"mec-events","link":"https:\/\/coria.org\/ayuntamiento\/index.php\/eventos\/dia-mundial-contra-el-cancer-2026\/","title":{"rendered":"D\u00eda Mundial Contra el C\u00e1ncer 2026"},"content":{"rendered":"\n<p>Con motivo del <strong>D\u00eda Mundial Contra el C\u00e1ncer, que se conmemora hoy 4 de febrero<\/strong>, la <strong>Asociaci\u00f3n Oncol\u00f3gica Extreme\u00f1a (AOEX)<\/strong>, ha programado una serie de actividades informativas y solidarias que se desarrollar\u00e1n a lo largo de toda la semana en distintos puntos del municipio y del \u00c1rea de Salud de Coria.<\/p>\n\n\n\n<p>El objetivo de estas acciones es <strong>visibilizar la realidad de las personas que atraviesan un proceso oncol\u00f3gico<\/strong>, sensibilizar a la poblaci\u00f3n y mostrar el apoyo y la solidaridad de la ciudadan\u00eda con pacientes y familiares.<\/p>\n\n\n\n<p>Las actividades arrancaron el <strong>domingo, 1 de febrero<\/strong>, acompa\u00f1ando al <strong>CD Coria<\/strong> en su partido, donde se repartieron <strong>lazos morados solidarios<\/strong> como s\u00edmbolo de apoyo a todas las personas afectadas por el c\u00e1ncer.<\/p>\n\n\n\n<p>Durante la semana se instalar\u00e1n <strong>mesas informativas<\/strong> en distintos espacios p\u00fablicos y sanitarios donde se ofrecer\u00e1 informaci\u00f3n sobre la labor de AOEX y se continuar\u00e1 con el reparto de lazos solidarios:<\/p>\n\n\n\n<ul class=\"wp-block-list\">\n<li><strong>Martes, 3 de febrero<\/strong>: Centro de Salud de Coria, de 10:00 a 12:30 horas.<\/li>\n\n\n\n<li><strong>Mi\u00e9rcoles, 4 de febrero<\/strong>: Hall del Hospital Ciudad de Coria, de 10:00 a 13:00 horas.<\/li>\n\n\n\n<li><strong>Jueves, 5 de febrero<\/strong>: Mercadillo semanal, de 10:00 a 13:00 horas.<\/li>\n\n\n\n<li><strong>Viernes, 6 de febrero<\/strong>: Centro de Salud de Moraleja, de 9:30 a 12:30 horas.<\/li>\n<\/ul>\n\n\n\n<p>Adem\u00e1s, a lo largo de la semana, AOEX instalar\u00e1 mesas informativas en distintos centros de salud y consultorios m\u00e9dicos del <strong>\u00c1rea de Salud de Coria<\/strong>, donde presta atenci\u00f3n psicol\u00f3gica, como <strong>Ceclav\u00edn, Zarza la Mayor, Hoyos y Puebla de Argeme<\/strong>, entre otros.<\/p>\n\n\n\n<p>El grupo de voluntarios local creado recientemente de la Asociaci\u00f3n Espa\u00f1ola Contra el C\u00e1ncer, AECC, tambi\u00e9n han querido sumarse a este d\u00eda con varias alternativas.<\/p>\n\n\n\n<p>Llevar\u00e1n a cabo una iniciativa solidaria, del 6 al 15 de febrero, los dos supermercados DIA de la localidad participar\u00e1n en la campa\u00f1a \u201cLa compra de tu vida\u201d, mediante la cual los clientes podr\u00e1n \u201credondear\u201d el importe de su compra en caja para realizar una donaci\u00f3n solidaria a la AECC.<\/p>\n\n\n\n<p>El d\u00eda 12 de febrero se celebrar\u00e1 un Congreso de la AECC en C\u00e1ceres, al que asistir\u00e1 como invitada la Alcaldesa de la ciudad y miembros del voluntariado de Coria.<\/p>\n\n\n\n<p>Adem\u00e1s, hoy mi\u00e9rcoles se realizar\u00e1 la iluminaci\u00f3n de monumentos de la ciudad en color verde, se colocar\u00e1 una pancarta en el balc\u00f3n del Ayuntamiento por parte de y se repartir\u00e1n pulseras solidarias en el Centro de Salud y en el Hospital \u201cCiudad de Coria\u201d, a cargo de los voluntarios.<\/p>\n\n\n\n<p>Desde el Ayuntamiento de Coria se anima a toda la ciudadan\u00eda a participar en estas actividades, acercarse a las mesas informativas y <strong>sumarse a este gesto de apoyo y concienciaci\u00f3n<\/strong> en una fecha tan se\u00f1alada.<\/p>\n","protected":false},"excerpt":{"rendered":"<p>Con motivo del D\u00eda Mundial Contra el C\u00e1ncer, que se conmemora hoy 4 de febrero, la Asociaci\u00f3n Oncol\u00f3gica Extreme\u00f1a (AOEX), ha programado una serie de actividades informativas y solidarias que se desarrollar\u00e1n a lo largo de toda la semana en distintos puntos del municipio y del \u00c1rea de Salud de Coria. El objetivo de estas [&hellip;]<\/p>\n","protected":false},"author":3,"featured_media":66034,"comment_status":"closed","ping_status":"closed","template":"evento","tags":[115,241],"mec_category":[1612,1613],"class_list":["post-66037","mec-events","type-mec-events","status-publish","has-post-thumbnail","hentry","tag-aoex","tag-cancer","mec_category-destacado","mec_category-evento"],"yoast_head":"<!-- This site is optimized with the Yoast SEO plugin v27.5 - https:\/\/yoast.com\/product\/yoast-seo-wordpress\/ -->\n<title>D\u00eda Mundial Contra el C\u00e1ncer 2026 - Ayuntamiento de Coria<\/title>\n<meta name=\"description\" content=\"Con motivo del D\u00eda Mundial Contra el C\u00e1ncer, que se conmemora hoy 4 de febrero, la Asociaci\u00f3n Oncol\u00f3gica Extreme\u00f1a (AOEX), ha programado una serie de actividades informativas y solidarias que se desarrollar\u00e1n a lo largo de toda la semana en distintos puntos del municipio y del \u00c1rea de Salud de Coria.\" \/>\n<meta name=\"robots\" content=\"index, follow, max-snippet:-1, max-image-preview:large, max-video-preview:-1\" \/>\n<link rel=\"canonical\" href=\"https:\/\/coria.org\/ayuntamiento\/index.php\/eventos\/dia-mundial-contra-el-cancer-2026\/\" \/>\n<meta property=\"og:locale\" content=\"es_ES\" \/>\n<meta property=\"og:type\" content=\"article\" \/>\n<meta property=\"og:title\" content=\"D\u00eda Mundial Contra el C\u00e1ncer 2026\" \/>\n<meta property=\"og:description\" content=\"Con motivo del D\u00eda Mundial Contra el C\u00e1ncer, que se conmemora hoy 4 de febrero, la Asociaci\u00f3n Oncol\u00f3gica Extreme\u00f1a (AOEX), ha programado una serie de actividades informativas y solidarias que se desarrollar\u00e1n a lo largo de toda la semana en distintos puntos del municipio y del \u00c1rea de Salud de Coria.\" \/>\n<meta property=\"og:url\" content=\"https:\/\/coria.org\/ayuntamiento\/index.php\/eventos\/dia-mundial-contra-el-cancer-2026\/\" \/>\n<meta property=\"og:site_name\" content=\"Ayuntamiento de Coria\" \/>\n<meta property=\"article:publisher\" content=\"https:\/\/www.facebook.com\/Ayuntamiento.de.Coria\" \/>\n<meta property=\"article:modified_time\" content=\"2026-02-04T12:43:38+00:00\" \/>\n<meta property=\"og:image\" content=\"https:\/\/coria.org\/ayuntamiento\/wp-content\/uploads\/2026\/02\/dia-cancer-coria-26.webp\" \/>\n\t<meta property=\"og:image:width\" content=\"1080\" \/>\n\t<meta property=\"og:image:height\" content=\"1065\" \/>\n\t<meta property=\"og:image:type\" content=\"image\/webp\" \/>\n<meta name=\"twitter:card\" content=\"summary_large_image\" \/>\n<meta name=\"twitter:title\" content=\"D\u00eda Mundial Contra el C\u00e1ncer 2026\" \/>\n<meta name=\"twitter:description\" content=\"Con motivo del D\u00eda Mundial Contra el C\u00e1ncer, que se conmemora hoy 4 de febrero, la Asociaci\u00f3n Oncol\u00f3gica Extreme\u00f1a (AOEX), ha programado una serie de actividades informativas y solidarias que se desarrollar\u00e1n a lo largo de toda la semana en distintos puntos del municipio y del \u00c1rea de Salud de Coria.\" \/>\n<meta name=\"twitter:image\" content=\"https:\/\/coria.org\/ayuntamiento\/wp-content\/uploads\/2026\/02\/dia-cancer-coria-26.webp\" \/>\n<meta name=\"twitter:site\" content=\"@Ayto_de_Coria\" \/>\n<meta name=\"twitter:label1\" content=\"Tiempo de lectura\" \/>\n\t<meta name=\"twitter:data1\" content=\"3 minutos\" \/>\n<script type=\"application\/ld+json\" class=\"yoast-schema-graph\">{\"@context\":\"https:\\\/\\\/schema.org\",\"@graph\":[{\"@type\":\"WebPage\",\"@id\":\"https:\\\/\\\/coria.org\\\/ayuntamiento\\\/index.php\\\/eventos\\\/dia-mundial-contra-el-cancer-2026\\\/\",\"url\":\"https:\\\/\\\/coria.org\\\/ayuntamiento\\\/index.php\\\/eventos\\\/dia-mundial-contra-el-cancer-2026\\\/\",\"name\":\"D\u00eda Mundial Contra el C\u00e1ncer 2026 - Ayuntamiento de Coria\",\"isPartOf\":{\"@id\":\"https:\\\/\\\/coria.org\\\/ayuntamiento\\\/#website\"},\"primaryImageOfPage\":{\"@id\":\"https:\\\/\\\/coria.org\\\/ayuntamiento\\\/index.php\\\/eventos\\\/dia-mundial-contra-el-cancer-2026\\\/#primaryimage\"},\"image\":{\"@id\":\"https:\\\/\\\/coria.org\\\/ayuntamiento\\\/index.php\\\/eventos\\\/dia-mundial-contra-el-cancer-2026\\\/#primaryimage\"},\"thumbnailUrl\":\"https:\\\/\\\/coria.org\\\/ayuntamiento\\\/wp-content\\\/uploads\\\/2026\\\/02\\\/dia-cancer-coria-26.webp\",\"datePublished\":\"2026-02-04T12:40:09+00:00\",\"dateModified\":\"2026-02-04T12:43:38+00:00\",\"description\":\"Con motivo del D\u00eda Mundial Contra el C\u00e1ncer, que se conmemora hoy 4 de febrero, la Asociaci\u00f3n Oncol\u00f3gica Extreme\u00f1a (AOEX), ha programado una serie de actividades informativas y solidarias que se desarrollar\u00e1n a lo largo de toda la semana en distintos puntos del municipio y del \u00c1rea de Salud de Coria.\",\"breadcrumb\":{\"@id\":\"https:\\\/\\\/coria.org\\\/ayuntamiento\\\/index.php\\\/eventos\\\/dia-mundial-contra-el-cancer-2026\\\/#breadcrumb\"},\"inLanguage\":\"es\",\"potentialAction\":[{\"@type\":\"ReadAction\",\"target\":[\"https:\\\/\\\/coria.org\\\/ayuntamiento\\\/index.php\\\/eventos\\\/dia-mundial-contra-el-cancer-2026\\\/\"]}]},{\"@type\":\"ImageObject\",\"inLanguage\":\"es\",\"@id\":\"https:\\\/\\\/coria.org\\\/ayuntamiento\\\/index.php\\\/eventos\\\/dia-mundial-contra-el-cancer-2026\\\/#primaryimage\",\"url\":\"https:\\\/\\\/coria.org\\\/ayuntamiento\\\/wp-content\\\/uploads\\\/2026\\\/02\\\/dia-cancer-coria-26.webp\",\"contentUrl\":\"https:\\\/\\\/coria.org\\\/ayuntamiento\\\/wp-content\\\/uploads\\\/2026\\\/02\\\/dia-cancer-coria-26.webp\",\"width\":1080,\"height\":1065},{\"@type\":\"BreadcrumbList\",\"@id\":\"https:\\\/\\\/coria.org\\\/ayuntamiento\\\/index.php\\\/eventos\\\/dia-mundial-contra-el-cancer-2026\\\/#breadcrumb\",\"itemListElement\":[{\"@type\":\"ListItem\",\"position\":1,\"name\":\"Inicio\",\"item\":\"https:\\\/\\\/coria.org\\\/ayuntamiento\\\/\"},{\"@type\":\"ListItem\",\"position\":2,\"name\":\"Eventos\",\"item\":\"https:\\\/\\\/coria.org\\\/ayuntamiento\\\/index.php\\\/eventos\\\/\"},{\"@type\":\"ListItem\",\"position\":3,\"name\":\"D\u00eda Mundial Contra el C\u00e1ncer 2026\"}]},{\"@type\":\"WebSite\",\"@id\":\"https:\\\/\\\/coria.org\\\/ayuntamiento\\\/#website\",\"url\":\"https:\\\/\\\/coria.org\\\/ayuntamiento\\\/\",\"name\":\"Ayuntamiento de Coria\",\"description\":\"Web oficial del Ayuntamiento de Coria\",\"publisher\":{\"@id\":\"https:\\\/\\\/coria.org\\\/ayuntamiento\\\/#organization\"},\"alternateName\":\"Web Oficial del Ayuntamiento de Coria\",\"potentialAction\":[{\"@type\":\"SearchAction\",\"target\":{\"@type\":\"EntryPoint\",\"urlTemplate\":\"https:\\\/\\\/coria.org\\\/ayuntamiento\\\/?s={search_term_string}\"},\"query-input\":{\"@type\":\"PropertyValueSpecification\",\"valueRequired\":true,\"valueName\":\"search_term_string\"}}],\"inLanguage\":\"es\"},{\"@type\":\"Organization\",\"@id\":\"https:\\\/\\\/coria.org\\\/ayuntamiento\\\/#organization\",\"name\":\"Ayuntamiento de Coria\",\"alternateName\":\"Ayto de Coria\",\"url\":\"https:\\\/\\\/coria.org\\\/ayuntamiento\\\/\",\"logo\":{\"@type\":\"ImageObject\",\"inLanguage\":\"es\",\"@id\":\"https:\\\/\\\/coria.org\\\/ayuntamiento\\\/#\\\/schema\\\/logo\\\/image\\\/\",\"url\":\"https:\\\/\\\/coria.org\\\/ayuntamiento\\\/wp-content\\\/uploads\\\/2020\\\/12\\\/escudo-ayuntamiento-coria.png\",\"contentUrl\":\"https:\\\/\\\/coria.org\\\/ayuntamiento\\\/wp-content\\\/uploads\\\/2020\\\/12\\\/escudo-ayuntamiento-coria.png\",\"width\":511,\"height\":240,\"caption\":\"Ayuntamiento de Coria\"},\"image\":{\"@id\":\"https:\\\/\\\/coria.org\\\/ayuntamiento\\\/#\\\/schema\\\/logo\\\/image\\\/\"},\"sameAs\":[\"https:\\\/\\\/www.facebook.com\\\/Ayuntamiento.de.Coria\",\"https:\\\/\\\/x.com\\\/Ayto_de_Coria\",\"https:\\\/\\\/www.instagram.com\\\/coria.ayuntamiento\\\/\",\"https:\\\/\\\/www.youtube.com\\\/user\\\/AYUNTAMIENTOCORIA\"]}]}<\/script>\n<!-- \/ Yoast SEO plugin. -->","yoast_head_json":{"title":"D\u00eda Mundial Contra el C\u00e1ncer 2026 - Ayuntamiento de Coria","description":"Con motivo del D\u00eda Mundial Contra el C\u00e1ncer, que se conmemora hoy 4 de febrero, la Asociaci\u00f3n Oncol\u00f3gica Extreme\u00f1a (AOEX), ha programado una serie de actividades informativas y solidarias que se desarrollar\u00e1n a lo largo de toda la semana en distintos puntos del municipio y del \u00c1rea de Salud de Coria.","robots":{"index":"index","follow":"follow","max-snippet":"max-snippet:-1","max-image-preview":"max-image-preview:large","max-video-preview":"max-video-preview:-1"},"canonical":"https:\/\/coria.org\/ayuntamiento\/index.php\/eventos\/dia-mundial-contra-el-cancer-2026\/","og_locale":"es_ES","og_type":"article","og_title":"D\u00eda Mundial Contra el C\u00e1ncer 2026","og_description":"Con motivo del D\u00eda Mundial Contra el C\u00e1ncer, que se conmemora hoy 4 de febrero, la Asociaci\u00f3n Oncol\u00f3gica Extreme\u00f1a (AOEX), ha programado una serie de actividades informativas y solidarias que se desarrollar\u00e1n a lo largo de toda la semana en distintos puntos del municipio y del \u00c1rea de Salud de Coria.","og_url":"https:\/\/coria.org\/ayuntamiento\/index.php\/eventos\/dia-mundial-contra-el-cancer-2026\/","og_site_name":"Ayuntamiento de Coria","article_publisher":"https:\/\/www.facebook.com\/Ayuntamiento.de.Coria","article_modified_time":"2026-02-04T12:43:38+00:00","og_image":[{"width":1080,"height":1065,"url":"https:\/\/coria.org\/ayuntamiento\/wp-content\/uploads\/2026\/02\/dia-cancer-coria-26.webp","type":"image\/webp"}],"twitter_card":"summary_large_image","twitter_title":"D\u00eda Mundial Contra el C\u00e1ncer 2026","twitter_description":"Con motivo del D\u00eda Mundial Contra el C\u00e1ncer, que se conmemora hoy 4 de febrero, la Asociaci\u00f3n Oncol\u00f3gica Extreme\u00f1a (AOEX), ha programado una serie de actividades informativas y solidarias que se desarrollar\u00e1n a lo largo de toda la semana en distintos puntos del municipio y del \u00c1rea de Salud de Coria.","twitter_image":"https:\/\/coria.org\/ayuntamiento\/wp-content\/uploads\/2026\/02\/dia-cancer-coria-26.webp","twitter_site":"@Ayto_de_Coria","twitter_misc":{"Tiempo de lectura":"3 minutos"},"schema":{"@context":"https:\/\/schema.org","@graph":[{"@type":"WebPage","@id":"https:\/\/coria.org\/ayuntamiento\/index.php\/eventos\/dia-mundial-contra-el-cancer-2026\/","url":"https:\/\/coria.org\/ayuntamiento\/index.php\/eventos\/dia-mundial-contra-el-cancer-2026\/","name":"D\u00eda Mundial Contra el C\u00e1ncer 2026 - Ayuntamiento de Coria","isPartOf":{"@id":"https:\/\/coria.org\/ayuntamiento\/#website"},"primaryImageOfPage":{"@id":"https:\/\/coria.org\/ayuntamiento\/index.php\/eventos\/dia-mundial-contra-el-cancer-2026\/#primaryimage"},"image":{"@id":"https:\/\/coria.org\/ayuntamiento\/index.php\/eventos\/dia-mundial-contra-el-cancer-2026\/#primaryimage"},"thumbnailUrl":"https:\/\/coria.org\/ayuntamiento\/wp-content\/uploads\/2026\/02\/dia-cancer-coria-26.webp","datePublished":"2026-02-04T12:40:09+00:00","dateModified":"2026-02-04T12:43:38+00:00","description":"Con motivo del D\u00eda Mundial Contra el C\u00e1ncer, que se conmemora hoy 4 de febrero, la Asociaci\u00f3n Oncol\u00f3gica Extreme\u00f1a (AOEX), ha programado una serie de actividades informativas y solidarias que se desarrollar\u00e1n a lo largo de toda la semana en distintos puntos del municipio y del \u00c1rea de Salud de Coria.","breadcrumb":{"@id":"https:\/\/coria.org\/ayuntamiento\/index.php\/eventos\/dia-mundial-contra-el-cancer-2026\/#breadcrumb"},"inLanguage":"es","potentialAction":[{"@type":"ReadAction","target":["https:\/\/coria.org\/ayuntamiento\/index.php\/eventos\/dia-mundial-contra-el-cancer-2026\/"]}]},{"@type":"ImageObject","inLanguage":"es","@id":"https:\/\/coria.org\/ayuntamiento\/index.php\/eventos\/dia-mundial-contra-el-cancer-2026\/#primaryimage","url":"https:\/\/coria.org\/ayuntamiento\/wp-content\/uploads\/2026\/02\/dia-cancer-coria-26.webp","contentUrl":"https:\/\/coria.org\/ayuntamiento\/wp-content\/uploads\/2026\/02\/dia-cancer-coria-26.webp","width":1080,"height":1065},{"@type":"BreadcrumbList","@id":"https:\/\/coria.org\/ayuntamiento\/index.php\/eventos\/dia-mundial-contra-el-cancer-2026\/#breadcrumb","itemListElement":[{"@type":"ListItem","position":1,"name":"Inicio","item":"https:\/\/coria.org\/ayuntamiento\/"},{"@type":"ListItem","position":2,"name":"Eventos","item":"https:\/\/coria.org\/ayuntamiento\/index.php\/eventos\/"},{"@type":"ListItem","position":3,"name":"D\u00eda Mundial Contra el C\u00e1ncer 2026"}]},{"@type":"WebSite","@id":"https:\/\/coria.org\/ayuntamiento\/#website","url":"https:\/\/coria.org\/ayuntamiento\/","name":"Ayuntamiento de Coria","description":"Web oficial del Ayuntamiento de Coria","publisher":{"@id":"https:\/\/coria.org\/ayuntamiento\/#organization"},"alternateName":"Web Oficial del Ayuntamiento de Coria","potentialAction":[{"@type":"SearchAction","target":{"@type":"EntryPoint","urlTemplate":"https:\/\/coria.org\/ayuntamiento\/?s={search_term_string}"},"query-input":{"@type":"PropertyValueSpecification","valueRequired":true,"valueName":"search_term_string"}}],"inLanguage":"es"},{"@type":"Organization","@id":"https:\/\/coria.org\/ayuntamiento\/#organization","name":"Ayuntamiento de Coria","alternateName":"Ayto de Coria","url":"https:\/\/coria.org\/ayuntamiento\/","logo":{"@type":"ImageObject","inLanguage":"es","@id":"https:\/\/coria.org\/ayuntamiento\/#\/schema\/logo\/image\/","url":"https:\/\/coria.org\/ayuntamiento\/wp-content\/uploads\/2020\/12\/escudo-ayuntamiento-coria.png","contentUrl":"https:\/\/coria.org\/ayuntamiento\/wp-content\/uploads\/2020\/12\/escudo-ayuntamiento-coria.png","width":511,"height":240,"caption":"Ayuntamiento de Coria"},"image":{"@id":"https:\/\/coria.org\/ayuntamiento\/#\/schema\/logo\/image\/"},"sameAs":["https:\/\/www.facebook.com\/Ayuntamiento.de.Coria","https:\/\/x.com\/Ayto_de_Coria","https:\/\/www.instagram.com\/coria.ayuntamiento\/","https:\/\/www.youtube.com\/user\/AYUNTAMIENTOCORIA"]}]}},"uagb_featured_image_src":{"full":["https:\/\/coria.org\/ayuntamiento\/wp-content\/uploads\/2026\/02\/dia-cancer-coria-26.webp",1080,1065,false],"thumbnail":["https:\/\/coria.org\/ayuntamiento\/wp-content\/uploads\/2026\/02\/dia-cancer-coria-26-150x150.webp",150,150,true],"medium":["https:\/\/coria.org\/ayuntamiento\/wp-content\/uploads\/2026\/02\/dia-cancer-coria-26.webp",1080,1065,false],"medium_large":["https:\/\/coria.org\/ayuntamiento\/wp-content\/uploads\/2026\/02\/dia-cancer-coria-26-768x757.webp",768,757,true],"large":["https:\/\/coria.org\/ayuntamiento\/wp-content\/uploads\/2026\/02\/dia-cancer-coria-26.webp",1080,1065,false],"thumblist":["https:\/\/coria.org\/ayuntamiento\/wp-content\/uploads\/2026\/02\/dia-cancer-coria-26-300x300.webp",300,300,true],"thumbrelated":["https:\/\/coria.org\/ayuntamiento\/wp-content\/uploads\/2026\/02\/dia-cancer-coria-26-500x500.webp",500,500,true],"meccarouselthumb":["https:\/\/coria.org\/ayuntamiento\/wp-content\/uploads\/2026\/02\/dia-cancer-coria-26-474x324.webp",474,324,true],"gridsquare":["https:\/\/coria.org\/ayuntamiento\/wp-content\/uploads\/2026\/02\/dia-cancer-coria-26-391x260.webp",391,260,true],"tileview":["https:\/\/coria.org\/ayuntamiento\/wp-content\/uploads\/2026\/02\/dia-cancer-coria-26-300x400.webp",300,400,true],"1536x1536":["https:\/\/coria.org\/ayuntamiento\/wp-content\/uploads\/2026\/02\/dia-cancer-coria-26.webp",1080,1065,false],"2048x2048":["https:\/\/coria.org\/ayuntamiento\/wp-content\/uploads\/2026\/02\/dia-cancer-coria-26.webp",1080,1065,false]},"uagb_author_info":{"display_name":"prensa@coria.org","author_link":"https:\/\/coria.org\/ayuntamiento\/index.php\/author\/prensacoria-org\/"},"uagb_comment_info":0,"uagb_excerpt":"Con motivo del D\u00eda Mundial Contra el C\u00e1ncer, que se conmemora hoy 4 de febrero, la Asociaci\u00f3n Oncol\u00f3gica Extreme\u00f1a (AOEX), ha programado una serie de actividades informativas y solidarias que se desarrollar\u00e1n a lo largo de toda la semana en distintos puntos del municipio y del \u00c1rea de Salud de Coria. El objetivo de estas&hellip;","_links":{"self":[{"href":"https:\/\/coria.org\/ayuntamiento\/index.php\/wp-json\/wp\/v2\/mec-events\/66037","targetHints":{"allow":["GET"]}}],"collection":[{"href":"https:\/\/coria.org\/ayuntamiento\/index.php\/wp-json\/wp\/v2\/mec-events"}],"about":[{"href":"https:\/\/coria.org\/ayuntamiento\/index.php\/wp-json\/wp\/v2\/types\/mec-events"}],"author":[{"embeddable":true,"href":"https:\/\/coria.org\/ayuntamiento\/index.php\/wp-json\/wp\/v2\/users\/3"}],"replies":[{"embeddable":true,"href":"https:\/\/coria.org\/ayuntamiento\/index.php\/wp-json\/wp\/v2\/comments?post=66037"}],"wp:featuredmedia":[{"embeddable":true,"href":"https:\/\/coria.org\/ayuntamiento\/index.php\/wp-json\/wp\/v2\/media\/66034"}],"wp:attachment":[{"href":"https:\/\/coria.org\/ayuntamiento\/index.php\/wp-json\/wp\/v2\/media?parent=66037"}],"wp:term":[{"taxonomy":"post_tag","embeddable":true,"href":"https:\/\/coria.org\/ayuntamiento\/index.php\/wp-json\/wp\/v2\/tags?post=66037"},{"taxonomy":"mec_category","embeddable":true,"href":"https:\/\/coria.org\/ayuntamiento\/index.php\/wp-json\/wp\/v2\/mec_category?post=66037"}],"curies":[{"name":"wp","href":"https:\/\/api.w.org\/{rel}","templated":true}]}}