{"id":66031,"date":"2026-02-04T08:42:31","date_gmt":"2026-02-04T07:42:31","guid":{"rendered":"https:\/\/coria.org\/ayuntamiento\/index.php\/eventos\/carnaval-ciudad-de-coria-2026\/"},"modified":"2026-02-14T10:43:03","modified_gmt":"2026-02-14T09:43:03","slug":"carnaval-ciudad-de-coria-2026","status":"publish","type":"mec-events","link":"https:\/\/coria.org\/ayuntamiento\/index.php\/eventos\/carnaval-ciudad-de-coria-2026\/","title":{"rendered":"Carnaval \u201cCiudad de Coria\u201d 2026"},"content":{"rendered":"\n<p>El programa en Coria arrancar\u00e1 el <strong>viernes 13 de febrero<\/strong> a las <strong>11:30 horas<\/strong> con el tradicional <strong>Desfile Intercentros \u201cCiudad de Coria\u201d<\/strong>, que partir\u00e1 desde la Avenida Alfonso VII hasta la Plaza de la Solidaridad. Al t\u00e9rmino del desfile, los m\u00e1s peque\u00f1os podr\u00e1n disfrutar de una <strong>Mini Disco<\/strong>. La jornada continuar\u00e1 por la noche con la actuaci\u00f3n musical <strong>\u201cDisco Play\u201d<\/strong> a las <strong>22:00 horas<\/strong> en la Carpa Municipal, y a partir de las <strong>00:00 horas<\/strong> la animaci\u00f3n correr\u00e1 a cargo de <strong>DJ Lobo<\/strong>, tambi\u00e9n en la Carpa Municipal, hasta las 5:00 horas.<\/p>\n\n\n\n<p>El <strong>s\u00e1bado 14 de febrero<\/strong>, a las <strong>18:00 horas<\/strong>, tendr\u00e1 lugar el gran <strong>Desfile de Carnaval<\/strong>, con salida desde la Avenida Extremadura (rotonda de la Bandera) hasta la Plaza de la Paz. A las <strong>21:30 horas<\/strong>, en la Carpa Municipal, se celebrar\u00e1 la <strong>entrega de premios y elecci\u00f3n de Miss y Mister Carnaval 2026<\/strong>. La noche finalizar\u00e1 con la actuaci\u00f3n de <strong>DJs locales<\/strong> desde las <strong>23:00 hasta las 5:00 horas<\/strong>.<\/p>\n\n\n\n<p>El <strong>domingo 15 de febrero<\/strong>, a las <strong>17:00 horas<\/strong>, se celebrar\u00e1 el <strong>Desfile Infantil<\/strong>, con el mismo recorrido que el desfile del s\u00e1bado. Al finalizar, habr\u00e1 una nueva sesi\u00f3n de <strong>Mini Disco<\/strong> para el p\u00fablico infantil.<\/p>\n\n\n\n<figure data-wp-context=\"{&quot;imageId&quot;:&quot;69f3d40c2b9e4&quot;}\" data-wp-interactive=\"core\/image\" data-wp-key=\"69f3d40c2b9e4\" class=\"wp-block-image size-full wp-lightbox-container\"><img loading=\"lazy\" decoding=\"async\" width=\"1421\" height=\"1895\" data-wp-class--hide=\"state.isContentHidden\" data-wp-class--show=\"state.isContentVisible\" data-wp-init=\"callbacks.setButtonStyles\" data-wp-on--click=\"actions.showLightbox\" data-wp-on--load=\"callbacks.setButtonStyles\" data-wp-on-window--resize=\"callbacks.setButtonStyles\" src=\"https:\/\/coria.org\/ayuntamiento\/wp-content\/uploads\/2026\/02\/p-carnaval-coria-26.webp\" alt=\"\" class=\"wp-image-66091\" srcset=\"https:\/\/coria.org\/ayuntamiento\/wp-content\/uploads\/2026\/02\/p-carnaval-coria-26.webp 1421w, https:\/\/coria.org\/ayuntamiento\/wp-content\/uploads\/2026\/02\/p-carnaval-coria-26-768x1024.webp 768w, https:\/\/coria.org\/ayuntamiento\/wp-content\/uploads\/2026\/02\/p-carnaval-coria-26-300x400.webp 300w, https:\/\/coria.org\/ayuntamiento\/wp-content\/uploads\/2026\/02\/p-carnaval-coria-26-1152x1536.webp 1152w\" sizes=\"auto, (max-width: 1421px) 100vw, 1421px\" \/><button\n\t\t\tclass=\"lightbox-trigger\"\n\t\t\ttype=\"button\"\n\t\t\taria-haspopup=\"dialog\"\n\t\t\taria-label=\"Agrandar\"\n\t\t\tdata-wp-init=\"callbacks.initTriggerButton\"\n\t\t\tdata-wp-on--click=\"actions.showLightbox\"\n\t\t\tdata-wp-style--right=\"state.imageButtonRight\"\n\t\t\tdata-wp-style--top=\"state.imageButtonTop\"\n\t\t>\n\t\t\t<svg xmlns=\"http:\/\/www.w3.org\/2000\/svg\" width=\"12\" height=\"12\" fill=\"none\" viewBox=\"0 0 12 12\">\n\t\t\t\t<path fill=\"#fff\" d=\"M2 0a2 2 0 0 0-2 2v2h1.5V2a.5.5 0 0 1 .5-.5h2V0H2Zm2 10.5H2a.5.5 0 0 1-.5-.5V8H0v2a2 2 0 0 0 2 2h2v-1.5ZM8 12v-1.5h2a.5.5 0 0 0 .5-.5V8H12v2a2 2 0 0 1-2 2H8Zm2-12a2 2 0 0 1 2 2v2h-1.5V2a.5.5 0 0 0-.5-.5H8V0h2Z\" \/>\n\t\t\t<\/svg>\n\t\t<\/button><\/figure>\n\n\n\n<h4 class=\"wp-block-heading\">Programa<\/h4>\n\n\n\n<p><strong>S\u00e1bado 14 de febrero<\/strong><\/p>\n\n\n\n<p>\u2501 A las 18:30 horas: Desfile- Concurso de Carnaval.<br>\u2501 Al finalizar el Desfile, elecci\u00f3n y presentaci\u00f3n de Miss y M\u00edster Carnaval.<br>\u2501 A las 21:30 horas: Entrega de premios del Carnaval.<\/p>\n\n\n\n<p><strong>Domingo 15 de febrero<\/strong><\/p>\n\n\n\n<p>\u2501 A las 18:00 horas: Desfile Infantil de Carnaval y, tras su finalizaci\u00f3n, fiesta infantil.<\/p>\n\n\n\n<p><\/p>\n","protected":false},"excerpt":{"rendered":"<p>El programa en Coria arrancar\u00e1 el viernes 13 de febrero a las 11:30 horas con el tradicional Desfile Intercentros \u201cCiudad de Coria\u201d, que partir\u00e1 desde la Avenida Alfonso VII hasta la Plaza de la Solidaridad. Al t\u00e9rmino del desfile, los m\u00e1s peque\u00f1os podr\u00e1n disfrutar de una Mini Disco. La jornada continuar\u00e1 por la noche con [&hellip;]<\/p>\n","protected":false},"author":3,"featured_media":66030,"comment_status":"closed","ping_status":"closed","template":"evento","tags":[252],"mec_category":[1612,1613],"class_list":["post-66031","mec-events","type-mec-events","status-publish","has-post-thumbnail","hentry","tag-carnaval","mec_category-destacado","mec_category-evento"],"yoast_head":"<!-- This site is optimized with the Yoast SEO plugin v27.5 - https:\/\/yoast.com\/product\/yoast-seo-wordpress\/ -->\n<title>Carnaval \u201cCiudad de Coria\u201d 2026 - Ayuntamiento de Coria<\/title>\n<meta name=\"description\" content=\"El Ayuntamiento de Coria, a trav\u00e9s de la Concejal\u00eda de Juventud y Fiestas y del Departamento de Gesti\u00f3n Cultural, ha aprobado las bases reguladoras del Concurso de Carnaval \u201cCiudad de Coria\u201d 2026, cuyo objetivo es fomentar la creatividad, la originalidad y la participaci\u00f3n durante una de las fiestas m\u00e1s coloridas de la localidad.\" \/>\n<meta name=\"robots\" content=\"index, follow, max-snippet:-1, max-image-preview:large, max-video-preview:-1\" \/>\n<link rel=\"canonical\" href=\"https:\/\/coria.org\/ayuntamiento\/index.php\/eventos\/carnaval-ciudad-de-coria-2026\/\" \/>\n<meta property=\"og:locale\" content=\"es_ES\" \/>\n<meta property=\"og:type\" content=\"article\" \/>\n<meta property=\"og:title\" content=\"Carnaval \u201cCiudad de Coria\u201d 2026\" \/>\n<meta property=\"og:description\" content=\"El Ayuntamiento de Coria, a trav\u00e9s de la Concejal\u00eda de Juventud y Fiestas y del Departamento de Gesti\u00f3n Cultural, ha aprobado las bases reguladoras del Concurso de Carnaval \u201cCiudad de Coria\u201d 2026, cuyo objetivo es fomentar la creatividad, la originalidad y la participaci\u00f3n durante una de las fiestas m\u00e1s coloridas de la localidad.\" \/>\n<meta property=\"og:url\" content=\"https:\/\/coria.org\/ayuntamiento\/index.php\/eventos\/carnaval-ciudad-de-coria-2026\/\" \/>\n<meta property=\"og:site_name\" content=\"Ayuntamiento de Coria\" \/>\n<meta property=\"article:publisher\" content=\"https:\/\/www.facebook.com\/Ayuntamiento.de.Coria\" \/>\n<meta property=\"article:modified_time\" content=\"2026-02-14T09:43:03+00:00\" \/>\n<meta property=\"og:image\" content=\"https:\/\/coria.org\/ayuntamiento\/wp-content\/uploads\/2026\/02\/carnaval-coria-2026.webp\" \/>\n\t<meta property=\"og:image:width\" content=\"1080\" \/>\n\t<meta property=\"og:image:height\" content=\"1440\" \/>\n\t<meta property=\"og:image:type\" content=\"image\/webp\" \/>\n<meta name=\"twitter:card\" content=\"summary_large_image\" \/>\n<meta name=\"twitter:title\" content=\"Carnaval \u201cCiudad de Coria\u201d 2026\" \/>\n<meta name=\"twitter:description\" content=\"El Ayuntamiento de Coria, a trav\u00e9s de la Concejal\u00eda de Juventud y Fiestas y del Departamento de Gesti\u00f3n Cultural, ha aprobado las bases reguladoras del Concurso de Carnaval \u201cCiudad de Coria\u201d 2026, cuyo objetivo es fomentar la creatividad, la originalidad y la participaci\u00f3n durante una de las fiestas m\u00e1s coloridas de la localidad.\" \/>\n<meta name=\"twitter:image\" content=\"https:\/\/coria.org\/ayuntamiento\/wp-content\/uploads\/2026\/02\/carnaval-coria-2026.webp\" \/>\n<meta name=\"twitter:site\" content=\"@Ayto_de_Coria\" \/>\n<meta name=\"twitter:label1\" content=\"Tiempo de lectura\" \/>\n\t<meta name=\"twitter:data1\" content=\"2 minutos\" \/>\n<script type=\"application\/ld+json\" class=\"yoast-schema-graph\">{\"@context\":\"https:\\\/\\\/schema.org\",\"@graph\":[{\"@type\":\"WebPage\",\"@id\":\"https:\\\/\\\/coria.org\\\/ayuntamiento\\\/index.php\\\/eventos\\\/carnaval-ciudad-de-coria-2026\\\/\",\"url\":\"https:\\\/\\\/coria.org\\\/ayuntamiento\\\/index.php\\\/eventos\\\/carnaval-ciudad-de-coria-2026\\\/\",\"name\":\"Carnaval \u201cCiudad de Coria\u201d 2026 - Ayuntamiento de Coria\",\"isPartOf\":{\"@id\":\"https:\\\/\\\/coria.org\\\/ayuntamiento\\\/#website\"},\"primaryImageOfPage\":{\"@id\":\"https:\\\/\\\/coria.org\\\/ayuntamiento\\\/index.php\\\/eventos\\\/carnaval-ciudad-de-coria-2026\\\/#primaryimage\"},\"image\":{\"@id\":\"https:\\\/\\\/coria.org\\\/ayuntamiento\\\/index.php\\\/eventos\\\/carnaval-ciudad-de-coria-2026\\\/#primaryimage\"},\"thumbnailUrl\":\"https:\\\/\\\/coria.org\\\/ayuntamiento\\\/wp-content\\\/uploads\\\/2026\\\/02\\\/carnaval-coria-2026.webp\",\"datePublished\":\"2026-02-04T07:42:31+00:00\",\"dateModified\":\"2026-02-14T09:43:03+00:00\",\"description\":\"El Ayuntamiento de Coria, a trav\u00e9s de la Concejal\u00eda de Juventud y Fiestas y del Departamento de Gesti\u00f3n Cultural, ha aprobado las bases reguladoras del Concurso de Carnaval \u201cCiudad de Coria\u201d 2026, cuyo objetivo es fomentar la creatividad, la originalidad y la participaci\u00f3n durante una de las fiestas m\u00e1s coloridas de la localidad.\",\"breadcrumb\":{\"@id\":\"https:\\\/\\\/coria.org\\\/ayuntamiento\\\/index.php\\\/eventos\\\/carnaval-ciudad-de-coria-2026\\\/#breadcrumb\"},\"inLanguage\":\"es\",\"potentialAction\":[{\"@type\":\"ReadAction\",\"target\":[\"https:\\\/\\\/coria.org\\\/ayuntamiento\\\/index.php\\\/eventos\\\/carnaval-ciudad-de-coria-2026\\\/\"]}]},{\"@type\":\"ImageObject\",\"inLanguage\":\"es\",\"@id\":\"https:\\\/\\\/coria.org\\\/ayuntamiento\\\/index.php\\\/eventos\\\/carnaval-ciudad-de-coria-2026\\\/#primaryimage\",\"url\":\"https:\\\/\\\/coria.org\\\/ayuntamiento\\\/wp-content\\\/uploads\\\/2026\\\/02\\\/carnaval-coria-2026.webp\",\"contentUrl\":\"https:\\\/\\\/coria.org\\\/ayuntamiento\\\/wp-content\\\/uploads\\\/2026\\\/02\\\/carnaval-coria-2026.webp\",\"width\":1080,\"height\":1440},{\"@type\":\"BreadcrumbList\",\"@id\":\"https:\\\/\\\/coria.org\\\/ayuntamiento\\\/index.php\\\/eventos\\\/carnaval-ciudad-de-coria-2026\\\/#breadcrumb\",\"itemListElement\":[{\"@type\":\"ListItem\",\"position\":1,\"name\":\"Inicio\",\"item\":\"https:\\\/\\\/coria.org\\\/ayuntamiento\\\/\"},{\"@type\":\"ListItem\",\"position\":2,\"name\":\"Eventos\",\"item\":\"https:\\\/\\\/coria.org\\\/ayuntamiento\\\/index.php\\\/eventos\\\/\"},{\"@type\":\"ListItem\",\"position\":3,\"name\":\"Carnaval \u201cCiudad de Coria\u201d 2026\"}]},{\"@type\":\"WebSite\",\"@id\":\"https:\\\/\\\/coria.org\\\/ayuntamiento\\\/#website\",\"url\":\"https:\\\/\\\/coria.org\\\/ayuntamiento\\\/\",\"name\":\"Ayuntamiento de Coria\",\"description\":\"Web oficial del Ayuntamiento de Coria\",\"publisher\":{\"@id\":\"https:\\\/\\\/coria.org\\\/ayuntamiento\\\/#organization\"},\"alternateName\":\"Web Oficial del Ayuntamiento de Coria\",\"potentialAction\":[{\"@type\":\"SearchAction\",\"target\":{\"@type\":\"EntryPoint\",\"urlTemplate\":\"https:\\\/\\\/coria.org\\\/ayuntamiento\\\/?s={search_term_string}\"},\"query-input\":{\"@type\":\"PropertyValueSpecification\",\"valueRequired\":true,\"valueName\":\"search_term_string\"}}],\"inLanguage\":\"es\"},{\"@type\":\"Organization\",\"@id\":\"https:\\\/\\\/coria.org\\\/ayuntamiento\\\/#organization\",\"name\":\"Ayuntamiento de Coria\",\"alternateName\":\"Ayto de Coria\",\"url\":\"https:\\\/\\\/coria.org\\\/ayuntamiento\\\/\",\"logo\":{\"@type\":\"ImageObject\",\"inLanguage\":\"es\",\"@id\":\"https:\\\/\\\/coria.org\\\/ayuntamiento\\\/#\\\/schema\\\/logo\\\/image\\\/\",\"url\":\"https:\\\/\\\/coria.org\\\/ayuntamiento\\\/wp-content\\\/uploads\\\/2020\\\/12\\\/escudo-ayuntamiento-coria.png\",\"contentUrl\":\"https:\\\/\\\/coria.org\\\/ayuntamiento\\\/wp-content\\\/uploads\\\/2020\\\/12\\\/escudo-ayuntamiento-coria.png\",\"width\":511,\"height\":240,\"caption\":\"Ayuntamiento de Coria\"},\"image\":{\"@id\":\"https:\\\/\\\/coria.org\\\/ayuntamiento\\\/#\\\/schema\\\/logo\\\/image\\\/\"},\"sameAs\":[\"https:\\\/\\\/www.facebook.com\\\/Ayuntamiento.de.Coria\",\"https:\\\/\\\/x.com\\\/Ayto_de_Coria\",\"https:\\\/\\\/www.instagram.com\\\/coria.ayuntamiento\\\/\",\"https:\\\/\\\/www.youtube.com\\\/user\\\/AYUNTAMIENTOCORIA\"]}]}<\/script>\n<!-- \/ Yoast SEO plugin. -->","yoast_head_json":{"title":"Carnaval \u201cCiudad de Coria\u201d 2026 - Ayuntamiento de Coria","description":"El Ayuntamiento de Coria, a trav\u00e9s de la Concejal\u00eda de Juventud y Fiestas y del Departamento de Gesti\u00f3n Cultural, ha aprobado las bases reguladoras del Concurso de Carnaval \u201cCiudad de Coria\u201d 2026, cuyo objetivo es fomentar la creatividad, la originalidad y la participaci\u00f3n durante una de las fiestas m\u00e1s coloridas de la localidad.","robots":{"index":"index","follow":"follow","max-snippet":"max-snippet:-1","max-image-preview":"max-image-preview:large","max-video-preview":"max-video-preview:-1"},"canonical":"https:\/\/coria.org\/ayuntamiento\/index.php\/eventos\/carnaval-ciudad-de-coria-2026\/","og_locale":"es_ES","og_type":"article","og_title":"Carnaval \u201cCiudad de Coria\u201d 2026","og_description":"El Ayuntamiento de Coria, a trav\u00e9s de la Concejal\u00eda de Juventud y Fiestas y del Departamento de Gesti\u00f3n Cultural, ha aprobado las bases reguladoras del Concurso de Carnaval \u201cCiudad de Coria\u201d 2026, cuyo objetivo es fomentar la creatividad, la originalidad y la participaci\u00f3n durante una de las fiestas m\u00e1s coloridas de la localidad.","og_url":"https:\/\/coria.org\/ayuntamiento\/index.php\/eventos\/carnaval-ciudad-de-coria-2026\/","og_site_name":"Ayuntamiento de Coria","article_publisher":"https:\/\/www.facebook.com\/Ayuntamiento.de.Coria","article_modified_time":"2026-02-14T09:43:03+00:00","og_image":[{"width":1080,"height":1440,"url":"https:\/\/coria.org\/ayuntamiento\/wp-content\/uploads\/2026\/02\/carnaval-coria-2026.webp","type":"image\/webp"}],"twitter_card":"summary_large_image","twitter_title":"Carnaval \u201cCiudad de Coria\u201d 2026","twitter_description":"El Ayuntamiento de Coria, a trav\u00e9s de la Concejal\u00eda de Juventud y Fiestas y del Departamento de Gesti\u00f3n Cultural, ha aprobado las bases reguladoras del Concurso de Carnaval \u201cCiudad de Coria\u201d 2026, cuyo objetivo es fomentar la creatividad, la originalidad y la participaci\u00f3n durante una de las fiestas m\u00e1s coloridas de la localidad.","twitter_image":"https:\/\/coria.org\/ayuntamiento\/wp-content\/uploads\/2026\/02\/carnaval-coria-2026.webp","twitter_site":"@Ayto_de_Coria","twitter_misc":{"Tiempo de lectura":"2 minutos"},"schema":{"@context":"https:\/\/schema.org","@graph":[{"@type":"WebPage","@id":"https:\/\/coria.org\/ayuntamiento\/index.php\/eventos\/carnaval-ciudad-de-coria-2026\/","url":"https:\/\/coria.org\/ayuntamiento\/index.php\/eventos\/carnaval-ciudad-de-coria-2026\/","name":"Carnaval \u201cCiudad de Coria\u201d 2026 - Ayuntamiento de Coria","isPartOf":{"@id":"https:\/\/coria.org\/ayuntamiento\/#website"},"primaryImageOfPage":{"@id":"https:\/\/coria.org\/ayuntamiento\/index.php\/eventos\/carnaval-ciudad-de-coria-2026\/#primaryimage"},"image":{"@id":"https:\/\/coria.org\/ayuntamiento\/index.php\/eventos\/carnaval-ciudad-de-coria-2026\/#primaryimage"},"thumbnailUrl":"https:\/\/coria.org\/ayuntamiento\/wp-content\/uploads\/2026\/02\/carnaval-coria-2026.webp","datePublished":"2026-02-04T07:42:31+00:00","dateModified":"2026-02-14T09:43:03+00:00","description":"El Ayuntamiento de Coria, a trav\u00e9s de la Concejal\u00eda de Juventud y Fiestas y del Departamento de Gesti\u00f3n Cultural, ha aprobado las bases reguladoras del Concurso de Carnaval \u201cCiudad de Coria\u201d 2026, cuyo objetivo es fomentar la creatividad, la originalidad y la participaci\u00f3n durante una de las fiestas m\u00e1s coloridas de la localidad.","breadcrumb":{"@id":"https:\/\/coria.org\/ayuntamiento\/index.php\/eventos\/carnaval-ciudad-de-coria-2026\/#breadcrumb"},"inLanguage":"es","potentialAction":[{"@type":"ReadAction","target":["https:\/\/coria.org\/ayuntamiento\/index.php\/eventos\/carnaval-ciudad-de-coria-2026\/"]}]},{"@type":"ImageObject","inLanguage":"es","@id":"https:\/\/coria.org\/ayuntamiento\/index.php\/eventos\/carnaval-ciudad-de-coria-2026\/#primaryimage","url":"https:\/\/coria.org\/ayuntamiento\/wp-content\/uploads\/2026\/02\/carnaval-coria-2026.webp","contentUrl":"https:\/\/coria.org\/ayuntamiento\/wp-content\/uploads\/2026\/02\/carnaval-coria-2026.webp","width":1080,"height":1440},{"@type":"BreadcrumbList","@id":"https:\/\/coria.org\/ayuntamiento\/index.php\/eventos\/carnaval-ciudad-de-coria-2026\/#breadcrumb","itemListElement":[{"@type":"ListItem","position":1,"name":"Inicio","item":"https:\/\/coria.org\/ayuntamiento\/"},{"@type":"ListItem","position":2,"name":"Eventos","item":"https:\/\/coria.org\/ayuntamiento\/index.php\/eventos\/"},{"@type":"ListItem","position":3,"name":"Carnaval \u201cCiudad de Coria\u201d 2026"}]},{"@type":"WebSite","@id":"https:\/\/coria.org\/ayuntamiento\/#website","url":"https:\/\/coria.org\/ayuntamiento\/","name":"Ayuntamiento de Coria","description":"Web oficial del Ayuntamiento de Coria","publisher":{"@id":"https:\/\/coria.org\/ayuntamiento\/#organization"},"alternateName":"Web Oficial del Ayuntamiento de Coria","potentialAction":[{"@type":"SearchAction","target":{"@type":"EntryPoint","urlTemplate":"https:\/\/coria.org\/ayuntamiento\/?s={search_term_string}"},"query-input":{"@type":"PropertyValueSpecification","valueRequired":true,"valueName":"search_term_string"}}],"inLanguage":"es"},{"@type":"Organization","@id":"https:\/\/coria.org\/ayuntamiento\/#organization","name":"Ayuntamiento de Coria","alternateName":"Ayto de Coria","url":"https:\/\/coria.org\/ayuntamiento\/","logo":{"@type":"ImageObject","inLanguage":"es","@id":"https:\/\/coria.org\/ayuntamiento\/#\/schema\/logo\/image\/","url":"https:\/\/coria.org\/ayuntamiento\/wp-content\/uploads\/2020\/12\/escudo-ayuntamiento-coria.png","contentUrl":"https:\/\/coria.org\/ayuntamiento\/wp-content\/uploads\/2020\/12\/escudo-ayuntamiento-coria.png","width":511,"height":240,"caption":"Ayuntamiento de Coria"},"image":{"@id":"https:\/\/coria.org\/ayuntamiento\/#\/schema\/logo\/image\/"},"sameAs":["https:\/\/www.facebook.com\/Ayuntamiento.de.Coria","https:\/\/x.com\/Ayto_de_Coria","https:\/\/www.instagram.com\/coria.ayuntamiento\/","https:\/\/www.youtube.com\/user\/AYUNTAMIENTOCORIA"]}]}},"uagb_featured_image_src":{"full":["https:\/\/coria.org\/ayuntamiento\/wp-content\/uploads\/2026\/02\/carnaval-coria-2026.webp",1080,1440,false],"thumbnail":["https:\/\/coria.org\/ayuntamiento\/wp-content\/uploads\/2026\/02\/carnaval-coria-2026-150x150.webp",150,150,true],"medium":["https:\/\/coria.org\/ayuntamiento\/wp-content\/uploads\/2026\/02\/carnaval-coria-2026.webp",1080,1440,false],"medium_large":["https:\/\/coria.org\/ayuntamiento\/wp-content\/uploads\/2026\/02\/carnaval-coria-2026-768x1024.webp",768,1024,true],"large":["https:\/\/coria.org\/ayuntamiento\/wp-content\/uploads\/2026\/02\/carnaval-coria-2026.webp",1080,1440,false],"thumblist":["https:\/\/coria.org\/ayuntamiento\/wp-content\/uploads\/2026\/02\/carnaval-coria-2026-300x300.webp",300,300,true],"thumbrelated":["https:\/\/coria.org\/ayuntamiento\/wp-content\/uploads\/2026\/02\/carnaval-coria-2026-500x500.webp",500,500,true],"meccarouselthumb":["https:\/\/coria.org\/ayuntamiento\/wp-content\/uploads\/2026\/02\/carnaval-coria-2026-474x324.webp",474,324,true],"gridsquare":["https:\/\/coria.org\/ayuntamiento\/wp-content\/uploads\/2026\/02\/carnaval-coria-2026-391x260.webp",391,260,true],"tileview":["https:\/\/coria.org\/ayuntamiento\/wp-content\/uploads\/2026\/02\/carnaval-coria-2026-300x400.webp",300,400,true],"1536x1536":["https:\/\/coria.org\/ayuntamiento\/wp-content\/uploads\/2026\/02\/carnaval-coria-2026.webp",1080,1440,false],"2048x2048":["https:\/\/coria.org\/ayuntamiento\/wp-content\/uploads\/2026\/02\/carnaval-coria-2026.webp",1080,1440,false]},"uagb_author_info":{"display_name":"prensa@coria.org","author_link":"https:\/\/coria.org\/ayuntamiento\/index.php\/author\/prensacoria-org\/"},"uagb_comment_info":0,"uagb_excerpt":"El programa en Coria arrancar\u00e1 el viernes 13 de febrero a las 11:30 horas con el tradicional Desfile Intercentros \u201cCiudad de Coria\u201d, que partir\u00e1 desde la Avenida Alfonso VII hasta la Plaza de la Solidaridad. Al t\u00e9rmino del desfile, los m\u00e1s peque\u00f1os podr\u00e1n disfrutar de una Mini Disco. La jornada continuar\u00e1 por la noche con&hellip;","_links":{"self":[{"href":"https:\/\/coria.org\/ayuntamiento\/index.php\/wp-json\/wp\/v2\/mec-events\/66031","targetHints":{"allow":["GET"]}}],"collection":[{"href":"https:\/\/coria.org\/ayuntamiento\/index.php\/wp-json\/wp\/v2\/mec-events"}],"about":[{"href":"https:\/\/coria.org\/ayuntamiento\/index.php\/wp-json\/wp\/v2\/types\/mec-events"}],"author":[{"embeddable":true,"href":"https:\/\/coria.org\/ayuntamiento\/index.php\/wp-json\/wp\/v2\/users\/3"}],"replies":[{"embeddable":true,"href":"https:\/\/coria.org\/ayuntamiento\/index.php\/wp-json\/wp\/v2\/comments?post=66031"}],"wp:featuredmedia":[{"embeddable":true,"href":"https:\/\/coria.org\/ayuntamiento\/index.php\/wp-json\/wp\/v2\/media\/66030"}],"wp:attachment":[{"href":"https:\/\/coria.org\/ayuntamiento\/index.php\/wp-json\/wp\/v2\/media?parent=66031"}],"wp:term":[{"taxonomy":"post_tag","embeddable":true,"href":"https:\/\/coria.org\/ayuntamiento\/index.php\/wp-json\/wp\/v2\/tags?post=66031"},{"taxonomy":"mec_category","embeddable":true,"href":"https:\/\/coria.org\/ayuntamiento\/index.php\/wp-json\/wp\/v2\/mec_category?post=66031"}],"curies":[{"name":"wp","href":"https:\/\/api.w.org\/{rel}","templated":true}]}}