{"id":66026,"date":"2026-02-03T11:25:04","date_gmt":"2026-02-03T10:25:04","guid":{"rendered":"https:\/\/coria.org\/ayuntamiento\/index.php\/eventos\/charla-como-hacer-una-investigacion-historica-analisis-y-transcripcion-de-un-diario-de-la-guerra-de-africa-1859-1860\/"},"modified":"2026-02-03T11:27:09","modified_gmt":"2026-02-03T10:27:09","slug":"charla-como-hacer-una-investigacion-historica-analisis-y-transcripcion-de-un-diario-de-la-guerra-de-africa-1859-1860","status":"publish","type":"mec-events","link":"https:\/\/coria.org\/ayuntamiento\/index.php\/eventos\/charla-como-hacer-una-investigacion-historica-analisis-y-transcripcion-de-un-diario-de-la-guerra-de-africa-1859-1860\/","title":{"rendered":"Charla \u201cC\u00f3mo hacer una investigaci\u00f3n Hist\u00f3rica: an\u00e1lisis y transcripci\u00f3n de un Diario de la Guerra de \u00c1frica (1859-1860)\u00bb"},"content":{"rendered":"\n<p>El pr\u00f3ximo <b>viernes, 6 de febrero<\/b>, nos visitar\u00e1 <b>Fernando P\u00e9rez L\u00f3pez<\/b>, ganador del <i>Premio Arturo Barea de Investigaci\u00f3n Cultural 2025<\/i>, organizado por la Diputaci\u00f3n de Badajoz, por su obra \u00abUn soldado espa\u00f1ol en la Guerra de \u00c1frica, 1859-1860\u00bb. Este galard\u00f3n reconoce estudios profundos sobre la historia cultural de la regi\u00f3n, destacando en esta edici\u00f3n el an\u00e1lisis de la primera guerra africana.&nbsp;<\/p>\n\n\n\n<p>Fernando nos explicar\u00e1 c\u00f3mo se investiga y se piensa hist\u00f3ricamente, en este caso, c\u00f3mo se trabaja en la transcripci\u00f3n y estudio de un diario de guerra; m\u00e1s en concreto, de la guerra de \u00c1frica de 1859-1860 (el primer enfrentamiento de envergadura con Marruecos). C\u00f3mo transcrib\u00ed\u00f3 el documento, c\u00f3mo supo qui\u00e9n era su autor y, en t\u00e9rminos generales, c\u00f3mo est\u00e1 trabajando el diario y como se puede aprovechar. Su estudio se basa en el hallazgo del documento en casa de su t\u00eda, vecina de Coria.&nbsp;<\/p>\n\n\n\n<p>EL acto tendr\u00e1 lugar en la segunda planta de la Biblioteca <b>a partir de las 19h.<\/b><\/p>\n\n\n\n<p>La entrada es libre hasta completar aforo.<\/p>\n","protected":false},"excerpt":{"rendered":"<p>El pr\u00f3ximo viernes, 6 de febrero, nos visitar\u00e1 Fernando P\u00e9rez L\u00f3pez, ganador del Premio Arturo Barea de Investigaci\u00f3n Cultural 2025, organizado por la Diputaci\u00f3n de Badajoz, por su obra \u00abUn soldado espa\u00f1ol en la Guerra de \u00c1frica, 1859-1860\u00bb. Este galard\u00f3n reconoce estudios profundos sobre la historia cultural de la regi\u00f3n, destacando en esta edici\u00f3n el [&hellip;]<\/p>\n","protected":false},"author":3,"featured_media":66025,"comment_status":"closed","ping_status":"closed","template":"evento","tags":[201,1363],"mec_category":[1612,1613],"class_list":["post-66026","mec-events","type-mec-events","status-publish","has-post-thumbnail","hentry","tag-biblioteca","tag-charla","mec_category-destacado","mec_category-evento"],"yoast_head":"<!-- This site is optimized with the Yoast SEO plugin v27.5 - https:\/\/yoast.com\/product\/yoast-seo-wordpress\/ -->\n<title>Charla \u201cC\u00f3mo hacer una investigaci\u00f3n Hist\u00f3rica: an\u00e1lisis y transcripci\u00f3n de un Diario de la Guerra de \u00c1frica (1859-1860)&quot; - Ayuntamiento de Coria<\/title>\n<meta name=\"description\" content=\"El pr\u00f3ximo viernes, 6 de febrero, nos visitar\u00e1 Fernando P\u00e9rez L\u00f3pez, ganador del Premio Arturo Barea de Investigaci\u00f3n Cultural 2025, organizado por la Diputaci\u00f3n de Badajoz, por su obra &quot;Un soldado espa\u00f1ol en la Guerra de \u00c1frica, 1859-1860&quot;. Este galard\u00f3n reconoce estudios profundos sobre la historia cultural de la regi\u00f3n, destacando en esta edici\u00f3n el an\u00e1lisis de la primera guerra africana.\" \/>\n<meta name=\"robots\" content=\"index, follow, max-snippet:-1, max-image-preview:large, max-video-preview:-1\" \/>\n<link rel=\"canonical\" href=\"https:\/\/coria.org\/ayuntamiento\/index.php\/eventos\/charla-como-hacer-una-investigacion-historica-analisis-y-transcripcion-de-un-diario-de-la-guerra-de-africa-1859-1860\/\" \/>\n<meta property=\"og:locale\" content=\"es_ES\" \/>\n<meta property=\"og:type\" content=\"article\" \/>\n<meta property=\"og:title\" content=\"Charla \u201cC\u00f3mo hacer una investigaci\u00f3n Hist\u00f3rica: an\u00e1lisis y transcripci\u00f3n de un Diario de la Guerra de \u00c1frica (1859-1860)&quot;\" \/>\n<meta property=\"og:description\" content=\"El pr\u00f3ximo viernes, 6 de febrero, nos visitar\u00e1 Fernando P\u00e9rez L\u00f3pez, ganador del Premio Arturo Barea de Investigaci\u00f3n Cultural 2025, organizado por la Diputaci\u00f3n de Badajoz, por su obra &quot;Un soldado espa\u00f1ol en la Guerra de \u00c1frica, 1859-1860&quot;. Este galard\u00f3n reconoce estudios profundos sobre la historia cultural de la regi\u00f3n, destacando en esta edici\u00f3n el an\u00e1lisis de la primera guerra africana.\" \/>\n<meta property=\"og:url\" content=\"https:\/\/coria.org\/ayuntamiento\/index.php\/eventos\/charla-como-hacer-una-investigacion-historica-analisis-y-transcripcion-de-un-diario-de-la-guerra-de-africa-1859-1860\/\" \/>\n<meta property=\"og:site_name\" content=\"Ayuntamiento de Coria\" \/>\n<meta property=\"article:publisher\" content=\"https:\/\/www.facebook.com\/Ayuntamiento.de.Coria\" \/>\n<meta property=\"article:modified_time\" content=\"2026-02-03T10:27:09+00:00\" \/>\n<meta property=\"og:image\" content=\"https:\/\/coria.org\/ayuntamiento\/wp-content\/uploads\/2026\/02\/charla-fperezlopez.webp\" \/>\n\t<meta property=\"og:image:width\" content=\"1080\" \/>\n\t<meta property=\"og:image:height\" content=\"1528\" \/>\n\t<meta property=\"og:image:type\" content=\"image\/webp\" \/>\n<meta name=\"twitter:card\" content=\"summary_large_image\" \/>\n<meta name=\"twitter:title\" content=\"Charla \u201cC\u00f3mo hacer una investigaci\u00f3n Hist\u00f3rica: an\u00e1lisis y transcripci\u00f3n de un Diario de la Guerra de \u00c1frica (1859-1860)&quot;\" \/>\n<meta name=\"twitter:description\" content=\"El pr\u00f3ximo viernes, 6 de febrero, nos visitar\u00e1 Fernando P\u00e9rez L\u00f3pez, ganador del Premio Arturo Barea de Investigaci\u00f3n Cultural 2025, organizado por la Diputaci\u00f3n de Badajoz, por su obra &quot;Un soldado espa\u00f1ol en la Guerra de \u00c1frica, 1859-1860&quot;. Este galard\u00f3n reconoce estudios profundos sobre la historia cultural de la regi\u00f3n, destacando en esta edici\u00f3n el an\u00e1lisis de la primera guerra africana.\" \/>\n<meta name=\"twitter:image\" content=\"https:\/\/coria.org\/ayuntamiento\/wp-content\/uploads\/2026\/02\/charla-fperezlopez.webp\" \/>\n<meta name=\"twitter:site\" content=\"@Ayto_de_Coria\" \/>\n<meta name=\"twitter:label1\" content=\"Tiempo de lectura\" \/>\n\t<meta name=\"twitter:data1\" content=\"1 minuto\" \/>\n<script type=\"application\/ld+json\" class=\"yoast-schema-graph\">{\"@context\":\"https:\\\/\\\/schema.org\",\"@graph\":[{\"@type\":\"WebPage\",\"@id\":\"https:\\\/\\\/coria.org\\\/ayuntamiento\\\/index.php\\\/eventos\\\/charla-como-hacer-una-investigacion-historica-analisis-y-transcripcion-de-un-diario-de-la-guerra-de-africa-1859-1860\\\/\",\"url\":\"https:\\\/\\\/coria.org\\\/ayuntamiento\\\/index.php\\\/eventos\\\/charla-como-hacer-una-investigacion-historica-analisis-y-transcripcion-de-un-diario-de-la-guerra-de-africa-1859-1860\\\/\",\"name\":\"Charla \u201cC\u00f3mo hacer una investigaci\u00f3n Hist\u00f3rica: an\u00e1lisis y transcripci\u00f3n de un Diario de la Guerra de \u00c1frica (1859-1860)\\\" - Ayuntamiento de Coria\",\"isPartOf\":{\"@id\":\"https:\\\/\\\/coria.org\\\/ayuntamiento\\\/#website\"},\"primaryImageOfPage\":{\"@id\":\"https:\\\/\\\/coria.org\\\/ayuntamiento\\\/index.php\\\/eventos\\\/charla-como-hacer-una-investigacion-historica-analisis-y-transcripcion-de-un-diario-de-la-guerra-de-africa-1859-1860\\\/#primaryimage\"},\"image\":{\"@id\":\"https:\\\/\\\/coria.org\\\/ayuntamiento\\\/index.php\\\/eventos\\\/charla-como-hacer-una-investigacion-historica-analisis-y-transcripcion-de-un-diario-de-la-guerra-de-africa-1859-1860\\\/#primaryimage\"},\"thumbnailUrl\":\"https:\\\/\\\/coria.org\\\/ayuntamiento\\\/wp-content\\\/uploads\\\/2026\\\/02\\\/charla-fperezlopez.webp\",\"datePublished\":\"2026-02-03T10:25:04+00:00\",\"dateModified\":\"2026-02-03T10:27:09+00:00\",\"description\":\"El pr\u00f3ximo viernes, 6 de febrero, nos visitar\u00e1 Fernando P\u00e9rez L\u00f3pez, ganador del Premio Arturo Barea de Investigaci\u00f3n Cultural 2025, organizado por la Diputaci\u00f3n de Badajoz, por su obra \\\"Un soldado espa\u00f1ol en la Guerra de \u00c1frica, 1859-1860\\\". Este galard\u00f3n reconoce estudios profundos sobre la historia cultural de la regi\u00f3n, destacando en esta edici\u00f3n el an\u00e1lisis de la primera guerra africana.\",\"breadcrumb\":{\"@id\":\"https:\\\/\\\/coria.org\\\/ayuntamiento\\\/index.php\\\/eventos\\\/charla-como-hacer-una-investigacion-historica-analisis-y-transcripcion-de-un-diario-de-la-guerra-de-africa-1859-1860\\\/#breadcrumb\"},\"inLanguage\":\"es\",\"potentialAction\":[{\"@type\":\"ReadAction\",\"target\":[\"https:\\\/\\\/coria.org\\\/ayuntamiento\\\/index.php\\\/eventos\\\/charla-como-hacer-una-investigacion-historica-analisis-y-transcripcion-de-un-diario-de-la-guerra-de-africa-1859-1860\\\/\"]}]},{\"@type\":\"ImageObject\",\"inLanguage\":\"es\",\"@id\":\"https:\\\/\\\/coria.org\\\/ayuntamiento\\\/index.php\\\/eventos\\\/charla-como-hacer-una-investigacion-historica-analisis-y-transcripcion-de-un-diario-de-la-guerra-de-africa-1859-1860\\\/#primaryimage\",\"url\":\"https:\\\/\\\/coria.org\\\/ayuntamiento\\\/wp-content\\\/uploads\\\/2026\\\/02\\\/charla-fperezlopez.webp\",\"contentUrl\":\"https:\\\/\\\/coria.org\\\/ayuntamiento\\\/wp-content\\\/uploads\\\/2026\\\/02\\\/charla-fperezlopez.webp\",\"width\":1080,\"height\":1528},{\"@type\":\"BreadcrumbList\",\"@id\":\"https:\\\/\\\/coria.org\\\/ayuntamiento\\\/index.php\\\/eventos\\\/charla-como-hacer-una-investigacion-historica-analisis-y-transcripcion-de-un-diario-de-la-guerra-de-africa-1859-1860\\\/#breadcrumb\",\"itemListElement\":[{\"@type\":\"ListItem\",\"position\":1,\"name\":\"Inicio\",\"item\":\"https:\\\/\\\/coria.org\\\/ayuntamiento\\\/\"},{\"@type\":\"ListItem\",\"position\":2,\"name\":\"Eventos\",\"item\":\"https:\\\/\\\/coria.org\\\/ayuntamiento\\\/index.php\\\/eventos\\\/\"},{\"@type\":\"ListItem\",\"position\":3,\"name\":\"Charla \u201cC\u00f3mo hacer una investigaci\u00f3n Hist\u00f3rica: an\u00e1lisis y transcripci\u00f3n de un Diario de la Guerra de \u00c1frica (1859-1860)\u00bb\"}]},{\"@type\":\"WebSite\",\"@id\":\"https:\\\/\\\/coria.org\\\/ayuntamiento\\\/#website\",\"url\":\"https:\\\/\\\/coria.org\\\/ayuntamiento\\\/\",\"name\":\"Ayuntamiento de Coria\",\"description\":\"Web oficial del Ayuntamiento de Coria\",\"publisher\":{\"@id\":\"https:\\\/\\\/coria.org\\\/ayuntamiento\\\/#organization\"},\"alternateName\":\"Web Oficial del Ayuntamiento de Coria\",\"potentialAction\":[{\"@type\":\"SearchAction\",\"target\":{\"@type\":\"EntryPoint\",\"urlTemplate\":\"https:\\\/\\\/coria.org\\\/ayuntamiento\\\/?s={search_term_string}\"},\"query-input\":{\"@type\":\"PropertyValueSpecification\",\"valueRequired\":true,\"valueName\":\"search_term_string\"}}],\"inLanguage\":\"es\"},{\"@type\":\"Organization\",\"@id\":\"https:\\\/\\\/coria.org\\\/ayuntamiento\\\/#organization\",\"name\":\"Ayuntamiento de Coria\",\"alternateName\":\"Ayto de Coria\",\"url\":\"https:\\\/\\\/coria.org\\\/ayuntamiento\\\/\",\"logo\":{\"@type\":\"ImageObject\",\"inLanguage\":\"es\",\"@id\":\"https:\\\/\\\/coria.org\\\/ayuntamiento\\\/#\\\/schema\\\/logo\\\/image\\\/\",\"url\":\"https:\\\/\\\/coria.org\\\/ayuntamiento\\\/wp-content\\\/uploads\\\/2020\\\/12\\\/escudo-ayuntamiento-coria.png\",\"contentUrl\":\"https:\\\/\\\/coria.org\\\/ayuntamiento\\\/wp-content\\\/uploads\\\/2020\\\/12\\\/escudo-ayuntamiento-coria.png\",\"width\":511,\"height\":240,\"caption\":\"Ayuntamiento de Coria\"},\"image\":{\"@id\":\"https:\\\/\\\/coria.org\\\/ayuntamiento\\\/#\\\/schema\\\/logo\\\/image\\\/\"},\"sameAs\":[\"https:\\\/\\\/www.facebook.com\\\/Ayuntamiento.de.Coria\",\"https:\\\/\\\/x.com\\\/Ayto_de_Coria\",\"https:\\\/\\\/www.instagram.com\\\/coria.ayuntamiento\\\/\",\"https:\\\/\\\/www.youtube.com\\\/user\\\/AYUNTAMIENTOCORIA\"]}]}<\/script>\n<!-- \/ Yoast SEO plugin. -->","yoast_head_json":{"title":"Charla \u201cC\u00f3mo hacer una investigaci\u00f3n Hist\u00f3rica: an\u00e1lisis y transcripci\u00f3n de un Diario de la Guerra de \u00c1frica (1859-1860)\" - Ayuntamiento de Coria","description":"El pr\u00f3ximo viernes, 6 de febrero, nos visitar\u00e1 Fernando P\u00e9rez L\u00f3pez, ganador del Premio Arturo Barea de Investigaci\u00f3n Cultural 2025, organizado por la Diputaci\u00f3n de Badajoz, por su obra \"Un soldado espa\u00f1ol en la Guerra de \u00c1frica, 1859-1860\". Este galard\u00f3n reconoce estudios profundos sobre la historia cultural de la regi\u00f3n, destacando en esta edici\u00f3n el an\u00e1lisis de la primera guerra africana.","robots":{"index":"index","follow":"follow","max-snippet":"max-snippet:-1","max-image-preview":"max-image-preview:large","max-video-preview":"max-video-preview:-1"},"canonical":"https:\/\/coria.org\/ayuntamiento\/index.php\/eventos\/charla-como-hacer-una-investigacion-historica-analisis-y-transcripcion-de-un-diario-de-la-guerra-de-africa-1859-1860\/","og_locale":"es_ES","og_type":"article","og_title":"Charla \u201cC\u00f3mo hacer una investigaci\u00f3n Hist\u00f3rica: an\u00e1lisis y transcripci\u00f3n de un Diario de la Guerra de \u00c1frica (1859-1860)\"","og_description":"El pr\u00f3ximo viernes, 6 de febrero, nos visitar\u00e1 Fernando P\u00e9rez L\u00f3pez, ganador del Premio Arturo Barea de Investigaci\u00f3n Cultural 2025, organizado por la Diputaci\u00f3n de Badajoz, por su obra \"Un soldado espa\u00f1ol en la Guerra de \u00c1frica, 1859-1860\". Este galard\u00f3n reconoce estudios profundos sobre la historia cultural de la regi\u00f3n, destacando en esta edici\u00f3n el an\u00e1lisis de la primera guerra africana.","og_url":"https:\/\/coria.org\/ayuntamiento\/index.php\/eventos\/charla-como-hacer-una-investigacion-historica-analisis-y-transcripcion-de-un-diario-de-la-guerra-de-africa-1859-1860\/","og_site_name":"Ayuntamiento de Coria","article_publisher":"https:\/\/www.facebook.com\/Ayuntamiento.de.Coria","article_modified_time":"2026-02-03T10:27:09+00:00","og_image":[{"width":1080,"height":1528,"url":"https:\/\/coria.org\/ayuntamiento\/wp-content\/uploads\/2026\/02\/charla-fperezlopez.webp","type":"image\/webp"}],"twitter_card":"summary_large_image","twitter_title":"Charla \u201cC\u00f3mo hacer una investigaci\u00f3n Hist\u00f3rica: an\u00e1lisis y transcripci\u00f3n de un Diario de la Guerra de \u00c1frica (1859-1860)\"","twitter_description":"El pr\u00f3ximo viernes, 6 de febrero, nos visitar\u00e1 Fernando P\u00e9rez L\u00f3pez, ganador del Premio Arturo Barea de Investigaci\u00f3n Cultural 2025, organizado por la Diputaci\u00f3n de Badajoz, por su obra \"Un soldado espa\u00f1ol en la Guerra de \u00c1frica, 1859-1860\". Este galard\u00f3n reconoce estudios profundos sobre la historia cultural de la regi\u00f3n, destacando en esta edici\u00f3n el an\u00e1lisis de la primera guerra africana.","twitter_image":"https:\/\/coria.org\/ayuntamiento\/wp-content\/uploads\/2026\/02\/charla-fperezlopez.webp","twitter_site":"@Ayto_de_Coria","twitter_misc":{"Tiempo de lectura":"1 minuto"},"schema":{"@context":"https:\/\/schema.org","@graph":[{"@type":"WebPage","@id":"https:\/\/coria.org\/ayuntamiento\/index.php\/eventos\/charla-como-hacer-una-investigacion-historica-analisis-y-transcripcion-de-un-diario-de-la-guerra-de-africa-1859-1860\/","url":"https:\/\/coria.org\/ayuntamiento\/index.php\/eventos\/charla-como-hacer-una-investigacion-historica-analisis-y-transcripcion-de-un-diario-de-la-guerra-de-africa-1859-1860\/","name":"Charla \u201cC\u00f3mo hacer una investigaci\u00f3n Hist\u00f3rica: an\u00e1lisis y transcripci\u00f3n de un Diario de la Guerra de \u00c1frica (1859-1860)\" - Ayuntamiento de Coria","isPartOf":{"@id":"https:\/\/coria.org\/ayuntamiento\/#website"},"primaryImageOfPage":{"@id":"https:\/\/coria.org\/ayuntamiento\/index.php\/eventos\/charla-como-hacer-una-investigacion-historica-analisis-y-transcripcion-de-un-diario-de-la-guerra-de-africa-1859-1860\/#primaryimage"},"image":{"@id":"https:\/\/coria.org\/ayuntamiento\/index.php\/eventos\/charla-como-hacer-una-investigacion-historica-analisis-y-transcripcion-de-un-diario-de-la-guerra-de-africa-1859-1860\/#primaryimage"},"thumbnailUrl":"https:\/\/coria.org\/ayuntamiento\/wp-content\/uploads\/2026\/02\/charla-fperezlopez.webp","datePublished":"2026-02-03T10:25:04+00:00","dateModified":"2026-02-03T10:27:09+00:00","description":"El pr\u00f3ximo viernes, 6 de febrero, nos visitar\u00e1 Fernando P\u00e9rez L\u00f3pez, ganador del Premio Arturo Barea de Investigaci\u00f3n Cultural 2025, organizado por la Diputaci\u00f3n de Badajoz, por su obra \"Un soldado espa\u00f1ol en la Guerra de \u00c1frica, 1859-1860\". Este galard\u00f3n reconoce estudios profundos sobre la historia cultural de la regi\u00f3n, destacando en esta edici\u00f3n el an\u00e1lisis de la primera guerra africana.","breadcrumb":{"@id":"https:\/\/coria.org\/ayuntamiento\/index.php\/eventos\/charla-como-hacer-una-investigacion-historica-analisis-y-transcripcion-de-un-diario-de-la-guerra-de-africa-1859-1860\/#breadcrumb"},"inLanguage":"es","potentialAction":[{"@type":"ReadAction","target":["https:\/\/coria.org\/ayuntamiento\/index.php\/eventos\/charla-como-hacer-una-investigacion-historica-analisis-y-transcripcion-de-un-diario-de-la-guerra-de-africa-1859-1860\/"]}]},{"@type":"ImageObject","inLanguage":"es","@id":"https:\/\/coria.org\/ayuntamiento\/index.php\/eventos\/charla-como-hacer-una-investigacion-historica-analisis-y-transcripcion-de-un-diario-de-la-guerra-de-africa-1859-1860\/#primaryimage","url":"https:\/\/coria.org\/ayuntamiento\/wp-content\/uploads\/2026\/02\/charla-fperezlopez.webp","contentUrl":"https:\/\/coria.org\/ayuntamiento\/wp-content\/uploads\/2026\/02\/charla-fperezlopez.webp","width":1080,"height":1528},{"@type":"BreadcrumbList","@id":"https:\/\/coria.org\/ayuntamiento\/index.php\/eventos\/charla-como-hacer-una-investigacion-historica-analisis-y-transcripcion-de-un-diario-de-la-guerra-de-africa-1859-1860\/#breadcrumb","itemListElement":[{"@type":"ListItem","position":1,"name":"Inicio","item":"https:\/\/coria.org\/ayuntamiento\/"},{"@type":"ListItem","position":2,"name":"Eventos","item":"https:\/\/coria.org\/ayuntamiento\/index.php\/eventos\/"},{"@type":"ListItem","position":3,"name":"Charla \u201cC\u00f3mo hacer una investigaci\u00f3n Hist\u00f3rica: an\u00e1lisis y transcripci\u00f3n de un Diario de la Guerra de \u00c1frica (1859-1860)\u00bb"}]},{"@type":"WebSite","@id":"https:\/\/coria.org\/ayuntamiento\/#website","url":"https:\/\/coria.org\/ayuntamiento\/","name":"Ayuntamiento de Coria","description":"Web oficial del Ayuntamiento de Coria","publisher":{"@id":"https:\/\/coria.org\/ayuntamiento\/#organization"},"alternateName":"Web Oficial del Ayuntamiento de Coria","potentialAction":[{"@type":"SearchAction","target":{"@type":"EntryPoint","urlTemplate":"https:\/\/coria.org\/ayuntamiento\/?s={search_term_string}"},"query-input":{"@type":"PropertyValueSpecification","valueRequired":true,"valueName":"search_term_string"}}],"inLanguage":"es"},{"@type":"Organization","@id":"https:\/\/coria.org\/ayuntamiento\/#organization","name":"Ayuntamiento de Coria","alternateName":"Ayto de Coria","url":"https:\/\/coria.org\/ayuntamiento\/","logo":{"@type":"ImageObject","inLanguage":"es","@id":"https:\/\/coria.org\/ayuntamiento\/#\/schema\/logo\/image\/","url":"https:\/\/coria.org\/ayuntamiento\/wp-content\/uploads\/2020\/12\/escudo-ayuntamiento-coria.png","contentUrl":"https:\/\/coria.org\/ayuntamiento\/wp-content\/uploads\/2020\/12\/escudo-ayuntamiento-coria.png","width":511,"height":240,"caption":"Ayuntamiento de Coria"},"image":{"@id":"https:\/\/coria.org\/ayuntamiento\/#\/schema\/logo\/image\/"},"sameAs":["https:\/\/www.facebook.com\/Ayuntamiento.de.Coria","https:\/\/x.com\/Ayto_de_Coria","https:\/\/www.instagram.com\/coria.ayuntamiento\/","https:\/\/www.youtube.com\/user\/AYUNTAMIENTOCORIA"]}]}},"uagb_featured_image_src":{"full":["https:\/\/coria.org\/ayuntamiento\/wp-content\/uploads\/2026\/02\/charla-fperezlopez.webp",1080,1528,false],"thumbnail":["https:\/\/coria.org\/ayuntamiento\/wp-content\/uploads\/2026\/02\/charla-fperezlopez-150x150.webp",150,150,true],"medium":["https:\/\/coria.org\/ayuntamiento\/wp-content\/uploads\/2026\/02\/charla-fperezlopez.webp",1080,1528,false],"medium_large":["https:\/\/coria.org\/ayuntamiento\/wp-content\/uploads\/2026\/02\/charla-fperezlopez-768x1087.webp",768,1087,true],"large":["https:\/\/coria.org\/ayuntamiento\/wp-content\/uploads\/2026\/02\/charla-fperezlopez.webp",1080,1528,false],"thumblist":["https:\/\/coria.org\/ayuntamiento\/wp-content\/uploads\/2026\/02\/charla-fperezlopez-300x300.webp",300,300,true],"thumbrelated":["https:\/\/coria.org\/ayuntamiento\/wp-content\/uploads\/2026\/02\/charla-fperezlopez-500x500.webp",500,500,true],"meccarouselthumb":["https:\/\/coria.org\/ayuntamiento\/wp-content\/uploads\/2026\/02\/charla-fperezlopez-474x324.webp",474,324,true],"gridsquare":["https:\/\/coria.org\/ayuntamiento\/wp-content\/uploads\/2026\/02\/charla-fperezlopez-391x260.webp",391,260,true],"tileview":["https:\/\/coria.org\/ayuntamiento\/wp-content\/uploads\/2026\/02\/charla-fperezlopez-300x400.webp",300,400,true],"1536x1536":["https:\/\/coria.org\/ayuntamiento\/wp-content\/uploads\/2026\/02\/charla-fperezlopez.webp",1080,1528,false],"2048x2048":["https:\/\/coria.org\/ayuntamiento\/wp-content\/uploads\/2026\/02\/charla-fperezlopez.webp",1080,1528,false]},"uagb_author_info":{"display_name":"prensa@coria.org","author_link":"https:\/\/coria.org\/ayuntamiento\/index.php\/author\/prensacoria-org\/"},"uagb_comment_info":0,"uagb_excerpt":"El pr\u00f3ximo viernes, 6 de febrero, nos visitar\u00e1 Fernando P\u00e9rez L\u00f3pez, ganador del Premio Arturo Barea de Investigaci\u00f3n Cultural 2025, organizado por la Diputaci\u00f3n de Badajoz, por su obra \u00abUn soldado espa\u00f1ol en la Guerra de \u00c1frica, 1859-1860\u00bb. Este galard\u00f3n reconoce estudios profundos sobre la historia cultural de la regi\u00f3n, destacando en esta edici\u00f3n el&hellip;","_links":{"self":[{"href":"https:\/\/coria.org\/ayuntamiento\/index.php\/wp-json\/wp\/v2\/mec-events\/66026","targetHints":{"allow":["GET"]}}],"collection":[{"href":"https:\/\/coria.org\/ayuntamiento\/index.php\/wp-json\/wp\/v2\/mec-events"}],"about":[{"href":"https:\/\/coria.org\/ayuntamiento\/index.php\/wp-json\/wp\/v2\/types\/mec-events"}],"author":[{"embeddable":true,"href":"https:\/\/coria.org\/ayuntamiento\/index.php\/wp-json\/wp\/v2\/users\/3"}],"replies":[{"embeddable":true,"href":"https:\/\/coria.org\/ayuntamiento\/index.php\/wp-json\/wp\/v2\/comments?post=66026"}],"wp:featuredmedia":[{"embeddable":true,"href":"https:\/\/coria.org\/ayuntamiento\/index.php\/wp-json\/wp\/v2\/media\/66025"}],"wp:attachment":[{"href":"https:\/\/coria.org\/ayuntamiento\/index.php\/wp-json\/wp\/v2\/media?parent=66026"}],"wp:term":[{"taxonomy":"post_tag","embeddable":true,"href":"https:\/\/coria.org\/ayuntamiento\/index.php\/wp-json\/wp\/v2\/tags?post=66026"},{"taxonomy":"mec_category","embeddable":true,"href":"https:\/\/coria.org\/ayuntamiento\/index.php\/wp-json\/wp\/v2\/mec_category?post=66026"}],"curies":[{"name":"wp","href":"https:\/\/api.w.org\/{rel}","templated":true}]}}