{"id":65554,"date":"2025-10-28T07:15:13","date_gmt":"2025-10-28T06:15:13","guid":{"rendered":"https:\/\/coria.org\/ayuntamiento\/index.php\/eventos\/taller-iniciacion-a-la-tecnologia-para-mayores-yo-conecto-de-cibervoluntarios\/"},"modified":"2025-10-28T20:10:27","modified_gmt":"2025-10-28T19:10:27","slug":"taller-iniciacion-a-la-tecnologia-para-mayores-yo-conecto-de-cibervoluntarios","status":"publish","type":"mec-events","link":"https:\/\/coria.org\/ayuntamiento\/index.php\/eventos\/taller-iniciacion-a-la-tecnologia-para-mayores-yo-conecto-de-cibervoluntarios\/","title":{"rendered":"Taller iniciaci\u00f3n a la tecnolog\u00eda para mayores \u00abYo conecto\u00bb de Cibervoluntarios"},"content":{"rendered":"\n<p>Este taller que se desarrollar\u00e1 en las instalaciones de la Biblioteca Municipal del 17 al 20 de Noviembre en horario de 10:30 a 12:30h. Quien est\u00e9 interesado\/a se puede inscribir durante esta semana en la biblioteca, de manera presencial o por tel\u00e9fono (927 508000 ext. 263).<\/p>\n\n\n\n<p>\u00abYo Conecto\u00bb es un programa de la Fundaci\u00f3n Cibervoluntarios dise\u00f1ado para ense\u00f1ar a personas mayores a utilizar la tecnolog\u00eda de forma sencilla y \u00fatil. Ofrece formaci\u00f3n gratuita y presencial en competencias digitales b\u00e1sicas, como usar el m\u00f3vil, hacer videollamadas, realizar tr\u00e1mites por internet y proteger datos.<\/p>\n\n\n\n<p>Caracter\u00edsticas del programa:<\/p>\n\n\n\n<p>&#8211; Formaci\u00f3n gratuita: Los cursos son gratuitos y est\u00e1n orientados a personas mayores de 55 a\u00f1os.<br>-Contenido pr\u00e1ctico: Se centra en herramientas digitales esenciales para el d\u00eda a d\u00eda, como la comunicaci\u00f3n por videollamada (WhatsApp, Zoom, Meet) y la gesti\u00f3n de citas m\u00e9dicas online.<br>&#8211; Seguridad digital: Se ense\u00f1a a navegar con confianza, proteger datos personales y gestionar la privacidad en internet.<br>&#8211; Autonom\u00eda online: Los participantes aprenden a realizar gestiones con la administraci\u00f3n electr\u00f3nica, como obtener el certificado digital o registrarse en Cl@ve.<br>&#8211; Ocio y comunicaci\u00f3n: Se exploran plataformas para el ocio, como ver series o leer la prensa en l\u00ednea, y se fomenta la comunicaci\u00f3n con seres queridos.<br>&#8211; Certificado de participaci\u00f3n: Al finalizar el curso, se entrega un certificado.<\/p>\n","protected":false},"excerpt":{"rendered":"<p>Este taller que se desarrollar\u00e1 en las instalaciones de la Biblioteca Municipal del 17 al 20 de Noviembre en horario de 10:30 a 12:30h. Quien est\u00e9 interesado\/a se puede inscribir durante esta semana en la biblioteca, de manera presencial o por tel\u00e9fono (927 508000 ext. 263). \u00abYo Conecto\u00bb es un programa de la Fundaci\u00f3n Cibervoluntarios [&hellip;]<\/p>\n","protected":false},"author":2,"featured_media":65553,"comment_status":"closed","ping_status":"closed","template":"evento","tags":[877],"mec_category":[1612,1613],"class_list":["post-65554","mec-events","type-mec-events","status-publish","has-post-thumbnail","hentry","tag-nuevas-tecnologias","mec_category-destacado","mec_category-evento"],"yoast_head":"<!-- This site is optimized with the Yoast SEO plugin v27.5 - https:\/\/yoast.com\/product\/yoast-seo-wordpress\/ -->\n<title>Taller iniciaci\u00f3n a la tecnolog\u00eda para mayores &quot;Yo conecto&quot; de Cibervoluntarios - Ayuntamiento de Coria<\/title>\n<meta name=\"description\" content=\"Este taller que se desarrollar\u00e1 en las instalaciones de la Biblioteca Municipal del 17 al 20 de Noviembre en horario de 10:30 a 12:30h. Quien est\u00e9 interesado\/a se puede inscribir durante esta semana en la biblioteca, de manera presencial o por tel\u00e9fono (927 508000 ext. 263).\" \/>\n<meta name=\"robots\" content=\"index, follow, max-snippet:-1, max-image-preview:large, max-video-preview:-1\" \/>\n<link rel=\"canonical\" href=\"https:\/\/coria.org\/ayuntamiento\/index.php\/eventos\/taller-iniciacion-a-la-tecnologia-para-mayores-yo-conecto-de-cibervoluntarios\/\" \/>\n<meta property=\"og:locale\" content=\"es_ES\" \/>\n<meta property=\"og:type\" content=\"article\" \/>\n<meta property=\"og:title\" content=\"Taller iniciaci\u00f3n a la tecnolog\u00eda para mayores &quot;Yo conecto&quot; de Cibervoluntarios\" \/>\n<meta property=\"og:description\" content=\"Este taller que se desarrollar\u00e1 en las instalaciones de la Biblioteca Municipal del 17 al 20 de Noviembre en horario de 10:30 a 12:30h. Quien est\u00e9 interesado\/a se puede inscribir durante esta semana en la biblioteca, de manera presencial o por tel\u00e9fono (927 508000 ext. 263).\" \/>\n<meta property=\"og:url\" content=\"https:\/\/coria.org\/ayuntamiento\/index.php\/eventos\/taller-iniciacion-a-la-tecnologia-para-mayores-yo-conecto-de-cibervoluntarios\/\" \/>\n<meta property=\"og:site_name\" content=\"Ayuntamiento de Coria\" \/>\n<meta property=\"article:publisher\" content=\"https:\/\/www.facebook.com\/Ayuntamiento.de.Coria\" \/>\n<meta property=\"article:modified_time\" content=\"2025-10-28T19:10:27+00:00\" \/>\n<meta property=\"og:image\" content=\"https:\/\/coria.org\/ayuntamiento\/wp-content\/uploads\/2025\/10\/yo-conecto-coria.webp\" \/>\n\t<meta property=\"og:image:width\" content=\"1080\" \/>\n\t<meta property=\"og:image:height\" content=\"1527\" \/>\n\t<meta property=\"og:image:type\" content=\"image\/webp\" \/>\n<meta name=\"twitter:card\" content=\"summary_large_image\" \/>\n<meta name=\"twitter:title\" content=\"Taller iniciaci\u00f3n a la tecnolog\u00eda para mayores &quot;Yo conecto&quot; de Cibervoluntarios\" \/>\n<meta name=\"twitter:description\" content=\"Este taller que se desarrollar\u00e1 en las instalaciones de la Biblioteca Municipal del 17 al 20 de Noviembre en horario de 10:30 a 12:30h. Quien est\u00e9 interesado\/a se puede inscribir durante esta semana en la biblioteca, de manera presencial o por tel\u00e9fono (927 508000 ext. 263).\" \/>\n<meta name=\"twitter:image\" content=\"https:\/\/coria.org\/ayuntamiento\/wp-content\/uploads\/2025\/10\/yo-conecto-coria.webp\" \/>\n<meta name=\"twitter:site\" content=\"@Ayto_de_Coria\" \/>\n<meta name=\"twitter:label1\" content=\"Tiempo de lectura\" \/>\n\t<meta name=\"twitter:data1\" content=\"2 minutos\" \/>\n<script type=\"application\/ld+json\" class=\"yoast-schema-graph\">{\"@context\":\"https:\\\/\\\/schema.org\",\"@graph\":[{\"@type\":\"WebPage\",\"@id\":\"https:\\\/\\\/coria.org\\\/ayuntamiento\\\/index.php\\\/eventos\\\/taller-iniciacion-a-la-tecnologia-para-mayores-yo-conecto-de-cibervoluntarios\\\/\",\"url\":\"https:\\\/\\\/coria.org\\\/ayuntamiento\\\/index.php\\\/eventos\\\/taller-iniciacion-a-la-tecnologia-para-mayores-yo-conecto-de-cibervoluntarios\\\/\",\"name\":\"Taller iniciaci\u00f3n a la tecnolog\u00eda para mayores \\\"Yo conecto\\\" de Cibervoluntarios - Ayuntamiento de Coria\",\"isPartOf\":{\"@id\":\"https:\\\/\\\/coria.org\\\/ayuntamiento\\\/#website\"},\"primaryImageOfPage\":{\"@id\":\"https:\\\/\\\/coria.org\\\/ayuntamiento\\\/index.php\\\/eventos\\\/taller-iniciacion-a-la-tecnologia-para-mayores-yo-conecto-de-cibervoluntarios\\\/#primaryimage\"},\"image\":{\"@id\":\"https:\\\/\\\/coria.org\\\/ayuntamiento\\\/index.php\\\/eventos\\\/taller-iniciacion-a-la-tecnologia-para-mayores-yo-conecto-de-cibervoluntarios\\\/#primaryimage\"},\"thumbnailUrl\":\"https:\\\/\\\/coria.org\\\/ayuntamiento\\\/wp-content\\\/uploads\\\/2025\\\/10\\\/yo-conecto-coria.webp\",\"datePublished\":\"2025-10-28T06:15:13+00:00\",\"dateModified\":\"2025-10-28T19:10:27+00:00\",\"description\":\"Este taller que se desarrollar\u00e1 en las instalaciones de la Biblioteca Municipal del 17 al 20 de Noviembre en horario de 10:30 a 12:30h. Quien est\u00e9 interesado\\\/a se puede inscribir durante esta semana en la biblioteca, de manera presencial o por tel\u00e9fono (927 508000 ext. 263).\",\"breadcrumb\":{\"@id\":\"https:\\\/\\\/coria.org\\\/ayuntamiento\\\/index.php\\\/eventos\\\/taller-iniciacion-a-la-tecnologia-para-mayores-yo-conecto-de-cibervoluntarios\\\/#breadcrumb\"},\"inLanguage\":\"es\",\"potentialAction\":[{\"@type\":\"ReadAction\",\"target\":[\"https:\\\/\\\/coria.org\\\/ayuntamiento\\\/index.php\\\/eventos\\\/taller-iniciacion-a-la-tecnologia-para-mayores-yo-conecto-de-cibervoluntarios\\\/\"]}]},{\"@type\":\"ImageObject\",\"inLanguage\":\"es\",\"@id\":\"https:\\\/\\\/coria.org\\\/ayuntamiento\\\/index.php\\\/eventos\\\/taller-iniciacion-a-la-tecnologia-para-mayores-yo-conecto-de-cibervoluntarios\\\/#primaryimage\",\"url\":\"https:\\\/\\\/coria.org\\\/ayuntamiento\\\/wp-content\\\/uploads\\\/2025\\\/10\\\/yo-conecto-coria.webp\",\"contentUrl\":\"https:\\\/\\\/coria.org\\\/ayuntamiento\\\/wp-content\\\/uploads\\\/2025\\\/10\\\/yo-conecto-coria.webp\",\"width\":1080,\"height\":1527},{\"@type\":\"BreadcrumbList\",\"@id\":\"https:\\\/\\\/coria.org\\\/ayuntamiento\\\/index.php\\\/eventos\\\/taller-iniciacion-a-la-tecnologia-para-mayores-yo-conecto-de-cibervoluntarios\\\/#breadcrumb\",\"itemListElement\":[{\"@type\":\"ListItem\",\"position\":1,\"name\":\"Inicio\",\"item\":\"https:\\\/\\\/coria.org\\\/ayuntamiento\\\/\"},{\"@type\":\"ListItem\",\"position\":2,\"name\":\"Eventos\",\"item\":\"https:\\\/\\\/coria.org\\\/ayuntamiento\\\/index.php\\\/eventos\\\/\"},{\"@type\":\"ListItem\",\"position\":3,\"name\":\"Taller iniciaci\u00f3n a la tecnolog\u00eda para mayores \u00abYo conecto\u00bb de Cibervoluntarios\"}]},{\"@type\":\"WebSite\",\"@id\":\"https:\\\/\\\/coria.org\\\/ayuntamiento\\\/#website\",\"url\":\"https:\\\/\\\/coria.org\\\/ayuntamiento\\\/\",\"name\":\"Ayuntamiento de Coria\",\"description\":\"Web oficial del Ayuntamiento de Coria\",\"publisher\":{\"@id\":\"https:\\\/\\\/coria.org\\\/ayuntamiento\\\/#organization\"},\"alternateName\":\"Web Oficial del Ayuntamiento de Coria\",\"potentialAction\":[{\"@type\":\"SearchAction\",\"target\":{\"@type\":\"EntryPoint\",\"urlTemplate\":\"https:\\\/\\\/coria.org\\\/ayuntamiento\\\/?s={search_term_string}\"},\"query-input\":{\"@type\":\"PropertyValueSpecification\",\"valueRequired\":true,\"valueName\":\"search_term_string\"}}],\"inLanguage\":\"es\"},{\"@type\":\"Organization\",\"@id\":\"https:\\\/\\\/coria.org\\\/ayuntamiento\\\/#organization\",\"name\":\"Ayuntamiento de Coria\",\"alternateName\":\"Ayto de Coria\",\"url\":\"https:\\\/\\\/coria.org\\\/ayuntamiento\\\/\",\"logo\":{\"@type\":\"ImageObject\",\"inLanguage\":\"es\",\"@id\":\"https:\\\/\\\/coria.org\\\/ayuntamiento\\\/#\\\/schema\\\/logo\\\/image\\\/\",\"url\":\"https:\\\/\\\/coria.org\\\/ayuntamiento\\\/wp-content\\\/uploads\\\/2020\\\/12\\\/escudo-ayuntamiento-coria.png\",\"contentUrl\":\"https:\\\/\\\/coria.org\\\/ayuntamiento\\\/wp-content\\\/uploads\\\/2020\\\/12\\\/escudo-ayuntamiento-coria.png\",\"width\":511,\"height\":240,\"caption\":\"Ayuntamiento de Coria\"},\"image\":{\"@id\":\"https:\\\/\\\/coria.org\\\/ayuntamiento\\\/#\\\/schema\\\/logo\\\/image\\\/\"},\"sameAs\":[\"https:\\\/\\\/www.facebook.com\\\/Ayuntamiento.de.Coria\",\"https:\\\/\\\/x.com\\\/Ayto_de_Coria\",\"https:\\\/\\\/www.instagram.com\\\/coria.ayuntamiento\\\/\",\"https:\\\/\\\/www.youtube.com\\\/user\\\/AYUNTAMIENTOCORIA\"]}]}<\/script>\n<!-- \/ Yoast SEO plugin. -->","yoast_head_json":{"title":"Taller iniciaci\u00f3n a la tecnolog\u00eda para mayores \"Yo conecto\" de Cibervoluntarios - Ayuntamiento de Coria","description":"Este taller que se desarrollar\u00e1 en las instalaciones de la Biblioteca Municipal del 17 al 20 de Noviembre en horario de 10:30 a 12:30h. Quien est\u00e9 interesado\/a se puede inscribir durante esta semana en la biblioteca, de manera presencial o por tel\u00e9fono (927 508000 ext. 263).","robots":{"index":"index","follow":"follow","max-snippet":"max-snippet:-1","max-image-preview":"max-image-preview:large","max-video-preview":"max-video-preview:-1"},"canonical":"https:\/\/coria.org\/ayuntamiento\/index.php\/eventos\/taller-iniciacion-a-la-tecnologia-para-mayores-yo-conecto-de-cibervoluntarios\/","og_locale":"es_ES","og_type":"article","og_title":"Taller iniciaci\u00f3n a la tecnolog\u00eda para mayores \"Yo conecto\" de Cibervoluntarios","og_description":"Este taller que se desarrollar\u00e1 en las instalaciones de la Biblioteca Municipal del 17 al 20 de Noviembre en horario de 10:30 a 12:30h. Quien est\u00e9 interesado\/a se puede inscribir durante esta semana en la biblioteca, de manera presencial o por tel\u00e9fono (927 508000 ext. 263).","og_url":"https:\/\/coria.org\/ayuntamiento\/index.php\/eventos\/taller-iniciacion-a-la-tecnologia-para-mayores-yo-conecto-de-cibervoluntarios\/","og_site_name":"Ayuntamiento de Coria","article_publisher":"https:\/\/www.facebook.com\/Ayuntamiento.de.Coria","article_modified_time":"2025-10-28T19:10:27+00:00","og_image":[{"width":1080,"height":1527,"url":"https:\/\/coria.org\/ayuntamiento\/wp-content\/uploads\/2025\/10\/yo-conecto-coria.webp","type":"image\/webp"}],"twitter_card":"summary_large_image","twitter_title":"Taller iniciaci\u00f3n a la tecnolog\u00eda para mayores \"Yo conecto\" de Cibervoluntarios","twitter_description":"Este taller que se desarrollar\u00e1 en las instalaciones de la Biblioteca Municipal del 17 al 20 de Noviembre en horario de 10:30 a 12:30h. Quien est\u00e9 interesado\/a se puede inscribir durante esta semana en la biblioteca, de manera presencial o por tel\u00e9fono (927 508000 ext. 263).","twitter_image":"https:\/\/coria.org\/ayuntamiento\/wp-content\/uploads\/2025\/10\/yo-conecto-coria.webp","twitter_site":"@Ayto_de_Coria","twitter_misc":{"Tiempo de lectura":"2 minutos"},"schema":{"@context":"https:\/\/schema.org","@graph":[{"@type":"WebPage","@id":"https:\/\/coria.org\/ayuntamiento\/index.php\/eventos\/taller-iniciacion-a-la-tecnologia-para-mayores-yo-conecto-de-cibervoluntarios\/","url":"https:\/\/coria.org\/ayuntamiento\/index.php\/eventos\/taller-iniciacion-a-la-tecnologia-para-mayores-yo-conecto-de-cibervoluntarios\/","name":"Taller iniciaci\u00f3n a la tecnolog\u00eda para mayores \"Yo conecto\" de Cibervoluntarios - Ayuntamiento de Coria","isPartOf":{"@id":"https:\/\/coria.org\/ayuntamiento\/#website"},"primaryImageOfPage":{"@id":"https:\/\/coria.org\/ayuntamiento\/index.php\/eventos\/taller-iniciacion-a-la-tecnologia-para-mayores-yo-conecto-de-cibervoluntarios\/#primaryimage"},"image":{"@id":"https:\/\/coria.org\/ayuntamiento\/index.php\/eventos\/taller-iniciacion-a-la-tecnologia-para-mayores-yo-conecto-de-cibervoluntarios\/#primaryimage"},"thumbnailUrl":"https:\/\/coria.org\/ayuntamiento\/wp-content\/uploads\/2025\/10\/yo-conecto-coria.webp","datePublished":"2025-10-28T06:15:13+00:00","dateModified":"2025-10-28T19:10:27+00:00","description":"Este taller que se desarrollar\u00e1 en las instalaciones de la Biblioteca Municipal del 17 al 20 de Noviembre en horario de 10:30 a 12:30h. Quien est\u00e9 interesado\/a se puede inscribir durante esta semana en la biblioteca, de manera presencial o por tel\u00e9fono (927 508000 ext. 263).","breadcrumb":{"@id":"https:\/\/coria.org\/ayuntamiento\/index.php\/eventos\/taller-iniciacion-a-la-tecnologia-para-mayores-yo-conecto-de-cibervoluntarios\/#breadcrumb"},"inLanguage":"es","potentialAction":[{"@type":"ReadAction","target":["https:\/\/coria.org\/ayuntamiento\/index.php\/eventos\/taller-iniciacion-a-la-tecnologia-para-mayores-yo-conecto-de-cibervoluntarios\/"]}]},{"@type":"ImageObject","inLanguage":"es","@id":"https:\/\/coria.org\/ayuntamiento\/index.php\/eventos\/taller-iniciacion-a-la-tecnologia-para-mayores-yo-conecto-de-cibervoluntarios\/#primaryimage","url":"https:\/\/coria.org\/ayuntamiento\/wp-content\/uploads\/2025\/10\/yo-conecto-coria.webp","contentUrl":"https:\/\/coria.org\/ayuntamiento\/wp-content\/uploads\/2025\/10\/yo-conecto-coria.webp","width":1080,"height":1527},{"@type":"BreadcrumbList","@id":"https:\/\/coria.org\/ayuntamiento\/index.php\/eventos\/taller-iniciacion-a-la-tecnologia-para-mayores-yo-conecto-de-cibervoluntarios\/#breadcrumb","itemListElement":[{"@type":"ListItem","position":1,"name":"Inicio","item":"https:\/\/coria.org\/ayuntamiento\/"},{"@type":"ListItem","position":2,"name":"Eventos","item":"https:\/\/coria.org\/ayuntamiento\/index.php\/eventos\/"},{"@type":"ListItem","position":3,"name":"Taller iniciaci\u00f3n a la tecnolog\u00eda para mayores \u00abYo conecto\u00bb de Cibervoluntarios"}]},{"@type":"WebSite","@id":"https:\/\/coria.org\/ayuntamiento\/#website","url":"https:\/\/coria.org\/ayuntamiento\/","name":"Ayuntamiento de Coria","description":"Web oficial del Ayuntamiento de Coria","publisher":{"@id":"https:\/\/coria.org\/ayuntamiento\/#organization"},"alternateName":"Web Oficial del Ayuntamiento de Coria","potentialAction":[{"@type":"SearchAction","target":{"@type":"EntryPoint","urlTemplate":"https:\/\/coria.org\/ayuntamiento\/?s={search_term_string}"},"query-input":{"@type":"PropertyValueSpecification","valueRequired":true,"valueName":"search_term_string"}}],"inLanguage":"es"},{"@type":"Organization","@id":"https:\/\/coria.org\/ayuntamiento\/#organization","name":"Ayuntamiento de Coria","alternateName":"Ayto de Coria","url":"https:\/\/coria.org\/ayuntamiento\/","logo":{"@type":"ImageObject","inLanguage":"es","@id":"https:\/\/coria.org\/ayuntamiento\/#\/schema\/logo\/image\/","url":"https:\/\/coria.org\/ayuntamiento\/wp-content\/uploads\/2020\/12\/escudo-ayuntamiento-coria.png","contentUrl":"https:\/\/coria.org\/ayuntamiento\/wp-content\/uploads\/2020\/12\/escudo-ayuntamiento-coria.png","width":511,"height":240,"caption":"Ayuntamiento de Coria"},"image":{"@id":"https:\/\/coria.org\/ayuntamiento\/#\/schema\/logo\/image\/"},"sameAs":["https:\/\/www.facebook.com\/Ayuntamiento.de.Coria","https:\/\/x.com\/Ayto_de_Coria","https:\/\/www.instagram.com\/coria.ayuntamiento\/","https:\/\/www.youtube.com\/user\/AYUNTAMIENTOCORIA"]}]}},"uagb_featured_image_src":{"full":["https:\/\/coria.org\/ayuntamiento\/wp-content\/uploads\/2025\/10\/yo-conecto-coria.webp",1080,1527,false],"thumbnail":["https:\/\/coria.org\/ayuntamiento\/wp-content\/uploads\/2025\/10\/yo-conecto-coria-150x150.webp",150,150,true],"medium":["https:\/\/coria.org\/ayuntamiento\/wp-content\/uploads\/2025\/10\/yo-conecto-coria.webp",1080,1527,false],"medium_large":["https:\/\/coria.org\/ayuntamiento\/wp-content\/uploads\/2025\/10\/yo-conecto-coria-768x1086.webp",768,1086,true],"large":["https:\/\/coria.org\/ayuntamiento\/wp-content\/uploads\/2025\/10\/yo-conecto-coria.webp",1080,1527,false],"thumblist":["https:\/\/coria.org\/ayuntamiento\/wp-content\/uploads\/2025\/10\/yo-conecto-coria-300x300.webp",300,300,true],"thumbrelated":["https:\/\/coria.org\/ayuntamiento\/wp-content\/uploads\/2025\/10\/yo-conecto-coria-500x500.webp",500,500,true],"meccarouselthumb":["https:\/\/coria.org\/ayuntamiento\/wp-content\/uploads\/2025\/10\/yo-conecto-coria-474x324.webp",474,324,true],"gridsquare":["https:\/\/coria.org\/ayuntamiento\/wp-content\/uploads\/2025\/10\/yo-conecto-coria-391x260.webp",391,260,true],"tileview":["https:\/\/coria.org\/ayuntamiento\/wp-content\/uploads\/2025\/10\/yo-conecto-coria-300x400.webp",300,400,true],"1536x1536":["https:\/\/coria.org\/ayuntamiento\/wp-content\/uploads\/2025\/10\/yo-conecto-coria.webp",1080,1527,false],"2048x2048":["https:\/\/coria.org\/ayuntamiento\/wp-content\/uploads\/2025\/10\/yo-conecto-coria.webp",1080,1527,false]},"uagb_author_info":{"display_name":"ayuntamiento","author_link":"https:\/\/coria.org\/ayuntamiento\/index.php\/author\/ayuntamiento\/"},"uagb_comment_info":0,"uagb_excerpt":"Este taller que se desarrollar\u00e1 en las instalaciones de la Biblioteca Municipal del 17 al 20 de Noviembre en horario de 10:30 a 12:30h. Quien est\u00e9 interesado\/a se puede inscribir durante esta semana en la biblioteca, de manera presencial o por tel\u00e9fono (927 508000 ext. 263). \u00abYo Conecto\u00bb es un programa de la Fundaci\u00f3n Cibervoluntarios&hellip;","_links":{"self":[{"href":"https:\/\/coria.org\/ayuntamiento\/index.php\/wp-json\/wp\/v2\/mec-events\/65554","targetHints":{"allow":["GET"]}}],"collection":[{"href":"https:\/\/coria.org\/ayuntamiento\/index.php\/wp-json\/wp\/v2\/mec-events"}],"about":[{"href":"https:\/\/coria.org\/ayuntamiento\/index.php\/wp-json\/wp\/v2\/types\/mec-events"}],"author":[{"embeddable":true,"href":"https:\/\/coria.org\/ayuntamiento\/index.php\/wp-json\/wp\/v2\/users\/2"}],"replies":[{"embeddable":true,"href":"https:\/\/coria.org\/ayuntamiento\/index.php\/wp-json\/wp\/v2\/comments?post=65554"}],"wp:featuredmedia":[{"embeddable":true,"href":"https:\/\/coria.org\/ayuntamiento\/index.php\/wp-json\/wp\/v2\/media\/65553"}],"wp:attachment":[{"href":"https:\/\/coria.org\/ayuntamiento\/index.php\/wp-json\/wp\/v2\/media?parent=65554"}],"wp:term":[{"taxonomy":"post_tag","embeddable":true,"href":"https:\/\/coria.org\/ayuntamiento\/index.php\/wp-json\/wp\/v2\/tags?post=65554"},{"taxonomy":"mec_category","embeddable":true,"href":"https:\/\/coria.org\/ayuntamiento\/index.php\/wp-json\/wp\/v2\/mec_category?post=65554"}],"curies":[{"name":"wp","href":"https:\/\/api.w.org\/{rel}","templated":true}]}}