{"id":64455,"date":"2025-04-28T09:07:42","date_gmt":"2025-04-28T07:07:42","guid":{"rendered":"https:\/\/coria.org\/ayuntamiento\/index.php\/eventos\/fiestas-patronales-de-puebla-de-argeme-2025\/"},"modified":"2025-05-02T09:03:54","modified_gmt":"2025-05-02T07:03:54","slug":"fiestas-patronales-de-puebla-de-argeme-2025","status":"publish","type":"mec-events","link":"https:\/\/coria.org\/ayuntamiento\/index.php\/eventos\/fiestas-patronales-de-puebla-de-argeme-2025\/","title":{"rendered":"Fiestas Patronales de Puebla de Argeme 2025"},"content":{"rendered":"\n<h3 class=\"wp-block-heading\">Programa de las Fiestas Patronales de Puebla de Argeme<\/h3>\n\n\n\n<p><strong>JUEVES 8<\/strong><\/p>\n\n\n\n<p>22:00h Noche con el mejor Folklore el del grupo \u201cLA VARA\u201d. Actuaci\u00f3n estelar de los peque\u00f1ines de nuestra cantera folcl\u00f3rica.(Carpa Municipal)<\/p>\n\n\n\n<p><strong>VIERNES 9<\/strong><\/p>\n\n\n\n<p>18:00h Tirada de Cohetes de inicio de Fiestas.<\/p>\n\n\n\n<p>20:00h Lidia de un Toro por las calles.<\/p>\n\n\n\n<p>21:15h \u201cDj Pedro Sojo\u00bb. Actuaci\u00f3n donada por Pe\u00f1a La Far\u00e1ndula en su 10\u00ba aniversario. (Puerta del campo de f\u00fatbol)<\/p>\n\n\n\n<p>23:59h Mega Fiesta Tour 25 Orquesta \u201cLa Factor\u00eda\u00bb (Carpa Municipal)<\/p>\n\n\n\n<p><strong>S\u00c1BADO 10<\/strong> (Viernes noche)<\/p>\n\n\n\n<p>Mega Fiesta Tour 25 Orquesta \u201cLa Factor\u00eda\u00bb (Carpa Municipal)<\/p>\n\n\n\n<p>04:00h Lidia de un Toro por las calles.<\/p>\n\n\n\n<p>10:00h Encierro Tradicional de Bueyes a Caballo (Salida zona charcos de La Mediana)<\/p>\n\n\n\n<p>11:00h Llegada de Bueyes a Puebla por calle Jara.<\/p>\n\n\n\n<p>12:00h Misa en honor a la Virgen de Argeme.<\/p>\n\n\n\n<p>13:00h Procesi\u00f3n de la Virgen de Argeme.<\/p>\n\n\n\n<p>13:40h Tradicional Vino de Honor (Casa de Cultura)<\/p>\n\n\n\n<p>14:00h Charanga por bares y pe\u00f1as.<\/p>\n\n\n\n<p>20:00h Lidia de una Vaca por las calles.<\/p>\n\n\n\n<p>20:30h Lidia de un Toro por las calles.<\/p>\n\n\n\n<p><strong>DOMINGO 11<\/strong> (S\u00e1bado noche)<\/p>\n\n\n\n<p>00:00h Victor Montero DJ<\/p>\n\n\n\n<p>02:30h Alex Rodriguez en Concierto (Carpa Municipal)<\/p>\n\n\n\n<p>03:15h Blood Drothers DJ<\/p>\n\n\n\n<p>05:45h \u00d1ako DJ<\/p>\n\n\n\n<p>04:00h Lidia de un Toro por las calles.<\/p>\n\n\n\n<p>11:00h Misa<\/p>\n\n\n\n<p>12:00h Gran Prix de las Pe\u00f1as. Con dos Vaquillas.<\/p>\n\n\n\n<p>13:30h Lidia de un Toro por las calles.<\/p>\n\n\n\n<p>17:00h Charanga por las calles.<\/p>\n\n\n\n<p>20:00h Lidia de un Toro por las calles.<\/p>\n\n\n\n<p>23:59h Orquesta \u00abEvanix Forever\u00bb (Zona de Pe\u00f1as)<\/p>\n\n\n\n<p><strong>LUNES 12<\/strong> (Domingo noche)<\/p>\n\n\n\n<p>Orquesta \u00abEvanix Forever\u00bb (Zona de Pe\u00f1as)<\/p>\n\n\n\n<p>03:30h Lidia de dos Vacas por las calles.<\/p>\n\n\n\n<p>10:00h Romer\u00eda en el Santuario de la Virgen de Argeme.<\/p>\n\n\n\n<p>12:00h Espect\u00e1culo Infantil de Toros Hinchables (Salida desde Casa de Cultura)<\/p>\n\n\n\n<p>12:30h Espect\u00e1culo Infantil de la Fiesta de la Espuma (Junto a Casa de Cultura)<\/p>\n\n\n\n<p>18:30h Encierro Infantil Did\u00e1ctico de Bueyes mansos (Salida desde los toriles)<\/p>\n\n\n\n<p>20:00h Lidia de un Toro por las calles.<\/p>\n\n\n\n<p>22:00h Concierto \u201cOscar Recio\u201d. (Zona de Pe\u00f1as)<\/p>\n\n\n\n<p>00:30h Fuegos Artificiales de Fin de Fiesta.<\/p>\n","protected":false},"excerpt":{"rendered":"<p>Programa de las Fiestas Patronales de Puebla de Argeme JUEVES 8 22:00h Noche con el mejor Folklore el del grupo \u201cLA VARA\u201d. Actuaci\u00f3n estelar de los peque\u00f1ines de nuestra cantera folcl\u00f3rica.(Carpa Municipal) VIERNES 9 18:00h Tirada de Cohetes de inicio de Fiestas. 20:00h Lidia de un Toro por las calles. 21:15h \u201cDj Pedro Sojo\u00bb. Actuaci\u00f3n [&hellip;]<\/p>\n","protected":false},"author":2,"featured_media":64454,"comment_status":"closed","ping_status":"closed","template":"evento","tags":[1030],"mec_category":[1612,1613],"class_list":["post-64455","mec-events","type-mec-events","status-publish","has-post-thumbnail","hentry","tag-puebla-de-argeme","mec_category-destacado","mec_category-evento"],"yoast_head":"<!-- This site is optimized with the Yoast SEO plugin v27.5 - https:\/\/yoast.com\/product\/yoast-seo-wordpress\/ -->\n<title>Fiestas Patronales de Puebla de Argeme 2025 - Ayuntamiento de Coria<\/title>\n<meta name=\"description\" content=\"Programa de las Fiestas Patronales de Puebla de Argeme que se celebrar\u00e1n del 8 al 12 de mayo de 2025.\" \/>\n<meta name=\"robots\" content=\"index, follow, max-snippet:-1, max-image-preview:large, max-video-preview:-1\" \/>\n<link rel=\"canonical\" href=\"https:\/\/coria.org\/ayuntamiento\/index.php\/eventos\/fiestas-patronales-de-puebla-de-argeme-2025\/\" \/>\n<meta property=\"og:locale\" content=\"es_ES\" \/>\n<meta property=\"og:type\" content=\"article\" \/>\n<meta property=\"og:title\" content=\"Fiestas Patronales de Puebla de Argeme 2025\" \/>\n<meta property=\"og:description\" content=\"Programa de las Fiestas Patronales de Puebla de Argeme que se celebrar\u00e1n del 8 al 12 de mayo de 2025.\" \/>\n<meta property=\"og:url\" content=\"https:\/\/coria.org\/ayuntamiento\/index.php\/eventos\/fiestas-patronales-de-puebla-de-argeme-2025\/\" \/>\n<meta property=\"og:site_name\" content=\"Ayuntamiento de Coria\" \/>\n<meta property=\"article:publisher\" content=\"https:\/\/www.facebook.com\/Ayuntamiento.de.Coria\" \/>\n<meta property=\"article:modified_time\" content=\"2025-05-02T07:03:54+00:00\" \/>\n<meta property=\"og:image\" content=\"https:\/\/coria.org\/ayuntamiento\/wp-content\/uploads\/2025\/04\/fiestas-puebla-2025.webp\" \/>\n\t<meta property=\"og:image:width\" content=\"1080\" \/>\n\t<meta property=\"og:image:height\" content=\"1450\" \/>\n\t<meta property=\"og:image:type\" content=\"image\/webp\" \/>\n<meta name=\"twitter:card\" content=\"summary_large_image\" \/>\n<meta name=\"twitter:title\" content=\"Fiestas Patronales de Puebla de Argeme 2025\" \/>\n<meta name=\"twitter:description\" content=\"Programa de las Fiestas Patronales de Puebla de Argeme que se celebrar\u00e1n del 8 al 12 de mayo de 2025.\" \/>\n<meta name=\"twitter:image\" content=\"https:\/\/coria.org\/ayuntamiento\/wp-content\/uploads\/2025\/04\/fiestas-puebla-2025.webp\" \/>\n<meta name=\"twitter:site\" content=\"@Ayto_de_Coria\" \/>\n<meta name=\"twitter:label1\" content=\"Tiempo de lectura\" \/>\n\t<meta name=\"twitter:data1\" content=\"2 minutos\" \/>\n<script type=\"application\/ld+json\" class=\"yoast-schema-graph\">{\"@context\":\"https:\\\/\\\/schema.org\",\"@graph\":[{\"@type\":\"WebPage\",\"@id\":\"https:\\\/\\\/coria.org\\\/ayuntamiento\\\/index.php\\\/eventos\\\/fiestas-patronales-de-puebla-de-argeme-2025\\\/\",\"url\":\"https:\\\/\\\/coria.org\\\/ayuntamiento\\\/index.php\\\/eventos\\\/fiestas-patronales-de-puebla-de-argeme-2025\\\/\",\"name\":\"Fiestas Patronales de Puebla de Argeme 2025 - Ayuntamiento de Coria\",\"isPartOf\":{\"@id\":\"https:\\\/\\\/coria.org\\\/ayuntamiento\\\/#website\"},\"primaryImageOfPage\":{\"@id\":\"https:\\\/\\\/coria.org\\\/ayuntamiento\\\/index.php\\\/eventos\\\/fiestas-patronales-de-puebla-de-argeme-2025\\\/#primaryimage\"},\"image\":{\"@id\":\"https:\\\/\\\/coria.org\\\/ayuntamiento\\\/index.php\\\/eventos\\\/fiestas-patronales-de-puebla-de-argeme-2025\\\/#primaryimage\"},\"thumbnailUrl\":\"https:\\\/\\\/coria.org\\\/ayuntamiento\\\/wp-content\\\/uploads\\\/2025\\\/04\\\/fiestas-puebla-2025.webp\",\"datePublished\":\"2025-04-28T07:07:42+00:00\",\"dateModified\":\"2025-05-02T07:03:54+00:00\",\"description\":\"Programa de las Fiestas Patronales de Puebla de Argeme que se celebrar\u00e1n del 8 al 12 de mayo de 2025.\",\"breadcrumb\":{\"@id\":\"https:\\\/\\\/coria.org\\\/ayuntamiento\\\/index.php\\\/eventos\\\/fiestas-patronales-de-puebla-de-argeme-2025\\\/#breadcrumb\"},\"inLanguage\":\"es\",\"potentialAction\":[{\"@type\":\"ReadAction\",\"target\":[\"https:\\\/\\\/coria.org\\\/ayuntamiento\\\/index.php\\\/eventos\\\/fiestas-patronales-de-puebla-de-argeme-2025\\\/\"]}]},{\"@type\":\"ImageObject\",\"inLanguage\":\"es\",\"@id\":\"https:\\\/\\\/coria.org\\\/ayuntamiento\\\/index.php\\\/eventos\\\/fiestas-patronales-de-puebla-de-argeme-2025\\\/#primaryimage\",\"url\":\"https:\\\/\\\/coria.org\\\/ayuntamiento\\\/wp-content\\\/uploads\\\/2025\\\/04\\\/fiestas-puebla-2025.webp\",\"contentUrl\":\"https:\\\/\\\/coria.org\\\/ayuntamiento\\\/wp-content\\\/uploads\\\/2025\\\/04\\\/fiestas-puebla-2025.webp\",\"width\":1080,\"height\":1450},{\"@type\":\"BreadcrumbList\",\"@id\":\"https:\\\/\\\/coria.org\\\/ayuntamiento\\\/index.php\\\/eventos\\\/fiestas-patronales-de-puebla-de-argeme-2025\\\/#breadcrumb\",\"itemListElement\":[{\"@type\":\"ListItem\",\"position\":1,\"name\":\"Inicio\",\"item\":\"https:\\\/\\\/coria.org\\\/ayuntamiento\\\/\"},{\"@type\":\"ListItem\",\"position\":2,\"name\":\"Eventos\",\"item\":\"https:\\\/\\\/coria.org\\\/ayuntamiento\\\/index.php\\\/eventos\\\/\"},{\"@type\":\"ListItem\",\"position\":3,\"name\":\"Fiestas Patronales de Puebla de Argeme 2025\"}]},{\"@type\":\"WebSite\",\"@id\":\"https:\\\/\\\/coria.org\\\/ayuntamiento\\\/#website\",\"url\":\"https:\\\/\\\/coria.org\\\/ayuntamiento\\\/\",\"name\":\"Ayuntamiento de Coria\",\"description\":\"Web oficial del Ayuntamiento de Coria\",\"publisher\":{\"@id\":\"https:\\\/\\\/coria.org\\\/ayuntamiento\\\/#organization\"},\"alternateName\":\"Web Oficial del Ayuntamiento de Coria\",\"potentialAction\":[{\"@type\":\"SearchAction\",\"target\":{\"@type\":\"EntryPoint\",\"urlTemplate\":\"https:\\\/\\\/coria.org\\\/ayuntamiento\\\/?s={search_term_string}\"},\"query-input\":{\"@type\":\"PropertyValueSpecification\",\"valueRequired\":true,\"valueName\":\"search_term_string\"}}],\"inLanguage\":\"es\"},{\"@type\":\"Organization\",\"@id\":\"https:\\\/\\\/coria.org\\\/ayuntamiento\\\/#organization\",\"name\":\"Ayuntamiento de Coria\",\"alternateName\":\"Ayto de Coria\",\"url\":\"https:\\\/\\\/coria.org\\\/ayuntamiento\\\/\",\"logo\":{\"@type\":\"ImageObject\",\"inLanguage\":\"es\",\"@id\":\"https:\\\/\\\/coria.org\\\/ayuntamiento\\\/#\\\/schema\\\/logo\\\/image\\\/\",\"url\":\"https:\\\/\\\/coria.org\\\/ayuntamiento\\\/wp-content\\\/uploads\\\/2020\\\/12\\\/escudo-ayuntamiento-coria.png\",\"contentUrl\":\"https:\\\/\\\/coria.org\\\/ayuntamiento\\\/wp-content\\\/uploads\\\/2020\\\/12\\\/escudo-ayuntamiento-coria.png\",\"width\":511,\"height\":240,\"caption\":\"Ayuntamiento de Coria\"},\"image\":{\"@id\":\"https:\\\/\\\/coria.org\\\/ayuntamiento\\\/#\\\/schema\\\/logo\\\/image\\\/\"},\"sameAs\":[\"https:\\\/\\\/www.facebook.com\\\/Ayuntamiento.de.Coria\",\"https:\\\/\\\/x.com\\\/Ayto_de_Coria\",\"https:\\\/\\\/www.instagram.com\\\/coria.ayuntamiento\\\/\",\"https:\\\/\\\/www.youtube.com\\\/user\\\/AYUNTAMIENTOCORIA\"]}]}<\/script>\n<!-- \/ Yoast SEO plugin. -->","yoast_head_json":{"title":"Fiestas Patronales de Puebla de Argeme 2025 - Ayuntamiento de Coria","description":"Programa de las Fiestas Patronales de Puebla de Argeme que se celebrar\u00e1n del 8 al 12 de mayo de 2025.","robots":{"index":"index","follow":"follow","max-snippet":"max-snippet:-1","max-image-preview":"max-image-preview:large","max-video-preview":"max-video-preview:-1"},"canonical":"https:\/\/coria.org\/ayuntamiento\/index.php\/eventos\/fiestas-patronales-de-puebla-de-argeme-2025\/","og_locale":"es_ES","og_type":"article","og_title":"Fiestas Patronales de Puebla de Argeme 2025","og_description":"Programa de las Fiestas Patronales de Puebla de Argeme que se celebrar\u00e1n del 8 al 12 de mayo de 2025.","og_url":"https:\/\/coria.org\/ayuntamiento\/index.php\/eventos\/fiestas-patronales-de-puebla-de-argeme-2025\/","og_site_name":"Ayuntamiento de Coria","article_publisher":"https:\/\/www.facebook.com\/Ayuntamiento.de.Coria","article_modified_time":"2025-05-02T07:03:54+00:00","og_image":[{"width":1080,"height":1450,"url":"https:\/\/coria.org\/ayuntamiento\/wp-content\/uploads\/2025\/04\/fiestas-puebla-2025.webp","type":"image\/webp"}],"twitter_card":"summary_large_image","twitter_title":"Fiestas Patronales de Puebla de Argeme 2025","twitter_description":"Programa de las Fiestas Patronales de Puebla de Argeme que se celebrar\u00e1n del 8 al 12 de mayo de 2025.","twitter_image":"https:\/\/coria.org\/ayuntamiento\/wp-content\/uploads\/2025\/04\/fiestas-puebla-2025.webp","twitter_site":"@Ayto_de_Coria","twitter_misc":{"Tiempo de lectura":"2 minutos"},"schema":{"@context":"https:\/\/schema.org","@graph":[{"@type":"WebPage","@id":"https:\/\/coria.org\/ayuntamiento\/index.php\/eventos\/fiestas-patronales-de-puebla-de-argeme-2025\/","url":"https:\/\/coria.org\/ayuntamiento\/index.php\/eventos\/fiestas-patronales-de-puebla-de-argeme-2025\/","name":"Fiestas Patronales de Puebla de Argeme 2025 - Ayuntamiento de Coria","isPartOf":{"@id":"https:\/\/coria.org\/ayuntamiento\/#website"},"primaryImageOfPage":{"@id":"https:\/\/coria.org\/ayuntamiento\/index.php\/eventos\/fiestas-patronales-de-puebla-de-argeme-2025\/#primaryimage"},"image":{"@id":"https:\/\/coria.org\/ayuntamiento\/index.php\/eventos\/fiestas-patronales-de-puebla-de-argeme-2025\/#primaryimage"},"thumbnailUrl":"https:\/\/coria.org\/ayuntamiento\/wp-content\/uploads\/2025\/04\/fiestas-puebla-2025.webp","datePublished":"2025-04-28T07:07:42+00:00","dateModified":"2025-05-02T07:03:54+00:00","description":"Programa de las Fiestas Patronales de Puebla de Argeme que se celebrar\u00e1n del 8 al 12 de mayo de 2025.","breadcrumb":{"@id":"https:\/\/coria.org\/ayuntamiento\/index.php\/eventos\/fiestas-patronales-de-puebla-de-argeme-2025\/#breadcrumb"},"inLanguage":"es","potentialAction":[{"@type":"ReadAction","target":["https:\/\/coria.org\/ayuntamiento\/index.php\/eventos\/fiestas-patronales-de-puebla-de-argeme-2025\/"]}]},{"@type":"ImageObject","inLanguage":"es","@id":"https:\/\/coria.org\/ayuntamiento\/index.php\/eventos\/fiestas-patronales-de-puebla-de-argeme-2025\/#primaryimage","url":"https:\/\/coria.org\/ayuntamiento\/wp-content\/uploads\/2025\/04\/fiestas-puebla-2025.webp","contentUrl":"https:\/\/coria.org\/ayuntamiento\/wp-content\/uploads\/2025\/04\/fiestas-puebla-2025.webp","width":1080,"height":1450},{"@type":"BreadcrumbList","@id":"https:\/\/coria.org\/ayuntamiento\/index.php\/eventos\/fiestas-patronales-de-puebla-de-argeme-2025\/#breadcrumb","itemListElement":[{"@type":"ListItem","position":1,"name":"Inicio","item":"https:\/\/coria.org\/ayuntamiento\/"},{"@type":"ListItem","position":2,"name":"Eventos","item":"https:\/\/coria.org\/ayuntamiento\/index.php\/eventos\/"},{"@type":"ListItem","position":3,"name":"Fiestas Patronales de Puebla de Argeme 2025"}]},{"@type":"WebSite","@id":"https:\/\/coria.org\/ayuntamiento\/#website","url":"https:\/\/coria.org\/ayuntamiento\/","name":"Ayuntamiento de Coria","description":"Web oficial del Ayuntamiento de Coria","publisher":{"@id":"https:\/\/coria.org\/ayuntamiento\/#organization"},"alternateName":"Web Oficial del Ayuntamiento de Coria","potentialAction":[{"@type":"SearchAction","target":{"@type":"EntryPoint","urlTemplate":"https:\/\/coria.org\/ayuntamiento\/?s={search_term_string}"},"query-input":{"@type":"PropertyValueSpecification","valueRequired":true,"valueName":"search_term_string"}}],"inLanguage":"es"},{"@type":"Organization","@id":"https:\/\/coria.org\/ayuntamiento\/#organization","name":"Ayuntamiento de Coria","alternateName":"Ayto de Coria","url":"https:\/\/coria.org\/ayuntamiento\/","logo":{"@type":"ImageObject","inLanguage":"es","@id":"https:\/\/coria.org\/ayuntamiento\/#\/schema\/logo\/image\/","url":"https:\/\/coria.org\/ayuntamiento\/wp-content\/uploads\/2020\/12\/escudo-ayuntamiento-coria.png","contentUrl":"https:\/\/coria.org\/ayuntamiento\/wp-content\/uploads\/2020\/12\/escudo-ayuntamiento-coria.png","width":511,"height":240,"caption":"Ayuntamiento de Coria"},"image":{"@id":"https:\/\/coria.org\/ayuntamiento\/#\/schema\/logo\/image\/"},"sameAs":["https:\/\/www.facebook.com\/Ayuntamiento.de.Coria","https:\/\/x.com\/Ayto_de_Coria","https:\/\/www.instagram.com\/coria.ayuntamiento\/","https:\/\/www.youtube.com\/user\/AYUNTAMIENTOCORIA"]}]}},"uagb_featured_image_src":{"full":["https:\/\/coria.org\/ayuntamiento\/wp-content\/uploads\/2025\/04\/fiestas-puebla-2025.webp",1080,1450,false],"thumbnail":["https:\/\/coria.org\/ayuntamiento\/wp-content\/uploads\/2025\/04\/fiestas-puebla-2025-150x150.webp",150,150,true],"medium":["https:\/\/coria.org\/ayuntamiento\/wp-content\/uploads\/2025\/04\/fiestas-puebla-2025.webp",1080,1450,false],"medium_large":["https:\/\/coria.org\/ayuntamiento\/wp-content\/uploads\/2025\/04\/fiestas-puebla-2025-768x1031.webp",768,1031,true],"large":["https:\/\/coria.org\/ayuntamiento\/wp-content\/uploads\/2025\/04\/fiestas-puebla-2025.webp",1080,1450,false],"thumblist":["https:\/\/coria.org\/ayuntamiento\/wp-content\/uploads\/2025\/04\/fiestas-puebla-2025-300x300.webp",300,300,true],"thumbrelated":["https:\/\/coria.org\/ayuntamiento\/wp-content\/uploads\/2025\/04\/fiestas-puebla-2025-500x500.webp",500,500,true],"meccarouselthumb":["https:\/\/coria.org\/ayuntamiento\/wp-content\/uploads\/2025\/04\/fiestas-puebla-2025-474x324.webp",474,324,true],"gridsquare":["https:\/\/coria.org\/ayuntamiento\/wp-content\/uploads\/2025\/04\/fiestas-puebla-2025-391x260.webp",391,260,true],"tileview":["https:\/\/coria.org\/ayuntamiento\/wp-content\/uploads\/2025\/04\/fiestas-puebla-2025-300x400.webp",300,400,true],"1536x1536":["https:\/\/coria.org\/ayuntamiento\/wp-content\/uploads\/2025\/04\/fiestas-puebla-2025.webp",1080,1450,false],"2048x2048":["https:\/\/coria.org\/ayuntamiento\/wp-content\/uploads\/2025\/04\/fiestas-puebla-2025.webp",1080,1450,false]},"uagb_author_info":{"display_name":"ayuntamiento","author_link":"https:\/\/coria.org\/ayuntamiento\/index.php\/author\/ayuntamiento\/"},"uagb_comment_info":0,"uagb_excerpt":"Programa de las Fiestas Patronales de Puebla de Argeme JUEVES 8 22:00h Noche con el mejor Folklore el del grupo \u201cLA VARA\u201d. Actuaci\u00f3n estelar de los peque\u00f1ines de nuestra cantera folcl\u00f3rica.(Carpa Municipal) VIERNES 9 18:00h Tirada de Cohetes de inicio de Fiestas. 20:00h Lidia de un Toro por las calles. 21:15h \u201cDj Pedro Sojo\u00bb. Actuaci\u00f3n&hellip;","_links":{"self":[{"href":"https:\/\/coria.org\/ayuntamiento\/index.php\/wp-json\/wp\/v2\/mec-events\/64455","targetHints":{"allow":["GET"]}}],"collection":[{"href":"https:\/\/coria.org\/ayuntamiento\/index.php\/wp-json\/wp\/v2\/mec-events"}],"about":[{"href":"https:\/\/coria.org\/ayuntamiento\/index.php\/wp-json\/wp\/v2\/types\/mec-events"}],"author":[{"embeddable":true,"href":"https:\/\/coria.org\/ayuntamiento\/index.php\/wp-json\/wp\/v2\/users\/2"}],"replies":[{"embeddable":true,"href":"https:\/\/coria.org\/ayuntamiento\/index.php\/wp-json\/wp\/v2\/comments?post=64455"}],"wp:featuredmedia":[{"embeddable":true,"href":"https:\/\/coria.org\/ayuntamiento\/index.php\/wp-json\/wp\/v2\/media\/64454"}],"wp:attachment":[{"href":"https:\/\/coria.org\/ayuntamiento\/index.php\/wp-json\/wp\/v2\/media?parent=64455"}],"wp:term":[{"taxonomy":"post_tag","embeddable":true,"href":"https:\/\/coria.org\/ayuntamiento\/index.php\/wp-json\/wp\/v2\/tags?post=64455"},{"taxonomy":"mec_category","embeddable":true,"href":"https:\/\/coria.org\/ayuntamiento\/index.php\/wp-json\/wp\/v2\/mec_category?post=64455"}],"curies":[{"name":"wp","href":"https:\/\/api.w.org\/{rel}","templated":true}]}}