{"id":63515,"date":"2024-12-02T14:41:48","date_gmt":"2024-12-02T13:41:48","guid":{"rendered":"https:\/\/coria.org\/ayuntamiento\/index.php\/eventos\/elecciones-juventud-cauriense-2025\/"},"modified":"2024-12-02T14:43:57","modified_gmt":"2024-12-02T13:43:57","slug":"elecciones-juventud-cauriense-2025","status":"publish","type":"mec-events","link":"https:\/\/coria.org\/ayuntamiento\/index.php\/eventos\/elecciones-juventud-cauriense-2025\/","title":{"rendered":"Elecciones Juventud Cauriense 2025"},"content":{"rendered":"\n<p>La Ciudad de Coria acoger\u00e1 el pr\u00f3ximo s\u00e1bado d\u00eda 7 de diciembre, las elecciones para elegir abanderado de la Pe\u00f1a Juventud Cauriense para las Fiestas de San Juan 2025.<\/p>\n\n\n\n<p>David, Diego, Alfonso y Luismi son los candidatos a optar al cargo de abanderado de la Pe\u00f1a Juventud Cauriense. Las votaciones para elegir a uno de estos cuatro candidatos y sus directivas se realizar\u00e1n en el Pabell\u00f3n de Deportes de 11:00 a 15:00 horas.<\/p>\n\n\n\n<p>Las elecciones ser\u00e1n populares y podr\u00e1n participar en ellas los ni\u00f1os y j\u00f3venes con edades comprendidas entre los 5 y 30 a\u00f1os de edad. Los participantes deber\u00e1n ir provistos del DNI o el Libro de Familia.<\/p>\n\n\n\n<p>Los resultados se dar\u00e1n a conocer una vez terminadas las votaciones, a partir de las 15:00 horas.<\/p>\n","protected":false},"excerpt":{"rendered":"<p>La Ciudad de Coria acoger\u00e1 el pr\u00f3ximo s\u00e1bado d\u00eda 7 de diciembre, las elecciones para elegir abanderado de la Pe\u00f1a Juventud Cauriense para las Fiestas de San Juan 2025. David, Diego, Alfonso y Luismi son los candidatos a optar al cargo de abanderado de la Pe\u00f1a Juventud Cauriense. Las votaciones para elegir a uno de [&hellip;]<\/p>\n","protected":false},"author":2,"featured_media":57327,"comment_status":"open","ping_status":"closed","template":"evento","tags":[721],"mec_category":[1612,1613],"class_list":["post-63515","mec-events","type-mec-events","status-publish","has-post-thumbnail","hentry","tag-juventud-cauriense","mec_category-destacado","mec_category-evento"],"yoast_head":"<!-- This site is optimized with the Yoast SEO plugin v27.4 - https:\/\/yoast.com\/product\/yoast-seo-wordpress\/ -->\n<title>Elecciones Juventud Cauriense 2025 - Ayuntamiento de Coria<\/title>\n<meta name=\"description\" content=\"La Ciudad de Coria acoger\u00e1 el pr\u00f3ximo s\u00e1bado d\u00eda 7 de diciembre, las elecciones para elegir abanderado de la Pe\u00f1a Juventud Cauriense para las Fiestas de San Juan 2025.\" \/>\n<meta name=\"robots\" content=\"index, follow, max-snippet:-1, max-image-preview:large, max-video-preview:-1\" \/>\n<link rel=\"canonical\" href=\"https:\/\/coria.org\/ayuntamiento\/index.php\/eventos\/elecciones-juventud-cauriense-2025\/\" \/>\n<meta property=\"og:locale\" content=\"es_ES\" \/>\n<meta property=\"og:type\" content=\"article\" \/>\n<meta property=\"og:title\" content=\"Elecciones Juventud Cauriense 2025\" \/>\n<meta property=\"og:description\" content=\"La Ciudad de Coria acoger\u00e1 el pr\u00f3ximo s\u00e1bado d\u00eda 7 de diciembre, las elecciones para elegir abanderado de la Pe\u00f1a Juventud Cauriense para las Fiestas de San Juan 2025.\" \/>\n<meta property=\"og:url\" content=\"https:\/\/coria.org\/ayuntamiento\/index.php\/eventos\/elecciones-juventud-cauriense-2025\/\" \/>\n<meta property=\"og:site_name\" content=\"Ayuntamiento de Coria\" \/>\n<meta property=\"article:publisher\" content=\"https:\/\/www.facebook.com\/Ayuntamiento.de.Coria\" \/>\n<meta property=\"article:modified_time\" content=\"2024-12-02T13:43:57+00:00\" \/>\n<meta property=\"og:image\" content=\"https:\/\/coria.org\/ayuntamiento\/wp-content\/uploads\/2023\/10\/juventud-cauriense.jpg\" \/>\n\t<meta property=\"og:image:width\" content=\"1024\" \/>\n\t<meta property=\"og:image:height\" content=\"576\" \/>\n\t<meta property=\"og:image:type\" content=\"image\/jpeg\" \/>\n<meta name=\"twitter:card\" content=\"summary_large_image\" \/>\n<meta name=\"twitter:title\" content=\"Elecciones Juventud Cauriense 2025\" \/>\n<meta name=\"twitter:description\" content=\"La Ciudad de Coria acoger\u00e1 el pr\u00f3ximo s\u00e1bado d\u00eda 7 de diciembre, las elecciones para elegir abanderado de la Pe\u00f1a Juventud Cauriense para las Fiestas de San Juan 2025.\" \/>\n<meta name=\"twitter:image\" content=\"https:\/\/coria.org\/ayuntamiento\/wp-content\/uploads\/2023\/10\/juventud-cauriense.jpg\" \/>\n<meta name=\"twitter:site\" content=\"@Ayto_de_Coria\" \/>\n<meta name=\"twitter:label1\" content=\"Tiempo de lectura\" \/>\n\t<meta name=\"twitter:data1\" content=\"1 minuto\" \/>\n<script type=\"application\/ld+json\" class=\"yoast-schema-graph\">{\"@context\":\"https:\\\/\\\/schema.org\",\"@graph\":[{\"@type\":\"WebPage\",\"@id\":\"https:\\\/\\\/coria.org\\\/ayuntamiento\\\/index.php\\\/eventos\\\/elecciones-juventud-cauriense-2025\\\/\",\"url\":\"https:\\\/\\\/coria.org\\\/ayuntamiento\\\/index.php\\\/eventos\\\/elecciones-juventud-cauriense-2025\\\/\",\"name\":\"Elecciones Juventud Cauriense 2025 - Ayuntamiento de Coria\",\"isPartOf\":{\"@id\":\"https:\\\/\\\/coria.org\\\/ayuntamiento\\\/#website\"},\"primaryImageOfPage\":{\"@id\":\"https:\\\/\\\/coria.org\\\/ayuntamiento\\\/index.php\\\/eventos\\\/elecciones-juventud-cauriense-2025\\\/#primaryimage\"},\"image\":{\"@id\":\"https:\\\/\\\/coria.org\\\/ayuntamiento\\\/index.php\\\/eventos\\\/elecciones-juventud-cauriense-2025\\\/#primaryimage\"},\"thumbnailUrl\":\"https:\\\/\\\/coria.org\\\/ayuntamiento\\\/wp-content\\\/uploads\\\/2023\\\/10\\\/juventud-cauriense.jpg\",\"datePublished\":\"2024-12-02T13:41:48+00:00\",\"dateModified\":\"2024-12-02T13:43:57+00:00\",\"description\":\"La Ciudad de Coria acoger\u00e1 el pr\u00f3ximo s\u00e1bado d\u00eda 7 de diciembre, las elecciones para elegir abanderado de la Pe\u00f1a Juventud Cauriense para las Fiestas de San Juan 2025.\",\"breadcrumb\":{\"@id\":\"https:\\\/\\\/coria.org\\\/ayuntamiento\\\/index.php\\\/eventos\\\/elecciones-juventud-cauriense-2025\\\/#breadcrumb\"},\"inLanguage\":\"es\",\"potentialAction\":[{\"@type\":\"ReadAction\",\"target\":[\"https:\\\/\\\/coria.org\\\/ayuntamiento\\\/index.php\\\/eventos\\\/elecciones-juventud-cauriense-2025\\\/\"]}]},{\"@type\":\"ImageObject\",\"inLanguage\":\"es\",\"@id\":\"https:\\\/\\\/coria.org\\\/ayuntamiento\\\/index.php\\\/eventos\\\/elecciones-juventud-cauriense-2025\\\/#primaryimage\",\"url\":\"https:\\\/\\\/coria.org\\\/ayuntamiento\\\/wp-content\\\/uploads\\\/2023\\\/10\\\/juventud-cauriense.jpg\",\"contentUrl\":\"https:\\\/\\\/coria.org\\\/ayuntamiento\\\/wp-content\\\/uploads\\\/2023\\\/10\\\/juventud-cauriense.jpg\",\"width\":1024,\"height\":576},{\"@type\":\"BreadcrumbList\",\"@id\":\"https:\\\/\\\/coria.org\\\/ayuntamiento\\\/index.php\\\/eventos\\\/elecciones-juventud-cauriense-2025\\\/#breadcrumb\",\"itemListElement\":[{\"@type\":\"ListItem\",\"position\":1,\"name\":\"Inicio\",\"item\":\"https:\\\/\\\/coria.org\\\/ayuntamiento\\\/\"},{\"@type\":\"ListItem\",\"position\":2,\"name\":\"Eventos\",\"item\":\"https:\\\/\\\/coria.org\\\/ayuntamiento\\\/index.php\\\/eventos\\\/\"},{\"@type\":\"ListItem\",\"position\":3,\"name\":\"Elecciones Juventud Cauriense 2025\"}]},{\"@type\":\"WebSite\",\"@id\":\"https:\\\/\\\/coria.org\\\/ayuntamiento\\\/#website\",\"url\":\"https:\\\/\\\/coria.org\\\/ayuntamiento\\\/\",\"name\":\"Ayuntamiento de Coria\",\"description\":\"Web oficial del Ayuntamiento de Coria\",\"publisher\":{\"@id\":\"https:\\\/\\\/coria.org\\\/ayuntamiento\\\/#organization\"},\"alternateName\":\"Web Oficial del Ayuntamiento de Coria\",\"potentialAction\":[{\"@type\":\"SearchAction\",\"target\":{\"@type\":\"EntryPoint\",\"urlTemplate\":\"https:\\\/\\\/coria.org\\\/ayuntamiento\\\/?s={search_term_string}\"},\"query-input\":{\"@type\":\"PropertyValueSpecification\",\"valueRequired\":true,\"valueName\":\"search_term_string\"}}],\"inLanguage\":\"es\"},{\"@type\":\"Organization\",\"@id\":\"https:\\\/\\\/coria.org\\\/ayuntamiento\\\/#organization\",\"name\":\"Ayuntamiento de Coria\",\"alternateName\":\"Ayto de Coria\",\"url\":\"https:\\\/\\\/coria.org\\\/ayuntamiento\\\/\",\"logo\":{\"@type\":\"ImageObject\",\"inLanguage\":\"es\",\"@id\":\"https:\\\/\\\/coria.org\\\/ayuntamiento\\\/#\\\/schema\\\/logo\\\/image\\\/\",\"url\":\"https:\\\/\\\/coria.org\\\/ayuntamiento\\\/wp-content\\\/uploads\\\/2020\\\/12\\\/escudo-ayuntamiento-coria.png\",\"contentUrl\":\"https:\\\/\\\/coria.org\\\/ayuntamiento\\\/wp-content\\\/uploads\\\/2020\\\/12\\\/escudo-ayuntamiento-coria.png\",\"width\":511,\"height\":240,\"caption\":\"Ayuntamiento de Coria\"},\"image\":{\"@id\":\"https:\\\/\\\/coria.org\\\/ayuntamiento\\\/#\\\/schema\\\/logo\\\/image\\\/\"},\"sameAs\":[\"https:\\\/\\\/www.facebook.com\\\/Ayuntamiento.de.Coria\",\"https:\\\/\\\/x.com\\\/Ayto_de_Coria\",\"https:\\\/\\\/www.instagram.com\\\/coria.ayuntamiento\\\/\",\"https:\\\/\\\/www.youtube.com\\\/user\\\/AYUNTAMIENTOCORIA\"]}]}<\/script>\n<!-- \/ Yoast SEO plugin. -->","yoast_head_json":{"title":"Elecciones Juventud Cauriense 2025 - Ayuntamiento de Coria","description":"La Ciudad de Coria acoger\u00e1 el pr\u00f3ximo s\u00e1bado d\u00eda 7 de diciembre, las elecciones para elegir abanderado de la Pe\u00f1a Juventud Cauriense para las Fiestas de San Juan 2025.","robots":{"index":"index","follow":"follow","max-snippet":"max-snippet:-1","max-image-preview":"max-image-preview:large","max-video-preview":"max-video-preview:-1"},"canonical":"https:\/\/coria.org\/ayuntamiento\/index.php\/eventos\/elecciones-juventud-cauriense-2025\/","og_locale":"es_ES","og_type":"article","og_title":"Elecciones Juventud Cauriense 2025","og_description":"La Ciudad de Coria acoger\u00e1 el pr\u00f3ximo s\u00e1bado d\u00eda 7 de diciembre, las elecciones para elegir abanderado de la Pe\u00f1a Juventud Cauriense para las Fiestas de San Juan 2025.","og_url":"https:\/\/coria.org\/ayuntamiento\/index.php\/eventos\/elecciones-juventud-cauriense-2025\/","og_site_name":"Ayuntamiento de Coria","article_publisher":"https:\/\/www.facebook.com\/Ayuntamiento.de.Coria","article_modified_time":"2024-12-02T13:43:57+00:00","og_image":[{"width":1024,"height":576,"url":"https:\/\/coria.org\/ayuntamiento\/wp-content\/uploads\/2023\/10\/juventud-cauriense.jpg","type":"image\/jpeg"}],"twitter_card":"summary_large_image","twitter_title":"Elecciones Juventud Cauriense 2025","twitter_description":"La Ciudad de Coria acoger\u00e1 el pr\u00f3ximo s\u00e1bado d\u00eda 7 de diciembre, las elecciones para elegir abanderado de la Pe\u00f1a Juventud Cauriense para las Fiestas de San Juan 2025.","twitter_image":"https:\/\/coria.org\/ayuntamiento\/wp-content\/uploads\/2023\/10\/juventud-cauriense.jpg","twitter_site":"@Ayto_de_Coria","twitter_misc":{"Tiempo de lectura":"1 minuto"},"schema":{"@context":"https:\/\/schema.org","@graph":[{"@type":"WebPage","@id":"https:\/\/coria.org\/ayuntamiento\/index.php\/eventos\/elecciones-juventud-cauriense-2025\/","url":"https:\/\/coria.org\/ayuntamiento\/index.php\/eventos\/elecciones-juventud-cauriense-2025\/","name":"Elecciones Juventud Cauriense 2025 - Ayuntamiento de Coria","isPartOf":{"@id":"https:\/\/coria.org\/ayuntamiento\/#website"},"primaryImageOfPage":{"@id":"https:\/\/coria.org\/ayuntamiento\/index.php\/eventos\/elecciones-juventud-cauriense-2025\/#primaryimage"},"image":{"@id":"https:\/\/coria.org\/ayuntamiento\/index.php\/eventos\/elecciones-juventud-cauriense-2025\/#primaryimage"},"thumbnailUrl":"https:\/\/coria.org\/ayuntamiento\/wp-content\/uploads\/2023\/10\/juventud-cauriense.jpg","datePublished":"2024-12-02T13:41:48+00:00","dateModified":"2024-12-02T13:43:57+00:00","description":"La Ciudad de Coria acoger\u00e1 el pr\u00f3ximo s\u00e1bado d\u00eda 7 de diciembre, las elecciones para elegir abanderado de la Pe\u00f1a Juventud Cauriense para las Fiestas de San Juan 2025.","breadcrumb":{"@id":"https:\/\/coria.org\/ayuntamiento\/index.php\/eventos\/elecciones-juventud-cauriense-2025\/#breadcrumb"},"inLanguage":"es","potentialAction":[{"@type":"ReadAction","target":["https:\/\/coria.org\/ayuntamiento\/index.php\/eventos\/elecciones-juventud-cauriense-2025\/"]}]},{"@type":"ImageObject","inLanguage":"es","@id":"https:\/\/coria.org\/ayuntamiento\/index.php\/eventos\/elecciones-juventud-cauriense-2025\/#primaryimage","url":"https:\/\/coria.org\/ayuntamiento\/wp-content\/uploads\/2023\/10\/juventud-cauriense.jpg","contentUrl":"https:\/\/coria.org\/ayuntamiento\/wp-content\/uploads\/2023\/10\/juventud-cauriense.jpg","width":1024,"height":576},{"@type":"BreadcrumbList","@id":"https:\/\/coria.org\/ayuntamiento\/index.php\/eventos\/elecciones-juventud-cauriense-2025\/#breadcrumb","itemListElement":[{"@type":"ListItem","position":1,"name":"Inicio","item":"https:\/\/coria.org\/ayuntamiento\/"},{"@type":"ListItem","position":2,"name":"Eventos","item":"https:\/\/coria.org\/ayuntamiento\/index.php\/eventos\/"},{"@type":"ListItem","position":3,"name":"Elecciones Juventud Cauriense 2025"}]},{"@type":"WebSite","@id":"https:\/\/coria.org\/ayuntamiento\/#website","url":"https:\/\/coria.org\/ayuntamiento\/","name":"Ayuntamiento de Coria","description":"Web oficial del Ayuntamiento de Coria","publisher":{"@id":"https:\/\/coria.org\/ayuntamiento\/#organization"},"alternateName":"Web Oficial del Ayuntamiento de Coria","potentialAction":[{"@type":"SearchAction","target":{"@type":"EntryPoint","urlTemplate":"https:\/\/coria.org\/ayuntamiento\/?s={search_term_string}"},"query-input":{"@type":"PropertyValueSpecification","valueRequired":true,"valueName":"search_term_string"}}],"inLanguage":"es"},{"@type":"Organization","@id":"https:\/\/coria.org\/ayuntamiento\/#organization","name":"Ayuntamiento de Coria","alternateName":"Ayto de Coria","url":"https:\/\/coria.org\/ayuntamiento\/","logo":{"@type":"ImageObject","inLanguage":"es","@id":"https:\/\/coria.org\/ayuntamiento\/#\/schema\/logo\/image\/","url":"https:\/\/coria.org\/ayuntamiento\/wp-content\/uploads\/2020\/12\/escudo-ayuntamiento-coria.png","contentUrl":"https:\/\/coria.org\/ayuntamiento\/wp-content\/uploads\/2020\/12\/escudo-ayuntamiento-coria.png","width":511,"height":240,"caption":"Ayuntamiento de Coria"},"image":{"@id":"https:\/\/coria.org\/ayuntamiento\/#\/schema\/logo\/image\/"},"sameAs":["https:\/\/www.facebook.com\/Ayuntamiento.de.Coria","https:\/\/x.com\/Ayto_de_Coria","https:\/\/www.instagram.com\/coria.ayuntamiento\/","https:\/\/www.youtube.com\/user\/AYUNTAMIENTOCORIA"]}]}},"uagb_featured_image_src":{"full":["https:\/\/coria.org\/ayuntamiento\/wp-content\/uploads\/2023\/10\/juventud-cauriense.jpg",1024,576,false],"thumbnail":["https:\/\/coria.org\/ayuntamiento\/wp-content\/uploads\/2023\/10\/juventud-cauriense-150x150.jpg",150,150,true],"medium":["https:\/\/coria.org\/ayuntamiento\/wp-content\/uploads\/2023\/10\/juventud-cauriense-300x169.jpg",300,169,true],"medium_large":["https:\/\/coria.org\/ayuntamiento\/wp-content\/uploads\/2023\/10\/juventud-cauriense-768x432.jpg",768,432,true],"large":["https:\/\/coria.org\/ayuntamiento\/wp-content\/uploads\/2023\/10\/juventud-cauriense.jpg",1024,576,false],"thumblist":["https:\/\/coria.org\/ayuntamiento\/wp-content\/uploads\/2023\/10\/juventud-cauriense.jpg",300,169,false],"thumbrelated":["https:\/\/coria.org\/ayuntamiento\/wp-content\/uploads\/2023\/10\/juventud-cauriense.jpg",500,281,false],"meccarouselthumb":["https:\/\/coria.org\/ayuntamiento\/wp-content\/uploads\/2023\/10\/juventud-cauriense.jpg",474,267,false],"gridsquare":["https:\/\/coria.org\/ayuntamiento\/wp-content\/uploads\/2023\/10\/juventud-cauriense.jpg",391,220,false],"tileview":["https:\/\/coria.org\/ayuntamiento\/wp-content\/uploads\/2023\/10\/juventud-cauriense.jpg",300,169,false],"1536x1536":["https:\/\/coria.org\/ayuntamiento\/wp-content\/uploads\/2023\/10\/juventud-cauriense.jpg",1024,576,false],"2048x2048":["https:\/\/coria.org\/ayuntamiento\/wp-content\/uploads\/2023\/10\/juventud-cauriense.jpg",1024,576,false]},"uagb_author_info":{"display_name":"ayuntamiento","author_link":"https:\/\/coria.org\/ayuntamiento\/index.php\/author\/ayuntamiento\/"},"uagb_comment_info":0,"uagb_excerpt":"La Ciudad de Coria acoger\u00e1 el pr\u00f3ximo s\u00e1bado d\u00eda 7 de diciembre, las elecciones para elegir abanderado de la Pe\u00f1a Juventud Cauriense para las Fiestas de San Juan 2025. David, Diego, Alfonso y Luismi son los candidatos a optar al cargo de abanderado de la Pe\u00f1a Juventud Cauriense. Las votaciones para elegir a uno de&hellip;","_links":{"self":[{"href":"https:\/\/coria.org\/ayuntamiento\/index.php\/wp-json\/wp\/v2\/mec-events\/63515","targetHints":{"allow":["GET"]}}],"collection":[{"href":"https:\/\/coria.org\/ayuntamiento\/index.php\/wp-json\/wp\/v2\/mec-events"}],"about":[{"href":"https:\/\/coria.org\/ayuntamiento\/index.php\/wp-json\/wp\/v2\/types\/mec-events"}],"author":[{"embeddable":true,"href":"https:\/\/coria.org\/ayuntamiento\/index.php\/wp-json\/wp\/v2\/users\/2"}],"replies":[{"embeddable":true,"href":"https:\/\/coria.org\/ayuntamiento\/index.php\/wp-json\/wp\/v2\/comments?post=63515"}],"wp:featuredmedia":[{"embeddable":true,"href":"https:\/\/coria.org\/ayuntamiento\/index.php\/wp-json\/wp\/v2\/media\/57327"}],"wp:attachment":[{"href":"https:\/\/coria.org\/ayuntamiento\/index.php\/wp-json\/wp\/v2\/media?parent=63515"}],"wp:term":[{"taxonomy":"post_tag","embeddable":true,"href":"https:\/\/coria.org\/ayuntamiento\/index.php\/wp-json\/wp\/v2\/tags?post=63515"},{"taxonomy":"mec_category","embeddable":true,"href":"https:\/\/coria.org\/ayuntamiento\/index.php\/wp-json\/wp\/v2\/mec_category?post=63515"}],"curies":[{"name":"wp","href":"https:\/\/api.w.org\/{rel}","templated":true}]}}