{"id":62238,"date":"2024-09-11T13:24:02","date_gmt":"2024-09-11T11:24:02","guid":{"rendered":"https:\/\/coria.org\/ayuntamiento\/index.php\/eventos\/dia-de-la-bici-2024\/"},"modified":"2024-09-25T08:37:50","modified_gmt":"2024-09-25T06:37:50","slug":"dia-de-la-bici-2024","status":"publish","type":"mec-events","link":"https:\/\/coria.org\/ayuntamiento\/index.php\/eventos\/dia-de-la-bici-2024\/","title":{"rendered":"D\u00eda de la Bici 2024"},"content":{"rendered":"\n<p>Este evento cuenta con la colaboraci\u00f3n del Club Ciclista Cauriense, donde se organizar\u00e1n dos rutas, una urbana familiar por la avenida principal con una distancia aprox. 1.100 metros, para todas las edades, y otra ruta a la pedan\u00eda del Rinc\u00f3n del Obispo, para los m\u00e1s avanzados (ni\u00f1@s a partir de 8 a\u00f1os) con una distancia de 10 km.<\/p>\n\n\n\n<p>El lugar de concentraci\u00f3n ser\u00e1 en la Plaza de la Paz a las 10:00 horas de la ma\u00f1ana. Para finalizar habr\u00e1 juegos y sorteo de regalos para los m\u00e1s peque\u00f1os.<\/p>\n\n\n\n<p><strong><u>Programa<\/u><\/strong> para el D\u00eda de la Bici, <a href=\"https:\/\/drive.google.com\/file\/d\/1yuh1wKNukznD_nWeKRqZuQtMOEzzk_-q\/view?usp=sharing\"><em><strong>pincha aqu\u00ed<\/strong><\/em>.<\/a><\/p>\n\n\n\n<p>Puedes realizar la <strong><u>inscripci\u00f3n<\/u><\/strong> en el siguiente <strong><u><a href=\"https:\/\/docs.google.com\/forms\/d\/e\/1FAIpQLSfFbKk0M2ns84hssq3ehtiLahv72er9JcjF2A45lPA73ovpxw\/viewform\">formulario, <em>pincha aqu\u00ed<\/em>.<\/a><\/u><\/strong><\/p>\n","protected":false},"excerpt":{"rendered":"<p>Este evento cuenta con la colaboraci\u00f3n del Club Ciclista Cauriense, donde se organizar\u00e1n dos rutas, una urbana familiar por la avenida principal con una distancia aprox. 1.100 metros, para todas las edades, y otra ruta a la pedan\u00eda del Rinc\u00f3n del Obispo, para los m\u00e1s avanzados (ni\u00f1@s a partir de 8 a\u00f1os) con una distancia [&hellip;]<\/p>\n","protected":false},"author":2,"featured_media":62236,"comment_status":"open","ping_status":"closed","template":"evento","tags":[],"mec_category":[1612,1613],"class_list":["post-62238","mec-events","type-mec-events","status-publish","has-post-thumbnail","hentry","mec_category-destacado","mec_category-evento"],"yoast_head":"<!-- This site is optimized with the Yoast SEO plugin v27.4 - https:\/\/yoast.com\/product\/yoast-seo-wordpress\/ -->\n<title>D\u00eda de la Bici 2024 - Ayuntamiento de Coria<\/title>\n<meta name=\"description\" content=\"Este evento cuenta con la colaboraci\u00f3n del Club Ciclista Cauriense, donde se organizar\u00e1n dos rutas, una urbana familiar por la avenida principal con una distancia aprox. 1.100 metros, para todas las edades, y otra ruta a la pedan\u00eda del Rinc\u00f3n del Obispo, para los m\u00e1s avanzados (ni\u00f1@s a partir de 8 a\u00f1os) con una distancia de 10 km.\" \/>\n<meta name=\"robots\" content=\"index, follow, max-snippet:-1, max-image-preview:large, max-video-preview:-1\" \/>\n<link rel=\"canonical\" href=\"https:\/\/coria.org\/ayuntamiento\/index.php\/eventos\/dia-de-la-bici-2024\/\" \/>\n<meta property=\"og:locale\" content=\"es_ES\" \/>\n<meta property=\"og:type\" content=\"article\" \/>\n<meta property=\"og:title\" content=\"D\u00eda de la Bici 2024 - Ayuntamiento de Coria\" \/>\n<meta property=\"og:description\" content=\"Este evento cuenta con la colaboraci\u00f3n del Club Ciclista Cauriense, donde se organizar\u00e1n dos rutas, una urbana familiar por la avenida principal con una distancia aprox. 1.100 metros, para todas las edades, y otra ruta a la pedan\u00eda del Rinc\u00f3n del Obispo, para los m\u00e1s avanzados (ni\u00f1@s a partir de 8 a\u00f1os) con una distancia de 10 km.\" \/>\n<meta property=\"og:url\" content=\"https:\/\/coria.org\/ayuntamiento\/index.php\/eventos\/dia-de-la-bici-2024\/\" \/>\n<meta property=\"og:site_name\" content=\"Ayuntamiento de Coria\" \/>\n<meta property=\"article:publisher\" content=\"https:\/\/www.facebook.com\/Ayuntamiento.de.Coria\" \/>\n<meta property=\"article:modified_time\" content=\"2024-09-25T06:37:50+00:00\" \/>\n<meta property=\"og:image\" content=\"https:\/\/coria.org\/ayuntamiento\/wp-content\/uploads\/2024\/09\/dia-bici-2024.jpg\" \/>\n\t<meta property=\"og:image:width\" content=\"1357\" \/>\n\t<meta property=\"og:image:height\" content=\"1920\" \/>\n\t<meta property=\"og:image:type\" content=\"image\/jpeg\" \/>\n<meta name=\"twitter:card\" content=\"summary_large_image\" \/>\n<meta name=\"twitter:site\" content=\"@Ayto_de_Coria\" \/>\n<meta name=\"twitter:label1\" content=\"Tiempo de lectura\" \/>\n\t<meta name=\"twitter:data1\" content=\"1 minuto\" \/>\n<script type=\"application\/ld+json\" class=\"yoast-schema-graph\">{\"@context\":\"https:\\\/\\\/schema.org\",\"@graph\":[{\"@type\":\"WebPage\",\"@id\":\"https:\\\/\\\/coria.org\\\/ayuntamiento\\\/index.php\\\/eventos\\\/dia-de-la-bici-2024\\\/\",\"url\":\"https:\\\/\\\/coria.org\\\/ayuntamiento\\\/index.php\\\/eventos\\\/dia-de-la-bici-2024\\\/\",\"name\":\"D\u00eda de la Bici 2024 - Ayuntamiento de Coria\",\"isPartOf\":{\"@id\":\"https:\\\/\\\/coria.org\\\/ayuntamiento\\\/#website\"},\"primaryImageOfPage\":{\"@id\":\"https:\\\/\\\/coria.org\\\/ayuntamiento\\\/index.php\\\/eventos\\\/dia-de-la-bici-2024\\\/#primaryimage\"},\"image\":{\"@id\":\"https:\\\/\\\/coria.org\\\/ayuntamiento\\\/index.php\\\/eventos\\\/dia-de-la-bici-2024\\\/#primaryimage\"},\"thumbnailUrl\":\"https:\\\/\\\/coria.org\\\/ayuntamiento\\\/wp-content\\\/uploads\\\/2024\\\/09\\\/dia-bici-2024.jpg\",\"datePublished\":\"2024-09-11T11:24:02+00:00\",\"dateModified\":\"2024-09-25T06:37:50+00:00\",\"description\":\"Este evento cuenta con la colaboraci\u00f3n del Club Ciclista Cauriense, donde se organizar\u00e1n dos rutas, una urbana familiar por la avenida principal con una distancia aprox. 1.100 metros, para todas las edades, y otra ruta a la pedan\u00eda del Rinc\u00f3n del Obispo, para los m\u00e1s avanzados (ni\u00f1@s a partir de 8 a\u00f1os) con una distancia de 10 km.\",\"breadcrumb\":{\"@id\":\"https:\\\/\\\/coria.org\\\/ayuntamiento\\\/index.php\\\/eventos\\\/dia-de-la-bici-2024\\\/#breadcrumb\"},\"inLanguage\":\"es\",\"potentialAction\":[{\"@type\":\"ReadAction\",\"target\":[\"https:\\\/\\\/coria.org\\\/ayuntamiento\\\/index.php\\\/eventos\\\/dia-de-la-bici-2024\\\/\"]}]},{\"@type\":\"ImageObject\",\"inLanguage\":\"es\",\"@id\":\"https:\\\/\\\/coria.org\\\/ayuntamiento\\\/index.php\\\/eventos\\\/dia-de-la-bici-2024\\\/#primaryimage\",\"url\":\"https:\\\/\\\/coria.org\\\/ayuntamiento\\\/wp-content\\\/uploads\\\/2024\\\/09\\\/dia-bici-2024.jpg\",\"contentUrl\":\"https:\\\/\\\/coria.org\\\/ayuntamiento\\\/wp-content\\\/uploads\\\/2024\\\/09\\\/dia-bici-2024.jpg\",\"width\":1357,\"height\":1920},{\"@type\":\"BreadcrumbList\",\"@id\":\"https:\\\/\\\/coria.org\\\/ayuntamiento\\\/index.php\\\/eventos\\\/dia-de-la-bici-2024\\\/#breadcrumb\",\"itemListElement\":[{\"@type\":\"ListItem\",\"position\":1,\"name\":\"Inicio\",\"item\":\"https:\\\/\\\/coria.org\\\/ayuntamiento\\\/\"},{\"@type\":\"ListItem\",\"position\":2,\"name\":\"Eventos\",\"item\":\"https:\\\/\\\/coria.org\\\/ayuntamiento\\\/index.php\\\/eventos\\\/\"},{\"@type\":\"ListItem\",\"position\":3,\"name\":\"D\u00eda de la Bici 2024\"}]},{\"@type\":\"WebSite\",\"@id\":\"https:\\\/\\\/coria.org\\\/ayuntamiento\\\/#website\",\"url\":\"https:\\\/\\\/coria.org\\\/ayuntamiento\\\/\",\"name\":\"Ayuntamiento de Coria\",\"description\":\"Web oficial del Ayuntamiento de Coria\",\"publisher\":{\"@id\":\"https:\\\/\\\/coria.org\\\/ayuntamiento\\\/#organization\"},\"alternateName\":\"Web Oficial del Ayuntamiento de Coria\",\"potentialAction\":[{\"@type\":\"SearchAction\",\"target\":{\"@type\":\"EntryPoint\",\"urlTemplate\":\"https:\\\/\\\/coria.org\\\/ayuntamiento\\\/?s={search_term_string}\"},\"query-input\":{\"@type\":\"PropertyValueSpecification\",\"valueRequired\":true,\"valueName\":\"search_term_string\"}}],\"inLanguage\":\"es\"},{\"@type\":\"Organization\",\"@id\":\"https:\\\/\\\/coria.org\\\/ayuntamiento\\\/#organization\",\"name\":\"Ayuntamiento de Coria\",\"alternateName\":\"Ayto de Coria\",\"url\":\"https:\\\/\\\/coria.org\\\/ayuntamiento\\\/\",\"logo\":{\"@type\":\"ImageObject\",\"inLanguage\":\"es\",\"@id\":\"https:\\\/\\\/coria.org\\\/ayuntamiento\\\/#\\\/schema\\\/logo\\\/image\\\/\",\"url\":\"https:\\\/\\\/coria.org\\\/ayuntamiento\\\/wp-content\\\/uploads\\\/2020\\\/12\\\/escudo-ayuntamiento-coria.png\",\"contentUrl\":\"https:\\\/\\\/coria.org\\\/ayuntamiento\\\/wp-content\\\/uploads\\\/2020\\\/12\\\/escudo-ayuntamiento-coria.png\",\"width\":511,\"height\":240,\"caption\":\"Ayuntamiento de Coria\"},\"image\":{\"@id\":\"https:\\\/\\\/coria.org\\\/ayuntamiento\\\/#\\\/schema\\\/logo\\\/image\\\/\"},\"sameAs\":[\"https:\\\/\\\/www.facebook.com\\\/Ayuntamiento.de.Coria\",\"https:\\\/\\\/x.com\\\/Ayto_de_Coria\",\"https:\\\/\\\/www.instagram.com\\\/coria.ayuntamiento\\\/\",\"https:\\\/\\\/www.youtube.com\\\/user\\\/AYUNTAMIENTOCORIA\"]}]}<\/script>\n<!-- \/ Yoast SEO plugin. -->","yoast_head_json":{"title":"D\u00eda de la Bici 2024 - Ayuntamiento de Coria","description":"Este evento cuenta con la colaboraci\u00f3n del Club Ciclista Cauriense, donde se organizar\u00e1n dos rutas, una urbana familiar por la avenida principal con una distancia aprox. 1.100 metros, para todas las edades, y otra ruta a la pedan\u00eda del Rinc\u00f3n del Obispo, para los m\u00e1s avanzados (ni\u00f1@s a partir de 8 a\u00f1os) con una distancia de 10 km.","robots":{"index":"index","follow":"follow","max-snippet":"max-snippet:-1","max-image-preview":"max-image-preview:large","max-video-preview":"max-video-preview:-1"},"canonical":"https:\/\/coria.org\/ayuntamiento\/index.php\/eventos\/dia-de-la-bici-2024\/","og_locale":"es_ES","og_type":"article","og_title":"D\u00eda de la Bici 2024 - Ayuntamiento de Coria","og_description":"Este evento cuenta con la colaboraci\u00f3n del Club Ciclista Cauriense, donde se organizar\u00e1n dos rutas, una urbana familiar por la avenida principal con una distancia aprox. 1.100 metros, para todas las edades, y otra ruta a la pedan\u00eda del Rinc\u00f3n del Obispo, para los m\u00e1s avanzados (ni\u00f1@s a partir de 8 a\u00f1os) con una distancia de 10 km.","og_url":"https:\/\/coria.org\/ayuntamiento\/index.php\/eventos\/dia-de-la-bici-2024\/","og_site_name":"Ayuntamiento de Coria","article_publisher":"https:\/\/www.facebook.com\/Ayuntamiento.de.Coria","article_modified_time":"2024-09-25T06:37:50+00:00","og_image":[{"width":1357,"height":1920,"url":"https:\/\/coria.org\/ayuntamiento\/wp-content\/uploads\/2024\/09\/dia-bici-2024.jpg","type":"image\/jpeg"}],"twitter_card":"summary_large_image","twitter_site":"@Ayto_de_Coria","twitter_misc":{"Tiempo de lectura":"1 minuto"},"schema":{"@context":"https:\/\/schema.org","@graph":[{"@type":"WebPage","@id":"https:\/\/coria.org\/ayuntamiento\/index.php\/eventos\/dia-de-la-bici-2024\/","url":"https:\/\/coria.org\/ayuntamiento\/index.php\/eventos\/dia-de-la-bici-2024\/","name":"D\u00eda de la Bici 2024 - Ayuntamiento de Coria","isPartOf":{"@id":"https:\/\/coria.org\/ayuntamiento\/#website"},"primaryImageOfPage":{"@id":"https:\/\/coria.org\/ayuntamiento\/index.php\/eventos\/dia-de-la-bici-2024\/#primaryimage"},"image":{"@id":"https:\/\/coria.org\/ayuntamiento\/index.php\/eventos\/dia-de-la-bici-2024\/#primaryimage"},"thumbnailUrl":"https:\/\/coria.org\/ayuntamiento\/wp-content\/uploads\/2024\/09\/dia-bici-2024.jpg","datePublished":"2024-09-11T11:24:02+00:00","dateModified":"2024-09-25T06:37:50+00:00","description":"Este evento cuenta con la colaboraci\u00f3n del Club Ciclista Cauriense, donde se organizar\u00e1n dos rutas, una urbana familiar por la avenida principal con una distancia aprox. 1.100 metros, para todas las edades, y otra ruta a la pedan\u00eda del Rinc\u00f3n del Obispo, para los m\u00e1s avanzados (ni\u00f1@s a partir de 8 a\u00f1os) con una distancia de 10 km.","breadcrumb":{"@id":"https:\/\/coria.org\/ayuntamiento\/index.php\/eventos\/dia-de-la-bici-2024\/#breadcrumb"},"inLanguage":"es","potentialAction":[{"@type":"ReadAction","target":["https:\/\/coria.org\/ayuntamiento\/index.php\/eventos\/dia-de-la-bici-2024\/"]}]},{"@type":"ImageObject","inLanguage":"es","@id":"https:\/\/coria.org\/ayuntamiento\/index.php\/eventos\/dia-de-la-bici-2024\/#primaryimage","url":"https:\/\/coria.org\/ayuntamiento\/wp-content\/uploads\/2024\/09\/dia-bici-2024.jpg","contentUrl":"https:\/\/coria.org\/ayuntamiento\/wp-content\/uploads\/2024\/09\/dia-bici-2024.jpg","width":1357,"height":1920},{"@type":"BreadcrumbList","@id":"https:\/\/coria.org\/ayuntamiento\/index.php\/eventos\/dia-de-la-bici-2024\/#breadcrumb","itemListElement":[{"@type":"ListItem","position":1,"name":"Inicio","item":"https:\/\/coria.org\/ayuntamiento\/"},{"@type":"ListItem","position":2,"name":"Eventos","item":"https:\/\/coria.org\/ayuntamiento\/index.php\/eventos\/"},{"@type":"ListItem","position":3,"name":"D\u00eda de la Bici 2024"}]},{"@type":"WebSite","@id":"https:\/\/coria.org\/ayuntamiento\/#website","url":"https:\/\/coria.org\/ayuntamiento\/","name":"Ayuntamiento de Coria","description":"Web oficial del Ayuntamiento de Coria","publisher":{"@id":"https:\/\/coria.org\/ayuntamiento\/#organization"},"alternateName":"Web Oficial del Ayuntamiento de Coria","potentialAction":[{"@type":"SearchAction","target":{"@type":"EntryPoint","urlTemplate":"https:\/\/coria.org\/ayuntamiento\/?s={search_term_string}"},"query-input":{"@type":"PropertyValueSpecification","valueRequired":true,"valueName":"search_term_string"}}],"inLanguage":"es"},{"@type":"Organization","@id":"https:\/\/coria.org\/ayuntamiento\/#organization","name":"Ayuntamiento de Coria","alternateName":"Ayto de Coria","url":"https:\/\/coria.org\/ayuntamiento\/","logo":{"@type":"ImageObject","inLanguage":"es","@id":"https:\/\/coria.org\/ayuntamiento\/#\/schema\/logo\/image\/","url":"https:\/\/coria.org\/ayuntamiento\/wp-content\/uploads\/2020\/12\/escudo-ayuntamiento-coria.png","contentUrl":"https:\/\/coria.org\/ayuntamiento\/wp-content\/uploads\/2020\/12\/escudo-ayuntamiento-coria.png","width":511,"height":240,"caption":"Ayuntamiento de Coria"},"image":{"@id":"https:\/\/coria.org\/ayuntamiento\/#\/schema\/logo\/image\/"},"sameAs":["https:\/\/www.facebook.com\/Ayuntamiento.de.Coria","https:\/\/x.com\/Ayto_de_Coria","https:\/\/www.instagram.com\/coria.ayuntamiento\/","https:\/\/www.youtube.com\/user\/AYUNTAMIENTOCORIA"]}]}},"uagb_featured_image_src":{"full":["https:\/\/coria.org\/ayuntamiento\/wp-content\/uploads\/2024\/09\/dia-bici-2024.jpg",1357,1920,false],"thumbnail":["https:\/\/coria.org\/ayuntamiento\/wp-content\/uploads\/2024\/09\/dia-bici-2024-150x150.jpg",150,150,true],"medium":["https:\/\/coria.org\/ayuntamiento\/wp-content\/uploads\/2024\/09\/dia-bici-2024-212x300.jpg",212,300,true],"medium_large":["https:\/\/coria.org\/ayuntamiento\/wp-content\/uploads\/2024\/09\/dia-bici-2024-768x1087.jpg",768,1087,true],"large":["https:\/\/coria.org\/ayuntamiento\/wp-content\/uploads\/2024\/09\/dia-bici-2024-724x1024.jpg",724,1024,true],"thumblist":["https:\/\/coria.org\/ayuntamiento\/wp-content\/uploads\/2024\/09\/dia-bici-2024-300x300.jpg",300,300,true],"thumbrelated":["https:\/\/coria.org\/ayuntamiento\/wp-content\/uploads\/2024\/09\/dia-bici-2024-500x500.jpg",500,500,true],"meccarouselthumb":["https:\/\/coria.org\/ayuntamiento\/wp-content\/uploads\/2024\/09\/dia-bici-2024-474x324.jpg",474,324,true],"gridsquare":["https:\/\/coria.org\/ayuntamiento\/wp-content\/uploads\/2024\/09\/dia-bici-2024-391x260.jpg",391,260,true],"tileview":["https:\/\/coria.org\/ayuntamiento\/wp-content\/uploads\/2024\/09\/dia-bici-2024-300x400.jpg",300,400,true],"1536x1536":["https:\/\/coria.org\/ayuntamiento\/wp-content\/uploads\/2024\/09\/dia-bici-2024-1086x1536.jpg",1086,1536,true],"2048x2048":["https:\/\/coria.org\/ayuntamiento\/wp-content\/uploads\/2024\/09\/dia-bici-2024.jpg",1357,1920,false]},"uagb_author_info":{"display_name":"ayuntamiento","author_link":"https:\/\/coria.org\/ayuntamiento\/index.php\/author\/ayuntamiento\/"},"uagb_comment_info":0,"uagb_excerpt":"Este evento cuenta con la colaboraci\u00f3n del Club Ciclista Cauriense, donde se organizar\u00e1n dos rutas, una urbana familiar por la avenida principal con una distancia aprox. 1.100 metros, para todas las edades, y otra ruta a la pedan\u00eda del Rinc\u00f3n del Obispo, para los m\u00e1s avanzados (ni\u00f1@s a partir de 8 a\u00f1os) con una distancia&hellip;","_links":{"self":[{"href":"https:\/\/coria.org\/ayuntamiento\/index.php\/wp-json\/wp\/v2\/mec-events\/62238","targetHints":{"allow":["GET"]}}],"collection":[{"href":"https:\/\/coria.org\/ayuntamiento\/index.php\/wp-json\/wp\/v2\/mec-events"}],"about":[{"href":"https:\/\/coria.org\/ayuntamiento\/index.php\/wp-json\/wp\/v2\/types\/mec-events"}],"author":[{"embeddable":true,"href":"https:\/\/coria.org\/ayuntamiento\/index.php\/wp-json\/wp\/v2\/users\/2"}],"replies":[{"embeddable":true,"href":"https:\/\/coria.org\/ayuntamiento\/index.php\/wp-json\/wp\/v2\/comments?post=62238"}],"wp:featuredmedia":[{"embeddable":true,"href":"https:\/\/coria.org\/ayuntamiento\/index.php\/wp-json\/wp\/v2\/media\/62236"}],"wp:attachment":[{"href":"https:\/\/coria.org\/ayuntamiento\/index.php\/wp-json\/wp\/v2\/media?parent=62238"}],"wp:term":[{"taxonomy":"post_tag","embeddable":true,"href":"https:\/\/coria.org\/ayuntamiento\/index.php\/wp-json\/wp\/v2\/tags?post=62238"},{"taxonomy":"mec_category","embeddable":true,"href":"https:\/\/coria.org\/ayuntamiento\/index.php\/wp-json\/wp\/v2\/mec_category?post=62238"}],"curies":[{"name":"wp","href":"https:\/\/api.w.org\/{rel}","templated":true}]}}