{"id":62217,"date":"2024-08-30T15:08:36","date_gmt":"2024-08-30T13:08:36","guid":{"rendered":"https:\/\/coria.org\/ayuntamiento\/index.php\/eventos\/pedalea-con-el-corazon-reto-dravet-2024\/"},"modified":"2024-10-11T09:17:48","modified_gmt":"2024-10-11T07:17:48","slug":"pedalea-con-el-corazon-reto-dravet-2024","status":"publish","type":"mec-events","link":"https:\/\/coria.org\/ayuntamiento\/index.php\/eventos\/pedalea-con-el-corazon-reto-dravet-2024\/","title":{"rendered":"Pedalea con el coraz\u00f3n, Reto Dravet 2024."},"content":{"rendered":"\n<div class=\"wp-block-stackable-subtitle stk-block-subtitle stk-block stk-fae9ae3\" data-block-id=\"fae9ae3\"><p class=\"stk-block-subtitle__text stk-subtitle\"><strong>Las previsiones meteorol\u00f3gicas obligan a aplazar la III Quedada ciclista por el Dravet que ten\u00eda previsto celebrarse el s\u00e1bado, 12 de octubre<\/strong><\/p><\/div>\n\n\n\n<div class=\"wp-block-stackable-subtitle stk-block-subtitle stk-block stk-c130893\" data-block-id=\"c130893\"><p class=\"stk-block-subtitle__text stk-subtitle\"><strong>Por seguridad de los ciclistas la organizaci\u00f3n ha decidido aplazarla. En pr\u00f3ximas fechas se informar\u00e1 de la nueva cita.<\/strong><\/p><\/div>\n\n\n\n<p>La Fundaci\u00f3n s\u00edndrome de Dravet organiza la III quedada ciclista solidara. Desde la fundaci\u00f3n invitan a toda la ciudadan\u00eda a participar en la tercera quedada ciclista.<\/p>\n\n\n\n<p>Se trata de una iniciativa solidaria para dar a conocer y apoyar la investigaci\u00f3n del S\u00edndrome de Dravet, una enfermedad rara y catastr\u00f3fica que afecta a 1 de cada 16.000 nacimientos.<\/p>\n\n\n\n<p>Desde la Fundaci\u00f3n invitan a participar a toda la ciudadan\u00eda sin importar el nivel ni la experiencia, lo m\u00e1s importante es pasarlo bien y apoyar a la causa. Con ello se pretende dar visibilidad a la enfermedad a trav\u00e9s del deporte.<\/p>\n\n\n\n<p>Las donaciones se destinan directamente a la Fundaci\u00f3n y servir\u00e1n para apoyar la investigaci\u00f3n de la enfermedad. Adem\u00e1s, existe un dorsal solidario que cualquier persona podr\u00e1 realizar la donaci\u00f3n voluntaria que desee aunque no quiera participar en la marcha. Las donaciones se pueden realizar online a trav\u00e9s de la p\u00e1gina de la Fundaci\u00f3n o a trav\u00e9s de cuenta bancaria. ES44 2100 2139 6802 0024 5234 deber\u00e1 indicar NOMBRE DNI DRAVET CORIA.<\/p>\n\n\n\n<p>Tambi\u00e9n tanto en la salida como en la llegada, habr\u00e1 unas urnas en la que ser\u00e1 posible depositar la donaci\u00f3n que cada persona desee aportar o adquirir algunos de los productos solidarios de la Fundaci\u00f3n.<\/p>\n\n\n\n<p>Podr\u00e1 adquirir mas informaci\u00f3n a trav\u00e9s de la p\u00e1gina de la Fundaci\u00f3n S\u00edndrome de Dravet,&nbsp;<a href=\"https:\/\/dravetfundation.eu\/donacion\">https:\/\/dravetfundation.eu<\/a><\/p>\n\n\n\n<p>Se trata de una iniciativa solidaria para dar a conocer y apoyar la investigaci\u00f3n del S\u00edndrome de Dravet, una enfermedad rara y catastr\u00f3fica que afecta a 1 de cada 16.000 nacimientos.<\/p>\n\n\n\n<p>Desde la Fundaci\u00f3n invitan a participar a toda la ciudadan\u00eda sin importar el nivel ni la experiencia, lo m\u00e1s importante es pasarlo bien y apoyar a la causa. Con ello se pretende dar visibilidad a la enfermedad a trav\u00e9s del deporte.<\/p>\n\n\n\n<p>Las donaciones se destinan directamente a la Fundaci\u00f3n y servir\u00e1n para apoyar la investigaci\u00f3n de la enfermedad. Adem\u00e1s, existe un dorsal solidario que cualquier persona podr\u00e1 realizar la donaci\u00f3n voluntaria que desee aunque no quiera participar en la marcha. Las donaciones se pueden realizar online a trav\u00e9s de la p\u00e1gina de la Fundaci\u00f3n o a trav\u00e9s de cuenta bancaria. ES44 2100 2139 6802 0024 5234 deber\u00e1 indicar NOMBRE DNI DRAVET CORIA.<\/p>\n\n\n\n<p>Tambi\u00e9n tanto en la salida como en la llegada, habr\u00e1 unas urnas en la que ser\u00e1 posible depositar la donaci\u00f3n que cada persona desee aportar o adquirir algunos de los productos solidarios de la Fundaci\u00f3n.<\/p>\n\n\n\n<p>Podr\u00e1 adquirir mas informaci\u00f3n a trav\u00e9s de la p\u00e1gina de la Fundaci\u00f3n S\u00edndrome de Dravet,&nbsp;<a href=\"https:\/\/dravetfundation.eu\/donacion\">https:\/\/dravetfundation.eu<\/a><\/p>\n","protected":false},"excerpt":{"rendered":"<p>Las previsiones meteorol\u00f3gicas obligan a aplazar la III Quedada ciclista por el Dravet que ten\u00eda previsto celebrarse el s\u00e1bado, 12 de octubre Por seguridad de los ciclistas la organizaci\u00f3n ha decidido aplazarla. En pr\u00f3ximas fechas se informar\u00e1 de la nueva cita. La Fundaci\u00f3n s\u00edndrome de Dravet organiza la III quedada ciclista solidara. Desde la fundaci\u00f3n [&hellip;]<\/p>\n","protected":false},"author":2,"featured_media":62774,"comment_status":"closed","ping_status":"closed","template":"evento","tags":[],"mec_category":[1612,1613],"class_list":["post-62217","mec-events","type-mec-events","status-publish","has-post-thumbnail","hentry","mec_category-destacado","mec_category-evento"],"yoast_head":"<!-- This site is optimized with the Yoast SEO plugin v27.4 - https:\/\/yoast.com\/product\/yoast-seo-wordpress\/ -->\n<title>Pedalea con el coraz\u00f3n, Reto Dravet 2024. - Ayuntamiento de Coria<\/title>\n<meta name=\"robots\" content=\"index, follow, max-snippet:-1, max-image-preview:large, max-video-preview:-1\" \/>\n<link rel=\"canonical\" href=\"https:\/\/coria.org\/ayuntamiento\/index.php\/eventos\/pedalea-con-el-corazon-reto-dravet-2024\/\" \/>\n<meta property=\"og:locale\" content=\"es_ES\" \/>\n<meta property=\"og:type\" content=\"article\" \/>\n<meta property=\"og:title\" content=\"Pedalea con el coraz\u00f3n, Reto Dravet 2024. - Ayuntamiento de Coria\" \/>\n<meta property=\"og:description\" content=\"Las previsiones meteorol\u00f3gicas obligan a aplazar la III Quedada ciclista por el Dravet que ten\u00eda previsto celebrarse el s\u00e1bado, 12 de octubre Por seguridad de los ciclistas la organizaci\u00f3n ha decidido aplazarla. En pr\u00f3ximas fechas se informar\u00e1 de la nueva cita. La Fundaci\u00f3n s\u00edndrome de Dravet organiza la III quedada ciclista solidara. Desde la fundaci\u00f3n [&hellip;]\" \/>\n<meta property=\"og:url\" content=\"https:\/\/coria.org\/ayuntamiento\/index.php\/eventos\/pedalea-con-el-corazon-reto-dravet-2024\/\" \/>\n<meta property=\"og:site_name\" content=\"Ayuntamiento de Coria\" \/>\n<meta property=\"article:publisher\" content=\"https:\/\/www.facebook.com\/Ayuntamiento.de.Coria\" \/>\n<meta property=\"article:modified_time\" content=\"2024-10-11T07:17:48+00:00\" \/>\n<meta property=\"og:image\" content=\"https:\/\/coria.org\/ayuntamiento\/wp-content\/uploads\/2024\/08\/aplazada-quedada.webp\" \/>\n\t<meta property=\"og:image:width\" content=\"1411\" \/>\n\t<meta property=\"og:image:height\" content=\"1764\" \/>\n\t<meta property=\"og:image:type\" content=\"image\/webp\" \/>\n<meta name=\"twitter:card\" content=\"summary_large_image\" \/>\n<meta name=\"twitter:site\" content=\"@Ayto_de_Coria\" \/>\n<meta name=\"twitter:label1\" content=\"Tiempo de lectura\" \/>\n\t<meta name=\"twitter:data1\" content=\"3 minutos\" \/>\n<script type=\"application\/ld+json\" class=\"yoast-schema-graph\">{\"@context\":\"https:\\\/\\\/schema.org\",\"@graph\":[{\"@type\":\"WebPage\",\"@id\":\"https:\\\/\\\/coria.org\\\/ayuntamiento\\\/index.php\\\/eventos\\\/pedalea-con-el-corazon-reto-dravet-2024\\\/\",\"url\":\"https:\\\/\\\/coria.org\\\/ayuntamiento\\\/index.php\\\/eventos\\\/pedalea-con-el-corazon-reto-dravet-2024\\\/\",\"name\":\"Pedalea con el coraz\u00f3n, Reto Dravet 2024. - Ayuntamiento de Coria\",\"isPartOf\":{\"@id\":\"https:\\\/\\\/coria.org\\\/ayuntamiento\\\/#website\"},\"primaryImageOfPage\":{\"@id\":\"https:\\\/\\\/coria.org\\\/ayuntamiento\\\/index.php\\\/eventos\\\/pedalea-con-el-corazon-reto-dravet-2024\\\/#primaryimage\"},\"image\":{\"@id\":\"https:\\\/\\\/coria.org\\\/ayuntamiento\\\/index.php\\\/eventos\\\/pedalea-con-el-corazon-reto-dravet-2024\\\/#primaryimage\"},\"thumbnailUrl\":\"https:\\\/\\\/coria.org\\\/ayuntamiento\\\/wp-content\\\/uploads\\\/2024\\\/08\\\/aplazada-quedada.webp\",\"datePublished\":\"2024-08-30T13:08:36+00:00\",\"dateModified\":\"2024-10-11T07:17:48+00:00\",\"breadcrumb\":{\"@id\":\"https:\\\/\\\/coria.org\\\/ayuntamiento\\\/index.php\\\/eventos\\\/pedalea-con-el-corazon-reto-dravet-2024\\\/#breadcrumb\"},\"inLanguage\":\"es\",\"potentialAction\":[{\"@type\":\"ReadAction\",\"target\":[\"https:\\\/\\\/coria.org\\\/ayuntamiento\\\/index.php\\\/eventos\\\/pedalea-con-el-corazon-reto-dravet-2024\\\/\"]}]},{\"@type\":\"ImageObject\",\"inLanguage\":\"es\",\"@id\":\"https:\\\/\\\/coria.org\\\/ayuntamiento\\\/index.php\\\/eventos\\\/pedalea-con-el-corazon-reto-dravet-2024\\\/#primaryimage\",\"url\":\"https:\\\/\\\/coria.org\\\/ayuntamiento\\\/wp-content\\\/uploads\\\/2024\\\/08\\\/aplazada-quedada.webp\",\"contentUrl\":\"https:\\\/\\\/coria.org\\\/ayuntamiento\\\/wp-content\\\/uploads\\\/2024\\\/08\\\/aplazada-quedada.webp\",\"width\":1411,\"height\":1764},{\"@type\":\"BreadcrumbList\",\"@id\":\"https:\\\/\\\/coria.org\\\/ayuntamiento\\\/index.php\\\/eventos\\\/pedalea-con-el-corazon-reto-dravet-2024\\\/#breadcrumb\",\"itemListElement\":[{\"@type\":\"ListItem\",\"position\":1,\"name\":\"Inicio\",\"item\":\"https:\\\/\\\/coria.org\\\/ayuntamiento\\\/\"},{\"@type\":\"ListItem\",\"position\":2,\"name\":\"Eventos\",\"item\":\"https:\\\/\\\/coria.org\\\/ayuntamiento\\\/index.php\\\/eventos\\\/\"},{\"@type\":\"ListItem\",\"position\":3,\"name\":\"Pedalea con el coraz\u00f3n, Reto Dravet 2024.\"}]},{\"@type\":\"WebSite\",\"@id\":\"https:\\\/\\\/coria.org\\\/ayuntamiento\\\/#website\",\"url\":\"https:\\\/\\\/coria.org\\\/ayuntamiento\\\/\",\"name\":\"Ayuntamiento de Coria\",\"description\":\"Web oficial del Ayuntamiento de Coria\",\"publisher\":{\"@id\":\"https:\\\/\\\/coria.org\\\/ayuntamiento\\\/#organization\"},\"alternateName\":\"Web Oficial del Ayuntamiento de Coria\",\"potentialAction\":[{\"@type\":\"SearchAction\",\"target\":{\"@type\":\"EntryPoint\",\"urlTemplate\":\"https:\\\/\\\/coria.org\\\/ayuntamiento\\\/?s={search_term_string}\"},\"query-input\":{\"@type\":\"PropertyValueSpecification\",\"valueRequired\":true,\"valueName\":\"search_term_string\"}}],\"inLanguage\":\"es\"},{\"@type\":\"Organization\",\"@id\":\"https:\\\/\\\/coria.org\\\/ayuntamiento\\\/#organization\",\"name\":\"Ayuntamiento de Coria\",\"alternateName\":\"Ayto de Coria\",\"url\":\"https:\\\/\\\/coria.org\\\/ayuntamiento\\\/\",\"logo\":{\"@type\":\"ImageObject\",\"inLanguage\":\"es\",\"@id\":\"https:\\\/\\\/coria.org\\\/ayuntamiento\\\/#\\\/schema\\\/logo\\\/image\\\/\",\"url\":\"https:\\\/\\\/coria.org\\\/ayuntamiento\\\/wp-content\\\/uploads\\\/2020\\\/12\\\/escudo-ayuntamiento-coria.png\",\"contentUrl\":\"https:\\\/\\\/coria.org\\\/ayuntamiento\\\/wp-content\\\/uploads\\\/2020\\\/12\\\/escudo-ayuntamiento-coria.png\",\"width\":511,\"height\":240,\"caption\":\"Ayuntamiento de Coria\"},\"image\":{\"@id\":\"https:\\\/\\\/coria.org\\\/ayuntamiento\\\/#\\\/schema\\\/logo\\\/image\\\/\"},\"sameAs\":[\"https:\\\/\\\/www.facebook.com\\\/Ayuntamiento.de.Coria\",\"https:\\\/\\\/x.com\\\/Ayto_de_Coria\",\"https:\\\/\\\/www.instagram.com\\\/coria.ayuntamiento\\\/\",\"https:\\\/\\\/www.youtube.com\\\/user\\\/AYUNTAMIENTOCORIA\"]}]}<\/script>\n<!-- \/ Yoast SEO plugin. -->","yoast_head_json":{"title":"Pedalea con el coraz\u00f3n, Reto Dravet 2024. - Ayuntamiento de Coria","robots":{"index":"index","follow":"follow","max-snippet":"max-snippet:-1","max-image-preview":"max-image-preview:large","max-video-preview":"max-video-preview:-1"},"canonical":"https:\/\/coria.org\/ayuntamiento\/index.php\/eventos\/pedalea-con-el-corazon-reto-dravet-2024\/","og_locale":"es_ES","og_type":"article","og_title":"Pedalea con el coraz\u00f3n, Reto Dravet 2024. - Ayuntamiento de Coria","og_description":"Las previsiones meteorol\u00f3gicas obligan a aplazar la III Quedada ciclista por el Dravet que ten\u00eda previsto celebrarse el s\u00e1bado, 12 de octubre Por seguridad de los ciclistas la organizaci\u00f3n ha decidido aplazarla. En pr\u00f3ximas fechas se informar\u00e1 de la nueva cita. La Fundaci\u00f3n s\u00edndrome de Dravet organiza la III quedada ciclista solidara. Desde la fundaci\u00f3n [&hellip;]","og_url":"https:\/\/coria.org\/ayuntamiento\/index.php\/eventos\/pedalea-con-el-corazon-reto-dravet-2024\/","og_site_name":"Ayuntamiento de Coria","article_publisher":"https:\/\/www.facebook.com\/Ayuntamiento.de.Coria","article_modified_time":"2024-10-11T07:17:48+00:00","og_image":[{"width":1411,"height":1764,"url":"https:\/\/coria.org\/ayuntamiento\/wp-content\/uploads\/2024\/08\/aplazada-quedada.webp","type":"image\/webp"}],"twitter_card":"summary_large_image","twitter_site":"@Ayto_de_Coria","twitter_misc":{"Tiempo de lectura":"3 minutos"},"schema":{"@context":"https:\/\/schema.org","@graph":[{"@type":"WebPage","@id":"https:\/\/coria.org\/ayuntamiento\/index.php\/eventos\/pedalea-con-el-corazon-reto-dravet-2024\/","url":"https:\/\/coria.org\/ayuntamiento\/index.php\/eventos\/pedalea-con-el-corazon-reto-dravet-2024\/","name":"Pedalea con el coraz\u00f3n, Reto Dravet 2024. - Ayuntamiento de Coria","isPartOf":{"@id":"https:\/\/coria.org\/ayuntamiento\/#website"},"primaryImageOfPage":{"@id":"https:\/\/coria.org\/ayuntamiento\/index.php\/eventos\/pedalea-con-el-corazon-reto-dravet-2024\/#primaryimage"},"image":{"@id":"https:\/\/coria.org\/ayuntamiento\/index.php\/eventos\/pedalea-con-el-corazon-reto-dravet-2024\/#primaryimage"},"thumbnailUrl":"https:\/\/coria.org\/ayuntamiento\/wp-content\/uploads\/2024\/08\/aplazada-quedada.webp","datePublished":"2024-08-30T13:08:36+00:00","dateModified":"2024-10-11T07:17:48+00:00","breadcrumb":{"@id":"https:\/\/coria.org\/ayuntamiento\/index.php\/eventos\/pedalea-con-el-corazon-reto-dravet-2024\/#breadcrumb"},"inLanguage":"es","potentialAction":[{"@type":"ReadAction","target":["https:\/\/coria.org\/ayuntamiento\/index.php\/eventos\/pedalea-con-el-corazon-reto-dravet-2024\/"]}]},{"@type":"ImageObject","inLanguage":"es","@id":"https:\/\/coria.org\/ayuntamiento\/index.php\/eventos\/pedalea-con-el-corazon-reto-dravet-2024\/#primaryimage","url":"https:\/\/coria.org\/ayuntamiento\/wp-content\/uploads\/2024\/08\/aplazada-quedada.webp","contentUrl":"https:\/\/coria.org\/ayuntamiento\/wp-content\/uploads\/2024\/08\/aplazada-quedada.webp","width":1411,"height":1764},{"@type":"BreadcrumbList","@id":"https:\/\/coria.org\/ayuntamiento\/index.php\/eventos\/pedalea-con-el-corazon-reto-dravet-2024\/#breadcrumb","itemListElement":[{"@type":"ListItem","position":1,"name":"Inicio","item":"https:\/\/coria.org\/ayuntamiento\/"},{"@type":"ListItem","position":2,"name":"Eventos","item":"https:\/\/coria.org\/ayuntamiento\/index.php\/eventos\/"},{"@type":"ListItem","position":3,"name":"Pedalea con el coraz\u00f3n, Reto Dravet 2024."}]},{"@type":"WebSite","@id":"https:\/\/coria.org\/ayuntamiento\/#website","url":"https:\/\/coria.org\/ayuntamiento\/","name":"Ayuntamiento de Coria","description":"Web oficial del Ayuntamiento de Coria","publisher":{"@id":"https:\/\/coria.org\/ayuntamiento\/#organization"},"alternateName":"Web Oficial del Ayuntamiento de Coria","potentialAction":[{"@type":"SearchAction","target":{"@type":"EntryPoint","urlTemplate":"https:\/\/coria.org\/ayuntamiento\/?s={search_term_string}"},"query-input":{"@type":"PropertyValueSpecification","valueRequired":true,"valueName":"search_term_string"}}],"inLanguage":"es"},{"@type":"Organization","@id":"https:\/\/coria.org\/ayuntamiento\/#organization","name":"Ayuntamiento de Coria","alternateName":"Ayto de Coria","url":"https:\/\/coria.org\/ayuntamiento\/","logo":{"@type":"ImageObject","inLanguage":"es","@id":"https:\/\/coria.org\/ayuntamiento\/#\/schema\/logo\/image\/","url":"https:\/\/coria.org\/ayuntamiento\/wp-content\/uploads\/2020\/12\/escudo-ayuntamiento-coria.png","contentUrl":"https:\/\/coria.org\/ayuntamiento\/wp-content\/uploads\/2020\/12\/escudo-ayuntamiento-coria.png","width":511,"height":240,"caption":"Ayuntamiento de Coria"},"image":{"@id":"https:\/\/coria.org\/ayuntamiento\/#\/schema\/logo\/image\/"},"sameAs":["https:\/\/www.facebook.com\/Ayuntamiento.de.Coria","https:\/\/x.com\/Ayto_de_Coria","https:\/\/www.instagram.com\/coria.ayuntamiento\/","https:\/\/www.youtube.com\/user\/AYUNTAMIENTOCORIA"]}]}},"uagb_featured_image_src":{"full":["https:\/\/coria.org\/ayuntamiento\/wp-content\/uploads\/2024\/08\/aplazada-quedada.webp",1411,1764,false],"thumbnail":["https:\/\/coria.org\/ayuntamiento\/wp-content\/uploads\/2024\/08\/aplazada-quedada-150x150.webp",150,150,true],"medium":["https:\/\/coria.org\/ayuntamiento\/wp-content\/uploads\/2024\/08\/aplazada-quedada.webp",1411,1764,false],"medium_large":["https:\/\/coria.org\/ayuntamiento\/wp-content\/uploads\/2024\/08\/aplazada-quedada-768x960.webp",768,960,true],"large":["https:\/\/coria.org\/ayuntamiento\/wp-content\/uploads\/2024\/08\/aplazada-quedada.webp",1411,1764,false],"thumblist":["https:\/\/coria.org\/ayuntamiento\/wp-content\/uploads\/2024\/08\/aplazada-quedada-300x300.webp",300,300,true],"thumbrelated":["https:\/\/coria.org\/ayuntamiento\/wp-content\/uploads\/2024\/08\/aplazada-quedada-500x500.webp",500,500,true],"meccarouselthumb":["https:\/\/coria.org\/ayuntamiento\/wp-content\/uploads\/2024\/08\/aplazada-quedada-474x324.webp",474,324,true],"gridsquare":["https:\/\/coria.org\/ayuntamiento\/wp-content\/uploads\/2024\/08\/aplazada-quedada-391x260.webp",391,260,true],"tileview":["https:\/\/coria.org\/ayuntamiento\/wp-content\/uploads\/2024\/08\/aplazada-quedada-300x400.webp",300,400,true],"1536x1536":["https:\/\/coria.org\/ayuntamiento\/wp-content\/uploads\/2024\/08\/aplazada-quedada-1229x1536.webp",1229,1536,true],"2048x2048":["https:\/\/coria.org\/ayuntamiento\/wp-content\/uploads\/2024\/08\/aplazada-quedada.webp",1411,1764,false]},"uagb_author_info":{"display_name":"ayuntamiento","author_link":"https:\/\/coria.org\/ayuntamiento\/index.php\/author\/ayuntamiento\/"},"uagb_comment_info":0,"uagb_excerpt":"Las previsiones meteorol\u00f3gicas obligan a aplazar la III Quedada ciclista por el Dravet que ten\u00eda previsto celebrarse el s\u00e1bado, 12 de octubre Por seguridad de los ciclistas la organizaci\u00f3n ha decidido aplazarla. En pr\u00f3ximas fechas se informar\u00e1 de la nueva cita. La Fundaci\u00f3n s\u00edndrome de Dravet organiza la III quedada ciclista solidara. Desde la fundaci\u00f3n&hellip;","_links":{"self":[{"href":"https:\/\/coria.org\/ayuntamiento\/index.php\/wp-json\/wp\/v2\/mec-events\/62217","targetHints":{"allow":["GET"]}}],"collection":[{"href":"https:\/\/coria.org\/ayuntamiento\/index.php\/wp-json\/wp\/v2\/mec-events"}],"about":[{"href":"https:\/\/coria.org\/ayuntamiento\/index.php\/wp-json\/wp\/v2\/types\/mec-events"}],"author":[{"embeddable":true,"href":"https:\/\/coria.org\/ayuntamiento\/index.php\/wp-json\/wp\/v2\/users\/2"}],"replies":[{"embeddable":true,"href":"https:\/\/coria.org\/ayuntamiento\/index.php\/wp-json\/wp\/v2\/comments?post=62217"}],"wp:featuredmedia":[{"embeddable":true,"href":"https:\/\/coria.org\/ayuntamiento\/index.php\/wp-json\/wp\/v2\/media\/62774"}],"wp:attachment":[{"href":"https:\/\/coria.org\/ayuntamiento\/index.php\/wp-json\/wp\/v2\/media?parent=62217"}],"wp:term":[{"taxonomy":"post_tag","embeddable":true,"href":"https:\/\/coria.org\/ayuntamiento\/index.php\/wp-json\/wp\/v2\/tags?post=62217"},{"taxonomy":"mec_category","embeddable":true,"href":"https:\/\/coria.org\/ayuntamiento\/index.php\/wp-json\/wp\/v2\/mec_category?post=62217"}],"curies":[{"name":"wp","href":"https:\/\/api.w.org\/{rel}","templated":true}]}}