{"id":61869,"date":"2024-07-31T09:39:30","date_gmt":"2024-07-31T07:39:30","guid":{"rendered":"https:\/\/turismocoria.es\/importacion\/index.php\/eventos\/agosto-turistico-2024\/"},"modified":"2024-09-12T10:29:27","modified_gmt":"2024-09-12T08:29:27","slug":"agosto-turistico-2024","status":"publish","type":"mec-events","link":"https:\/\/coria.org\/ayuntamiento\/index.php\/eventos\/agosto-turistico-2024\/","title":{"rendered":"Agosto Tur\u00edstico 2024"},"content":{"rendered":"<p style=\"text-align: center\"><strong>PROGRAMACI\u00d3N AGOSTO TUR\u00cdSTICO 2024<\/strong><\/p>\n<p>Durante el Mes de Agosto en Coria se llevar\u00e1n a cabo diferentes actividades,encabezadas sobre todo, por El Festival Internacional de Guitarra y el Jueves Tur\u00edstico.<\/p>\n<p><strong>DEL 1 AL 8 DE AGOSTO: FESTIVAL INTERNACIONAL DE GUITARRA.<\/strong> <br \/>&#8211; 1 de Agosto: Carlos Trepat. Entrada libre. S.I. Catedral. 21:30 h. <br \/>&#8211; 2 de Agosto: Javier Riba. Entrada libre. S.I. Catedral. 21:30 h. <br \/>&#8211; 3 de Agosto: Iv\u00e1n \u201cMel\u00f3n\u201d Lewis 8. The Cuban Swing Express. 15\u20ac. Plaza de la Catedral. 21:30 h. <br \/>&#8211; 4 de Agosto: Concierto de Aniello Desiderio. Entrada libre. S.I. Catedral. 21:30 h. <br \/>&#8211; 5 de Agosto: Concierto D\u00fao Cavatina. Entrada libre. Puerta del Perd\u00f3n. 21:30 h. <br \/>&#8211; 6 de Agosto: Concierto del Cuarteto de Guitarras de Andaluc\u00eda. Entrada libre. Puerta del Perd\u00f3n. 21:30 h. <br \/>&#8211; 7 de Agosto: Concierto de Kevin Loh. Entrada libre. S.l Catedral. 21:30 h. <br \/>&#8211; 8 de Agosto: Final del Concurso Senior. 22:00 h.<\/p>\n<p><strong>9 de AGOSTO. SHOWPPING NIGHT.<\/strong> <br \/>Apertura de Tiendas hasta la 01:00 h. <br \/>Talleres art\u00edsticos, pasacalles, espect\u00e1culos musicales y un sin fin de actividades para completar una noche de compras.<\/p>\n<p><strong>10 DE AGOSTO. FESTIVAL NACIONAL DE FOLKLORE.<\/strong><br \/>Puerta del Perd\u00f3n. 22:00 h.<br \/>Organiza Ayto. De Coria y Asociaci\u00f3n de Coros y Danzas Savia Viva. <br \/>&#8211; Grupo Nacional: Montaraces y Charros (Salamanca). <br \/>&#8211; Grupo Regional: La Besana (San Vicente de Alc\u00e1ntara). <br \/>&#8211; Grupo Local: Savia Viva (Coria).<\/p>\n<p><strong>11 DE AGOSTO. ESPECT\u00c1CULO \u201cLA MEJOR \u00c9POCA\u201d<\/strong><br \/>Plaza del Norte. 22:00 h.<\/p>\n<p><strong>14 DE AGOSTO: MERCADO DE LAS VELAS<\/strong><br \/>22:00h a 02:00h. <br \/>&#8211; Iluminaci\u00f3n de las principales plazas y calles por velas de ambienaci\u00f3n c\u00e1lida y veraniega. <br \/>&#8211; M\u00fasica ambiente de 22:30 h. a 00:30 h. <br \/>&#8211; Guitarra: Plaza de la Cava. <br \/>&#8211; Piano: Plaza de San Pedro. <br \/>&#8211; Viol\u00edn: Plaza de la Catedral. <br \/>&#8211; Flauta y Clarinete: Plaza de Espa\u00f1a. <br \/>&#8211; Photocall de 22:00 h. a 00:00 h. Espect\u00e1culo de fantas\u00eda de globos e iluminaci\u00f3n, adem\u00e1s del personaje estrella de la noche: La Vela. <br \/>&#8211; Mini Feria gratuita. 22:00 h. a 02:00 h. Plaza de San Juan. <br \/>&#8211; Mesas de Juegos 22:00 h. a 02:00 h. Plaza de San Juan. <br \/>&#8211; Taller de pompas gigantes 22:00 h. a 02:00 h. Plaza de San Juan. <br \/>&#8211; Espect\u00e1culo y Exposici\u00f3n de Cetrer\u00eda. Puerta del Perd\u00f3n. Atrio del Perd\u00f3n de la Catedral. 22:00 h. a 02:00 h.<\/p>\n<p><strong>15 DE AGOSTO: JUEVES TUR\u00cdSTICO.<\/strong><br \/>09:00 h. a 14:00 h. <br \/>&#8211; Caricaturas del Peneke: de 10:00 h. a 13:00 h. en la Plaza de la Catedral. An\u00edmate a que nuestro artista te saque tu mejor cara. <br \/>&#8211; Teatro de calle \u201cTras las huellas de los Albas\u201d 11:00 h. a 13:00 h. Salida Plaza de a Cava. <br \/>&#8211; Paseo en Burritos: 11:30 h. a 13:30 h. Paseo en burrito por el Casco Historico. Itinerario: San Benito &#8211; Rejas &#8211; Seminario &#8211; Yglesia &#8211; Plaza de la Catedral -Yglesia Oscura &#8211; San Benito. <br \/>&#8211; Mini Feria gratuita. 09:30h a 14:00h. Plazuela de San Juan. <br \/>&#8211; Mesas de Juegos 09:30h a 14:00h. Plazuela de San Juan. <br \/>&#8211; Taller de Pompas Gigantes 09:30h a 14:00h. Plazuela de San Juan. <br \/>&#8211; Espect\u00e1culo y Exposici\u00f3n de Cetrer\u00eda. Atrio del Perd\u00f3n. Puerta del Perd\u00f3n de la Catedral. 09:30 h. a 14:00 h. <br \/>&#8211; Pasacalles Grupo de Acordeonistas de Coria y Comarca. 11:00 h. a 13:00 h. Salida Plaza de San Pedro.<\/p>\n<p><strong>17 DE AGOSTO. CONCURSO DE PINTURA AL AIRE LIBRE.<\/strong> <br \/>Organiza Escuela de Pintura Buf\u00f3n Calabacilas.<br \/>De 09:00 h. a 14:00 h. <br \/>Calles del Casco Hist\u00f3rico.<\/p>\n<p><strong>17 DE AGOSTO. OBSERVACI\u00d3N DEL CIELO. \u201cDE CORIA A LA LUNA\u00bb<\/strong> <br \/>22:30 h. Explanada aparcamientos Ermita Ntra. Sra. De Argeme. <br \/>Inscripci\u00f3n gratuita en la Oficina de Turismo. Plazas limitadas. 80-100<\/p>\n<p><strong>17 DE AGOSTO. Ruta Nocturna Luna Zapatona.<\/strong> <br \/>Salida del Pabell\u00f3n Municipal de Deportes. 10km. <br \/>Hora: 23:00 h. <br \/>Inscripciones: https:\/\/lunazapatona.blogspot.com<br \/>Organiza Ayto. De Coria y Zapatones Running.<\/p>\n<p><strong>23 DE AGOSTO: VISITA GUIADA TEATRALIZADA. \u201cEL CONVENTILLO DE DON CAMIS\u00d3N\u00bb.<\/strong> <br \/>Salida Plaza de San Pedro. 22:30 h. <br \/>Inscripciones gratuitas en la Oficina de Turismo.<\/p>\n<p><strong>24 DE AGOSTO. ISLA PARTY II EDICI\u00d3N.<\/strong> <br \/>Zona Campo de F\u00fatbol. <br \/>Hora de inicio: 23:59 h.<\/p>\n","protected":false},"excerpt":{"rendered":"<p>PROGRAMACI\u00d3N AGOSTO TUR\u00cdSTICO 2024 Durante el Mes de Agosto en Coria se llevar\u00e1n a cabo diferentes actividades,encabezadas sobre todo, por El Festival Internacional de Guitarra y el Jueves Tur\u00edstico. DEL 1 AL 8 DE AGOSTO: FESTIVAL INTERNACIONAL DE GUITARRA. &#8211; 1 de Agosto: Carlos Trepat. Entrada libre. S.I. Catedral. 21:30 h. &#8211; 2 de Agosto: [&hellip;]<\/p>\n","protected":false},"author":2,"featured_media":61969,"comment_status":"closed","ping_status":"closed","template":"evento","tags":[1265],"mec_category":[1612,1613],"class_list":["post-61869","mec-events","type-mec-events","status-publish","has-post-thumbnail","hentry","tag-turismo","mec_category-destacado","mec_category-evento"],"yoast_head":"<!-- This site is optimized with the Yoast SEO plugin v27.5 - https:\/\/yoast.com\/product\/yoast-seo-wordpress\/ -->\n<title>Agosto Tur\u00edstico 2024 - Ayuntamiento de Coria<\/title>\n<meta name=\"robots\" content=\"index, follow, max-snippet:-1, max-image-preview:large, max-video-preview:-1\" \/>\n<link rel=\"canonical\" href=\"https:\/\/coria.org\/ayuntamiento\/index.php\/eventos\/agosto-turistico-2024\/\" \/>\n<meta property=\"og:locale\" content=\"es_ES\" \/>\n<meta property=\"og:type\" content=\"article\" \/>\n<meta property=\"og:title\" content=\"Agosto Tur\u00edstico 2024 - Ayuntamiento de Coria\" \/>\n<meta property=\"og:description\" content=\"PROGRAMACI\u00d3N AGOSTO TUR\u00cdSTICO 2024 Durante el Mes de Agosto en Coria se llevar\u00e1n a cabo diferentes actividades,encabezadas sobre todo, por El Festival Internacional de Guitarra y el Jueves Tur\u00edstico. DEL 1 AL 8 DE AGOSTO: FESTIVAL INTERNACIONAL DE GUITARRA. &#8211; 1 de Agosto: Carlos Trepat. Entrada libre. S.I. Catedral. 21:30 h. &#8211; 2 de Agosto: [&hellip;]\" \/>\n<meta property=\"og:url\" content=\"https:\/\/coria.org\/ayuntamiento\/index.php\/eventos\/agosto-turistico-2024\/\" \/>\n<meta property=\"og:site_name\" content=\"Ayuntamiento de Coria\" \/>\n<meta property=\"article:publisher\" content=\"https:\/\/www.facebook.com\/Ayuntamiento.de.Coria\" \/>\n<meta property=\"article:modified_time\" content=\"2024-09-12T08:29:27+00:00\" \/>\n<meta property=\"og:image\" content=\"https:\/\/coria.org\/ayuntamiento\/wp-content\/uploads\/2024\/07\/jueves-turistico-24-agenda.jpg\" \/>\n\t<meta property=\"og:image:width\" content=\"1920\" \/>\n\t<meta property=\"og:image:height\" content=\"1440\" \/>\n\t<meta property=\"og:image:type\" content=\"image\/jpeg\" \/>\n<meta name=\"twitter:card\" content=\"summary_large_image\" \/>\n<meta name=\"twitter:site\" content=\"@Ayto_de_Coria\" \/>\n<meta name=\"twitter:label1\" content=\"Tiempo de lectura\" \/>\n\t<meta name=\"twitter:data1\" content=\"3 minutos\" \/>\n<script type=\"application\/ld+json\" class=\"yoast-schema-graph\">{\"@context\":\"https:\\\/\\\/schema.org\",\"@graph\":[{\"@type\":\"WebPage\",\"@id\":\"https:\\\/\\\/coria.org\\\/ayuntamiento\\\/index.php\\\/eventos\\\/agosto-turistico-2024\\\/\",\"url\":\"https:\\\/\\\/coria.org\\\/ayuntamiento\\\/index.php\\\/eventos\\\/agosto-turistico-2024\\\/\",\"name\":\"Agosto Tur\u00edstico 2024 - Ayuntamiento de Coria\",\"isPartOf\":{\"@id\":\"https:\\\/\\\/coria.org\\\/ayuntamiento\\\/#website\"},\"primaryImageOfPage\":{\"@id\":\"https:\\\/\\\/coria.org\\\/ayuntamiento\\\/index.php\\\/eventos\\\/agosto-turistico-2024\\\/#primaryimage\"},\"image\":{\"@id\":\"https:\\\/\\\/coria.org\\\/ayuntamiento\\\/index.php\\\/eventos\\\/agosto-turistico-2024\\\/#primaryimage\"},\"thumbnailUrl\":\"https:\\\/\\\/coria.org\\\/ayuntamiento\\\/wp-content\\\/uploads\\\/2024\\\/07\\\/jueves-turistico-24-agenda.jpg\",\"datePublished\":\"2024-07-31T07:39:30+00:00\",\"dateModified\":\"2024-09-12T08:29:27+00:00\",\"breadcrumb\":{\"@id\":\"https:\\\/\\\/coria.org\\\/ayuntamiento\\\/index.php\\\/eventos\\\/agosto-turistico-2024\\\/#breadcrumb\"},\"inLanguage\":\"es\",\"potentialAction\":[{\"@type\":\"ReadAction\",\"target\":[\"https:\\\/\\\/coria.org\\\/ayuntamiento\\\/index.php\\\/eventos\\\/agosto-turistico-2024\\\/\"]}]},{\"@type\":\"ImageObject\",\"inLanguage\":\"es\",\"@id\":\"https:\\\/\\\/coria.org\\\/ayuntamiento\\\/index.php\\\/eventos\\\/agosto-turistico-2024\\\/#primaryimage\",\"url\":\"https:\\\/\\\/coria.org\\\/ayuntamiento\\\/wp-content\\\/uploads\\\/2024\\\/07\\\/jueves-turistico-24-agenda.jpg\",\"contentUrl\":\"https:\\\/\\\/coria.org\\\/ayuntamiento\\\/wp-content\\\/uploads\\\/2024\\\/07\\\/jueves-turistico-24-agenda.jpg\",\"width\":1920,\"height\":1440},{\"@type\":\"BreadcrumbList\",\"@id\":\"https:\\\/\\\/coria.org\\\/ayuntamiento\\\/index.php\\\/eventos\\\/agosto-turistico-2024\\\/#breadcrumb\",\"itemListElement\":[{\"@type\":\"ListItem\",\"position\":1,\"name\":\"Inicio\",\"item\":\"https:\\\/\\\/coria.org\\\/ayuntamiento\\\/\"},{\"@type\":\"ListItem\",\"position\":2,\"name\":\"Eventos\",\"item\":\"https:\\\/\\\/coria.org\\\/ayuntamiento\\\/index.php\\\/eventos\\\/\"},{\"@type\":\"ListItem\",\"position\":3,\"name\":\"Agosto Tur\u00edstico 2024\"}]},{\"@type\":\"WebSite\",\"@id\":\"https:\\\/\\\/coria.org\\\/ayuntamiento\\\/#website\",\"url\":\"https:\\\/\\\/coria.org\\\/ayuntamiento\\\/\",\"name\":\"Ayuntamiento de Coria\",\"description\":\"Web oficial del Ayuntamiento de Coria\",\"publisher\":{\"@id\":\"https:\\\/\\\/coria.org\\\/ayuntamiento\\\/#organization\"},\"alternateName\":\"Web Oficial del Ayuntamiento de Coria\",\"potentialAction\":[{\"@type\":\"SearchAction\",\"target\":{\"@type\":\"EntryPoint\",\"urlTemplate\":\"https:\\\/\\\/coria.org\\\/ayuntamiento\\\/?s={search_term_string}\"},\"query-input\":{\"@type\":\"PropertyValueSpecification\",\"valueRequired\":true,\"valueName\":\"search_term_string\"}}],\"inLanguage\":\"es\"},{\"@type\":\"Organization\",\"@id\":\"https:\\\/\\\/coria.org\\\/ayuntamiento\\\/#organization\",\"name\":\"Ayuntamiento de Coria\",\"alternateName\":\"Ayto de Coria\",\"url\":\"https:\\\/\\\/coria.org\\\/ayuntamiento\\\/\",\"logo\":{\"@type\":\"ImageObject\",\"inLanguage\":\"es\",\"@id\":\"https:\\\/\\\/coria.org\\\/ayuntamiento\\\/#\\\/schema\\\/logo\\\/image\\\/\",\"url\":\"https:\\\/\\\/coria.org\\\/ayuntamiento\\\/wp-content\\\/uploads\\\/2020\\\/12\\\/escudo-ayuntamiento-coria.png\",\"contentUrl\":\"https:\\\/\\\/coria.org\\\/ayuntamiento\\\/wp-content\\\/uploads\\\/2020\\\/12\\\/escudo-ayuntamiento-coria.png\",\"width\":511,\"height\":240,\"caption\":\"Ayuntamiento de Coria\"},\"image\":{\"@id\":\"https:\\\/\\\/coria.org\\\/ayuntamiento\\\/#\\\/schema\\\/logo\\\/image\\\/\"},\"sameAs\":[\"https:\\\/\\\/www.facebook.com\\\/Ayuntamiento.de.Coria\",\"https:\\\/\\\/x.com\\\/Ayto_de_Coria\",\"https:\\\/\\\/www.instagram.com\\\/coria.ayuntamiento\\\/\",\"https:\\\/\\\/www.youtube.com\\\/user\\\/AYUNTAMIENTOCORIA\"]}]}<\/script>\n<!-- \/ Yoast SEO plugin. -->","yoast_head_json":{"title":"Agosto Tur\u00edstico 2024 - Ayuntamiento de Coria","robots":{"index":"index","follow":"follow","max-snippet":"max-snippet:-1","max-image-preview":"max-image-preview:large","max-video-preview":"max-video-preview:-1"},"canonical":"https:\/\/coria.org\/ayuntamiento\/index.php\/eventos\/agosto-turistico-2024\/","og_locale":"es_ES","og_type":"article","og_title":"Agosto Tur\u00edstico 2024 - Ayuntamiento de Coria","og_description":"PROGRAMACI\u00d3N AGOSTO TUR\u00cdSTICO 2024 Durante el Mes de Agosto en Coria se llevar\u00e1n a cabo diferentes actividades,encabezadas sobre todo, por El Festival Internacional de Guitarra y el Jueves Tur\u00edstico. DEL 1 AL 8 DE AGOSTO: FESTIVAL INTERNACIONAL DE GUITARRA. &#8211; 1 de Agosto: Carlos Trepat. Entrada libre. S.I. Catedral. 21:30 h. &#8211; 2 de Agosto: [&hellip;]","og_url":"https:\/\/coria.org\/ayuntamiento\/index.php\/eventos\/agosto-turistico-2024\/","og_site_name":"Ayuntamiento de Coria","article_publisher":"https:\/\/www.facebook.com\/Ayuntamiento.de.Coria","article_modified_time":"2024-09-12T08:29:27+00:00","og_image":[{"width":1920,"height":1440,"url":"https:\/\/coria.org\/ayuntamiento\/wp-content\/uploads\/2024\/07\/jueves-turistico-24-agenda.jpg","type":"image\/jpeg"}],"twitter_card":"summary_large_image","twitter_site":"@Ayto_de_Coria","twitter_misc":{"Tiempo de lectura":"3 minutos"},"schema":{"@context":"https:\/\/schema.org","@graph":[{"@type":"WebPage","@id":"https:\/\/coria.org\/ayuntamiento\/index.php\/eventos\/agosto-turistico-2024\/","url":"https:\/\/coria.org\/ayuntamiento\/index.php\/eventos\/agosto-turistico-2024\/","name":"Agosto Tur\u00edstico 2024 - Ayuntamiento de Coria","isPartOf":{"@id":"https:\/\/coria.org\/ayuntamiento\/#website"},"primaryImageOfPage":{"@id":"https:\/\/coria.org\/ayuntamiento\/index.php\/eventos\/agosto-turistico-2024\/#primaryimage"},"image":{"@id":"https:\/\/coria.org\/ayuntamiento\/index.php\/eventos\/agosto-turistico-2024\/#primaryimage"},"thumbnailUrl":"https:\/\/coria.org\/ayuntamiento\/wp-content\/uploads\/2024\/07\/jueves-turistico-24-agenda.jpg","datePublished":"2024-07-31T07:39:30+00:00","dateModified":"2024-09-12T08:29:27+00:00","breadcrumb":{"@id":"https:\/\/coria.org\/ayuntamiento\/index.php\/eventos\/agosto-turistico-2024\/#breadcrumb"},"inLanguage":"es","potentialAction":[{"@type":"ReadAction","target":["https:\/\/coria.org\/ayuntamiento\/index.php\/eventos\/agosto-turistico-2024\/"]}]},{"@type":"ImageObject","inLanguage":"es","@id":"https:\/\/coria.org\/ayuntamiento\/index.php\/eventos\/agosto-turistico-2024\/#primaryimage","url":"https:\/\/coria.org\/ayuntamiento\/wp-content\/uploads\/2024\/07\/jueves-turistico-24-agenda.jpg","contentUrl":"https:\/\/coria.org\/ayuntamiento\/wp-content\/uploads\/2024\/07\/jueves-turistico-24-agenda.jpg","width":1920,"height":1440},{"@type":"BreadcrumbList","@id":"https:\/\/coria.org\/ayuntamiento\/index.php\/eventos\/agosto-turistico-2024\/#breadcrumb","itemListElement":[{"@type":"ListItem","position":1,"name":"Inicio","item":"https:\/\/coria.org\/ayuntamiento\/"},{"@type":"ListItem","position":2,"name":"Eventos","item":"https:\/\/coria.org\/ayuntamiento\/index.php\/eventos\/"},{"@type":"ListItem","position":3,"name":"Agosto Tur\u00edstico 2024"}]},{"@type":"WebSite","@id":"https:\/\/coria.org\/ayuntamiento\/#website","url":"https:\/\/coria.org\/ayuntamiento\/","name":"Ayuntamiento de Coria","description":"Web oficial del Ayuntamiento de Coria","publisher":{"@id":"https:\/\/coria.org\/ayuntamiento\/#organization"},"alternateName":"Web Oficial del Ayuntamiento de Coria","potentialAction":[{"@type":"SearchAction","target":{"@type":"EntryPoint","urlTemplate":"https:\/\/coria.org\/ayuntamiento\/?s={search_term_string}"},"query-input":{"@type":"PropertyValueSpecification","valueRequired":true,"valueName":"search_term_string"}}],"inLanguage":"es"},{"@type":"Organization","@id":"https:\/\/coria.org\/ayuntamiento\/#organization","name":"Ayuntamiento de Coria","alternateName":"Ayto de Coria","url":"https:\/\/coria.org\/ayuntamiento\/","logo":{"@type":"ImageObject","inLanguage":"es","@id":"https:\/\/coria.org\/ayuntamiento\/#\/schema\/logo\/image\/","url":"https:\/\/coria.org\/ayuntamiento\/wp-content\/uploads\/2020\/12\/escudo-ayuntamiento-coria.png","contentUrl":"https:\/\/coria.org\/ayuntamiento\/wp-content\/uploads\/2020\/12\/escudo-ayuntamiento-coria.png","width":511,"height":240,"caption":"Ayuntamiento de Coria"},"image":{"@id":"https:\/\/coria.org\/ayuntamiento\/#\/schema\/logo\/image\/"},"sameAs":["https:\/\/www.facebook.com\/Ayuntamiento.de.Coria","https:\/\/x.com\/Ayto_de_Coria","https:\/\/www.instagram.com\/coria.ayuntamiento\/","https:\/\/www.youtube.com\/user\/AYUNTAMIENTOCORIA"]}]}},"uagb_featured_image_src":{"full":["https:\/\/coria.org\/ayuntamiento\/wp-content\/uploads\/2024\/07\/jueves-turistico-24-agenda.jpg",1920,1440,false],"thumbnail":["https:\/\/coria.org\/ayuntamiento\/wp-content\/uploads\/2024\/07\/jueves-turistico-24-agenda-150x150.jpg",150,150,true],"medium":["https:\/\/coria.org\/ayuntamiento\/wp-content\/uploads\/2024\/07\/jueves-turistico-24-agenda-300x225.jpg",300,225,true],"medium_large":["https:\/\/coria.org\/ayuntamiento\/wp-content\/uploads\/2024\/07\/jueves-turistico-24-agenda-768x576.jpg",768,576,true],"large":["https:\/\/coria.org\/ayuntamiento\/wp-content\/uploads\/2024\/07\/jueves-turistico-24-agenda-1024x768.jpg",1024,768,true],"thumblist":["https:\/\/coria.org\/ayuntamiento\/wp-content\/uploads\/2024\/07\/jueves-turistico-24-agenda-300x300.jpg",300,300,true],"thumbrelated":["https:\/\/coria.org\/ayuntamiento\/wp-content\/uploads\/2024\/07\/jueves-turistico-24-agenda-500x500.jpg",500,500,true],"meccarouselthumb":["https:\/\/coria.org\/ayuntamiento\/wp-content\/uploads\/2024\/07\/jueves-turistico-24-agenda-474x324.jpg",474,324,true],"gridsquare":["https:\/\/coria.org\/ayuntamiento\/wp-content\/uploads\/2024\/07\/jueves-turistico-24-agenda-391x260.jpg",391,260,true],"tileview":["https:\/\/coria.org\/ayuntamiento\/wp-content\/uploads\/2024\/07\/jueves-turistico-24-agenda-300x400.jpg",300,400,true],"1536x1536":["https:\/\/coria.org\/ayuntamiento\/wp-content\/uploads\/2024\/07\/jueves-turistico-24-agenda-1536x1152.jpg",1536,1152,true],"2048x2048":["https:\/\/coria.org\/ayuntamiento\/wp-content\/uploads\/2024\/07\/jueves-turistico-24-agenda.jpg",1920,1440,false]},"uagb_author_info":{"display_name":"ayuntamiento","author_link":"https:\/\/coria.org\/ayuntamiento\/index.php\/author\/ayuntamiento\/"},"uagb_comment_info":0,"uagb_excerpt":"PROGRAMACI\u00d3N AGOSTO TUR\u00cdSTICO 2024 Durante el Mes de Agosto en Coria se llevar\u00e1n a cabo diferentes actividades,encabezadas sobre todo, por El Festival Internacional de Guitarra y el Jueves Tur\u00edstico. DEL 1 AL 8 DE AGOSTO: FESTIVAL INTERNACIONAL DE GUITARRA. &#8211; 1 de Agosto: Carlos Trepat. Entrada libre. S.I. Catedral. 21:30 h. &#8211; 2 de Agosto:&hellip;","_links":{"self":[{"href":"https:\/\/coria.org\/ayuntamiento\/index.php\/wp-json\/wp\/v2\/mec-events\/61869","targetHints":{"allow":["GET"]}}],"collection":[{"href":"https:\/\/coria.org\/ayuntamiento\/index.php\/wp-json\/wp\/v2\/mec-events"}],"about":[{"href":"https:\/\/coria.org\/ayuntamiento\/index.php\/wp-json\/wp\/v2\/types\/mec-events"}],"author":[{"embeddable":true,"href":"https:\/\/coria.org\/ayuntamiento\/index.php\/wp-json\/wp\/v2\/users\/2"}],"replies":[{"embeddable":true,"href":"https:\/\/coria.org\/ayuntamiento\/index.php\/wp-json\/wp\/v2\/comments?post=61869"}],"wp:featuredmedia":[{"embeddable":true,"href":"https:\/\/coria.org\/ayuntamiento\/index.php\/wp-json\/wp\/v2\/media\/61969"}],"wp:attachment":[{"href":"https:\/\/coria.org\/ayuntamiento\/index.php\/wp-json\/wp\/v2\/media?parent=61869"}],"wp:term":[{"taxonomy":"post_tag","embeddable":true,"href":"https:\/\/coria.org\/ayuntamiento\/index.php\/wp-json\/wp\/v2\/tags?post=61869"},{"taxonomy":"mec_category","embeddable":true,"href":"https:\/\/coria.org\/ayuntamiento\/index.php\/wp-json\/wp\/v2\/mec_category?post=61869"}],"curies":[{"name":"wp","href":"https:\/\/api.w.org\/{rel}","templated":true}]}}