{"id":61482,"date":"2024-04-19T13:45:32","date_gmt":"2024-04-19T11:45:32","guid":{"rendered":"https:\/\/turismocoria.es\/importacion\/index.php\/eventos\/dia-internacional-del-libro-en-coria\/"},"modified":"2024-09-12T10:29:32","modified_gmt":"2024-09-12T08:29:32","slug":"dia-internacional-del-libro-en-coria","status":"publish","type":"mec-events","link":"https:\/\/coria.org\/ayuntamiento\/index.php\/eventos\/dia-internacional-del-libro-en-coria\/","title":{"rendered":"D\u00eda Internacional del Libro en Coria"},"content":{"rendered":"<p>El Ayuntamiento de Coria, a trav\u00e9s de la Biblioteca Municipal \u201cRafael S\u00e1nchez Ferlosio\u201d, organiza distintas actividades con motivo de la celebraci\u00f3n del D\u00eda Internacional del Libro que celebra cada 23 de abril.<\/p>\n<p>El martes 23, a partir de las 11:30h se llevar\u00e1 a cabo una lectura continuada de una edici\u00f3n infantil del libro \u201cDon Quijote de la Mancha\u201d, con los estudiantes de un aula del Ceip Virgen de Argeme y Camilo Hern\u00e1ndez. Esta actividad supone el final de un proyecto que ha llevado a cabo en la biblioteca con dichos alumnos, para trabajar la lectura en voz alta. La actividad se realizar\u00e1 (si es tiempo lo permite) en la barbacana del castillo.<\/p>\n<p>A las 17:30h, se celebrar\u00e1 un cuentacuentos para beb\u00e9s, est\u00e1 orientado para ni\u00f1os de hasta 3 a\u00f1os y es necesario que acudan con un adulto.<\/p>\n<p>Seguidamente, a las 18:15, se realizar\u00e1 un cuentacuentos para ni\u00f1os a partir de 3 y hasta 6 a\u00f1os. (No es necesario que est\u00e9n acompa\u00f1ados por un adulto).<\/p>\n<p>Rinc\u00f3n del Obispo tambi\u00e9n celebrar\u00e1 el D\u00eda del Libro con lectura de cuentacuentos para el d\u00eda 25 de abril a partir de las 17:30 horas en la casa de cultura.<\/p>\n<p>De la misma manera, Puebla de Argeme ofrecer\u00e1 dos cuentacuentos el mismo d\u00eda 23 de abril pero dentro de las instalaciones del CEIP \u201cLa Acequia\u201d. Habr\u00e1 uno orientado a infantil y el aula 1-2 a\u00f1os a las 10:00h, y a partir de las 11h. los ni\u00f1os de primaria del centro celebrar\u00e1n el d\u00eda con el segundo cuentacuentos.<\/p>\n","protected":false},"excerpt":{"rendered":"<p>El Ayuntamiento de Coria, a trav\u00e9s de la Biblioteca Municipal \u201cRafael S\u00e1nchez Ferlosio\u201d, organiza distintas actividades con motivo de la celebraci\u00f3n del D\u00eda Internacional del Libro que celebra cada 23 de abril. El martes 23, a partir de las 11:30h se llevar\u00e1 a cabo una lectura continuada de una edici\u00f3n infantil del libro \u201cDon Quijote [&hellip;]<\/p>\n","protected":false},"author":2,"featured_media":61481,"comment_status":"open","ping_status":"closed","template":"evento","tags":[],"mec_category":[1612,1613],"class_list":["post-61482","mec-events","type-mec-events","status-publish","has-post-thumbnail","hentry","mec_category-destacado","mec_category-evento"],"yoast_head":"<!-- This site is optimized with the Yoast SEO plugin v27.4 - https:\/\/yoast.com\/product\/yoast-seo-wordpress\/ -->\n<title>D\u00eda Internacional del Libro en Coria - Ayuntamiento de Coria<\/title>\n<meta name=\"robots\" content=\"index, follow, max-snippet:-1, max-image-preview:large, max-video-preview:-1\" \/>\n<link rel=\"canonical\" href=\"https:\/\/coria.org\/ayuntamiento\/index.php\/eventos\/dia-internacional-del-libro-en-coria\/\" \/>\n<meta property=\"og:locale\" content=\"es_ES\" \/>\n<meta property=\"og:type\" content=\"article\" \/>\n<meta property=\"og:title\" content=\"D\u00eda Internacional del Libro en Coria - Ayuntamiento de Coria\" \/>\n<meta property=\"og:description\" content=\"El Ayuntamiento de Coria, a trav\u00e9s de la Biblioteca Municipal \u201cRafael S\u00e1nchez Ferlosio\u201d, organiza distintas actividades con motivo de la celebraci\u00f3n del D\u00eda Internacional del Libro que celebra cada 23 de abril. El martes 23, a partir de las 11:30h se llevar\u00e1 a cabo una lectura continuada de una edici\u00f3n infantil del libro \u201cDon Quijote [&hellip;]\" \/>\n<meta property=\"og:url\" content=\"https:\/\/coria.org\/ayuntamiento\/index.php\/eventos\/dia-internacional-del-libro-en-coria\/\" \/>\n<meta property=\"og:site_name\" content=\"Ayuntamiento de Coria\" \/>\n<meta property=\"article:publisher\" content=\"https:\/\/www.facebook.com\/Ayuntamiento.de.Coria\" \/>\n<meta property=\"article:modified_time\" content=\"2024-09-12T08:29:32+00:00\" \/>\n<meta property=\"og:image\" content=\"https:\/\/coria.org\/ayuntamiento\/wp-content\/uploads\/2024\/04\/dia-libro-coria-24.jpg\" \/>\n\t<meta property=\"og:image:width\" content=\"1414\" \/>\n\t<meta property=\"og:image:height\" content=\"2000\" \/>\n\t<meta property=\"og:image:type\" content=\"image\/jpeg\" \/>\n<meta name=\"twitter:card\" content=\"summary_large_image\" \/>\n<meta name=\"twitter:site\" content=\"@Ayto_de_Coria\" \/>\n<meta name=\"twitter:label1\" content=\"Tiempo de lectura\" \/>\n\t<meta name=\"twitter:data1\" content=\"1 minuto\" \/>\n<script type=\"application\/ld+json\" class=\"yoast-schema-graph\">{\"@context\":\"https:\\\/\\\/schema.org\",\"@graph\":[{\"@type\":\"WebPage\",\"@id\":\"https:\\\/\\\/coria.org\\\/ayuntamiento\\\/index.php\\\/eventos\\\/dia-internacional-del-libro-en-coria\\\/\",\"url\":\"https:\\\/\\\/coria.org\\\/ayuntamiento\\\/index.php\\\/eventos\\\/dia-internacional-del-libro-en-coria\\\/\",\"name\":\"D\u00eda Internacional del Libro en Coria - Ayuntamiento de Coria\",\"isPartOf\":{\"@id\":\"https:\\\/\\\/coria.org\\\/ayuntamiento\\\/#website\"},\"primaryImageOfPage\":{\"@id\":\"https:\\\/\\\/coria.org\\\/ayuntamiento\\\/index.php\\\/eventos\\\/dia-internacional-del-libro-en-coria\\\/#primaryimage\"},\"image\":{\"@id\":\"https:\\\/\\\/coria.org\\\/ayuntamiento\\\/index.php\\\/eventos\\\/dia-internacional-del-libro-en-coria\\\/#primaryimage\"},\"thumbnailUrl\":\"https:\\\/\\\/coria.org\\\/ayuntamiento\\\/wp-content\\\/uploads\\\/2024\\\/04\\\/dia-libro-coria-24.jpg\",\"datePublished\":\"2024-04-19T11:45:32+00:00\",\"dateModified\":\"2024-09-12T08:29:32+00:00\",\"breadcrumb\":{\"@id\":\"https:\\\/\\\/coria.org\\\/ayuntamiento\\\/index.php\\\/eventos\\\/dia-internacional-del-libro-en-coria\\\/#breadcrumb\"},\"inLanguage\":\"es\",\"potentialAction\":[{\"@type\":\"ReadAction\",\"target\":[\"https:\\\/\\\/coria.org\\\/ayuntamiento\\\/index.php\\\/eventos\\\/dia-internacional-del-libro-en-coria\\\/\"]}]},{\"@type\":\"ImageObject\",\"inLanguage\":\"es\",\"@id\":\"https:\\\/\\\/coria.org\\\/ayuntamiento\\\/index.php\\\/eventos\\\/dia-internacional-del-libro-en-coria\\\/#primaryimage\",\"url\":\"https:\\\/\\\/coria.org\\\/ayuntamiento\\\/wp-content\\\/uploads\\\/2024\\\/04\\\/dia-libro-coria-24.jpg\",\"contentUrl\":\"https:\\\/\\\/coria.org\\\/ayuntamiento\\\/wp-content\\\/uploads\\\/2024\\\/04\\\/dia-libro-coria-24.jpg\",\"width\":1414,\"height\":2000},{\"@type\":\"BreadcrumbList\",\"@id\":\"https:\\\/\\\/coria.org\\\/ayuntamiento\\\/index.php\\\/eventos\\\/dia-internacional-del-libro-en-coria\\\/#breadcrumb\",\"itemListElement\":[{\"@type\":\"ListItem\",\"position\":1,\"name\":\"Inicio\",\"item\":\"https:\\\/\\\/coria.org\\\/ayuntamiento\\\/\"},{\"@type\":\"ListItem\",\"position\":2,\"name\":\"Eventos\",\"item\":\"https:\\\/\\\/coria.org\\\/ayuntamiento\\\/index.php\\\/eventos\\\/\"},{\"@type\":\"ListItem\",\"position\":3,\"name\":\"D\u00eda Internacional del Libro en Coria\"}]},{\"@type\":\"WebSite\",\"@id\":\"https:\\\/\\\/coria.org\\\/ayuntamiento\\\/#website\",\"url\":\"https:\\\/\\\/coria.org\\\/ayuntamiento\\\/\",\"name\":\"Ayuntamiento de Coria\",\"description\":\"Web oficial del Ayuntamiento de Coria\",\"publisher\":{\"@id\":\"https:\\\/\\\/coria.org\\\/ayuntamiento\\\/#organization\"},\"alternateName\":\"Web Oficial del Ayuntamiento de Coria\",\"potentialAction\":[{\"@type\":\"SearchAction\",\"target\":{\"@type\":\"EntryPoint\",\"urlTemplate\":\"https:\\\/\\\/coria.org\\\/ayuntamiento\\\/?s={search_term_string}\"},\"query-input\":{\"@type\":\"PropertyValueSpecification\",\"valueRequired\":true,\"valueName\":\"search_term_string\"}}],\"inLanguage\":\"es\"},{\"@type\":\"Organization\",\"@id\":\"https:\\\/\\\/coria.org\\\/ayuntamiento\\\/#organization\",\"name\":\"Ayuntamiento de Coria\",\"alternateName\":\"Ayto de Coria\",\"url\":\"https:\\\/\\\/coria.org\\\/ayuntamiento\\\/\",\"logo\":{\"@type\":\"ImageObject\",\"inLanguage\":\"es\",\"@id\":\"https:\\\/\\\/coria.org\\\/ayuntamiento\\\/#\\\/schema\\\/logo\\\/image\\\/\",\"url\":\"https:\\\/\\\/coria.org\\\/ayuntamiento\\\/wp-content\\\/uploads\\\/2020\\\/12\\\/escudo-ayuntamiento-coria.png\",\"contentUrl\":\"https:\\\/\\\/coria.org\\\/ayuntamiento\\\/wp-content\\\/uploads\\\/2020\\\/12\\\/escudo-ayuntamiento-coria.png\",\"width\":511,\"height\":240,\"caption\":\"Ayuntamiento de Coria\"},\"image\":{\"@id\":\"https:\\\/\\\/coria.org\\\/ayuntamiento\\\/#\\\/schema\\\/logo\\\/image\\\/\"},\"sameAs\":[\"https:\\\/\\\/www.facebook.com\\\/Ayuntamiento.de.Coria\",\"https:\\\/\\\/x.com\\\/Ayto_de_Coria\",\"https:\\\/\\\/www.instagram.com\\\/coria.ayuntamiento\\\/\",\"https:\\\/\\\/www.youtube.com\\\/user\\\/AYUNTAMIENTOCORIA\"]}]}<\/script>\n<!-- \/ Yoast SEO plugin. -->","yoast_head_json":{"title":"D\u00eda Internacional del Libro en Coria - Ayuntamiento de Coria","robots":{"index":"index","follow":"follow","max-snippet":"max-snippet:-1","max-image-preview":"max-image-preview:large","max-video-preview":"max-video-preview:-1"},"canonical":"https:\/\/coria.org\/ayuntamiento\/index.php\/eventos\/dia-internacional-del-libro-en-coria\/","og_locale":"es_ES","og_type":"article","og_title":"D\u00eda Internacional del Libro en Coria - Ayuntamiento de Coria","og_description":"El Ayuntamiento de Coria, a trav\u00e9s de la Biblioteca Municipal \u201cRafael S\u00e1nchez Ferlosio\u201d, organiza distintas actividades con motivo de la celebraci\u00f3n del D\u00eda Internacional del Libro que celebra cada 23 de abril. El martes 23, a partir de las 11:30h se llevar\u00e1 a cabo una lectura continuada de una edici\u00f3n infantil del libro \u201cDon Quijote [&hellip;]","og_url":"https:\/\/coria.org\/ayuntamiento\/index.php\/eventos\/dia-internacional-del-libro-en-coria\/","og_site_name":"Ayuntamiento de Coria","article_publisher":"https:\/\/www.facebook.com\/Ayuntamiento.de.Coria","article_modified_time":"2024-09-12T08:29:32+00:00","og_image":[{"width":1414,"height":2000,"url":"https:\/\/coria.org\/ayuntamiento\/wp-content\/uploads\/2024\/04\/dia-libro-coria-24.jpg","type":"image\/jpeg"}],"twitter_card":"summary_large_image","twitter_site":"@Ayto_de_Coria","twitter_misc":{"Tiempo de lectura":"1 minuto"},"schema":{"@context":"https:\/\/schema.org","@graph":[{"@type":"WebPage","@id":"https:\/\/coria.org\/ayuntamiento\/index.php\/eventos\/dia-internacional-del-libro-en-coria\/","url":"https:\/\/coria.org\/ayuntamiento\/index.php\/eventos\/dia-internacional-del-libro-en-coria\/","name":"D\u00eda Internacional del Libro en Coria - Ayuntamiento de Coria","isPartOf":{"@id":"https:\/\/coria.org\/ayuntamiento\/#website"},"primaryImageOfPage":{"@id":"https:\/\/coria.org\/ayuntamiento\/index.php\/eventos\/dia-internacional-del-libro-en-coria\/#primaryimage"},"image":{"@id":"https:\/\/coria.org\/ayuntamiento\/index.php\/eventos\/dia-internacional-del-libro-en-coria\/#primaryimage"},"thumbnailUrl":"https:\/\/coria.org\/ayuntamiento\/wp-content\/uploads\/2024\/04\/dia-libro-coria-24.jpg","datePublished":"2024-04-19T11:45:32+00:00","dateModified":"2024-09-12T08:29:32+00:00","breadcrumb":{"@id":"https:\/\/coria.org\/ayuntamiento\/index.php\/eventos\/dia-internacional-del-libro-en-coria\/#breadcrumb"},"inLanguage":"es","potentialAction":[{"@type":"ReadAction","target":["https:\/\/coria.org\/ayuntamiento\/index.php\/eventos\/dia-internacional-del-libro-en-coria\/"]}]},{"@type":"ImageObject","inLanguage":"es","@id":"https:\/\/coria.org\/ayuntamiento\/index.php\/eventos\/dia-internacional-del-libro-en-coria\/#primaryimage","url":"https:\/\/coria.org\/ayuntamiento\/wp-content\/uploads\/2024\/04\/dia-libro-coria-24.jpg","contentUrl":"https:\/\/coria.org\/ayuntamiento\/wp-content\/uploads\/2024\/04\/dia-libro-coria-24.jpg","width":1414,"height":2000},{"@type":"BreadcrumbList","@id":"https:\/\/coria.org\/ayuntamiento\/index.php\/eventos\/dia-internacional-del-libro-en-coria\/#breadcrumb","itemListElement":[{"@type":"ListItem","position":1,"name":"Inicio","item":"https:\/\/coria.org\/ayuntamiento\/"},{"@type":"ListItem","position":2,"name":"Eventos","item":"https:\/\/coria.org\/ayuntamiento\/index.php\/eventos\/"},{"@type":"ListItem","position":3,"name":"D\u00eda Internacional del Libro en Coria"}]},{"@type":"WebSite","@id":"https:\/\/coria.org\/ayuntamiento\/#website","url":"https:\/\/coria.org\/ayuntamiento\/","name":"Ayuntamiento de Coria","description":"Web oficial del Ayuntamiento de Coria","publisher":{"@id":"https:\/\/coria.org\/ayuntamiento\/#organization"},"alternateName":"Web Oficial del Ayuntamiento de Coria","potentialAction":[{"@type":"SearchAction","target":{"@type":"EntryPoint","urlTemplate":"https:\/\/coria.org\/ayuntamiento\/?s={search_term_string}"},"query-input":{"@type":"PropertyValueSpecification","valueRequired":true,"valueName":"search_term_string"}}],"inLanguage":"es"},{"@type":"Organization","@id":"https:\/\/coria.org\/ayuntamiento\/#organization","name":"Ayuntamiento de Coria","alternateName":"Ayto de Coria","url":"https:\/\/coria.org\/ayuntamiento\/","logo":{"@type":"ImageObject","inLanguage":"es","@id":"https:\/\/coria.org\/ayuntamiento\/#\/schema\/logo\/image\/","url":"https:\/\/coria.org\/ayuntamiento\/wp-content\/uploads\/2020\/12\/escudo-ayuntamiento-coria.png","contentUrl":"https:\/\/coria.org\/ayuntamiento\/wp-content\/uploads\/2020\/12\/escudo-ayuntamiento-coria.png","width":511,"height":240,"caption":"Ayuntamiento de Coria"},"image":{"@id":"https:\/\/coria.org\/ayuntamiento\/#\/schema\/logo\/image\/"},"sameAs":["https:\/\/www.facebook.com\/Ayuntamiento.de.Coria","https:\/\/x.com\/Ayto_de_Coria","https:\/\/www.instagram.com\/coria.ayuntamiento\/","https:\/\/www.youtube.com\/user\/AYUNTAMIENTOCORIA"]}]}},"uagb_featured_image_src":{"full":["https:\/\/coria.org\/ayuntamiento\/wp-content\/uploads\/2024\/04\/dia-libro-coria-24.jpg",1414,2000,false],"thumbnail":["https:\/\/coria.org\/ayuntamiento\/wp-content\/uploads\/2024\/04\/dia-libro-coria-24-150x150.jpg",150,150,true],"medium":["https:\/\/coria.org\/ayuntamiento\/wp-content\/uploads\/2024\/04\/dia-libro-coria-24-212x300.jpg",212,300,true],"medium_large":["https:\/\/coria.org\/ayuntamiento\/wp-content\/uploads\/2024\/04\/dia-libro-coria-24-768x1086.jpg",768,1086,true],"large":["https:\/\/coria.org\/ayuntamiento\/wp-content\/uploads\/2024\/04\/dia-libro-coria-24-724x1024.jpg",724,1024,true],"thumblist":["https:\/\/coria.org\/ayuntamiento\/wp-content\/uploads\/2024\/04\/dia-libro-coria-24-300x300.jpg",300,300,true],"thumbrelated":["https:\/\/coria.org\/ayuntamiento\/wp-content\/uploads\/2024\/04\/dia-libro-coria-24-500x500.jpg",500,500,true],"meccarouselthumb":["https:\/\/coria.org\/ayuntamiento\/wp-content\/uploads\/2024\/04\/dia-libro-coria-24-474x324.jpg",474,324,true],"gridsquare":["https:\/\/coria.org\/ayuntamiento\/wp-content\/uploads\/2024\/04\/dia-libro-coria-24-391x260.jpg",391,260,true],"tileview":["https:\/\/coria.org\/ayuntamiento\/wp-content\/uploads\/2024\/04\/dia-libro-coria-24-300x400.jpg",300,400,true],"1536x1536":["https:\/\/coria.org\/ayuntamiento\/wp-content\/uploads\/2024\/04\/dia-libro-coria-24-1086x1536.jpg",1086,1536,true],"2048x2048":["https:\/\/coria.org\/ayuntamiento\/wp-content\/uploads\/2024\/04\/dia-libro-coria-24.jpg",1414,2000,false]},"uagb_author_info":{"display_name":"ayuntamiento","author_link":"https:\/\/coria.org\/ayuntamiento\/index.php\/author\/ayuntamiento\/"},"uagb_comment_info":0,"uagb_excerpt":"El Ayuntamiento de Coria, a trav\u00e9s de la Biblioteca Municipal \u201cRafael S\u00e1nchez Ferlosio\u201d, organiza distintas actividades con motivo de la celebraci\u00f3n del D\u00eda Internacional del Libro que celebra cada 23 de abril. El martes 23, a partir de las 11:30h se llevar\u00e1 a cabo una lectura continuada de una edici\u00f3n infantil del libro \u201cDon Quijote&hellip;","_links":{"self":[{"href":"https:\/\/coria.org\/ayuntamiento\/index.php\/wp-json\/wp\/v2\/mec-events\/61482","targetHints":{"allow":["GET"]}}],"collection":[{"href":"https:\/\/coria.org\/ayuntamiento\/index.php\/wp-json\/wp\/v2\/mec-events"}],"about":[{"href":"https:\/\/coria.org\/ayuntamiento\/index.php\/wp-json\/wp\/v2\/types\/mec-events"}],"author":[{"embeddable":true,"href":"https:\/\/coria.org\/ayuntamiento\/index.php\/wp-json\/wp\/v2\/users\/2"}],"replies":[{"embeddable":true,"href":"https:\/\/coria.org\/ayuntamiento\/index.php\/wp-json\/wp\/v2\/comments?post=61482"}],"wp:featuredmedia":[{"embeddable":true,"href":"https:\/\/coria.org\/ayuntamiento\/index.php\/wp-json\/wp\/v2\/media\/61481"}],"wp:attachment":[{"href":"https:\/\/coria.org\/ayuntamiento\/index.php\/wp-json\/wp\/v2\/media?parent=61482"}],"wp:term":[{"taxonomy":"post_tag","embeddable":true,"href":"https:\/\/coria.org\/ayuntamiento\/index.php\/wp-json\/wp\/v2\/tags?post=61482"},{"taxonomy":"mec_category","embeddable":true,"href":"https:\/\/coria.org\/ayuntamiento\/index.php\/wp-json\/wp\/v2\/mec_category?post=61482"}],"curies":[{"name":"wp","href":"https:\/\/api.w.org\/{rel}","templated":true}]}}