{"id":61411,"date":"2024-04-17T13:15:54","date_gmt":"2024-04-17T11:15:54","guid":{"rendered":"https:\/\/turismocoria.es\/importacion\/index.php\/eventos\/una-filosofia-de-la-resistencia\/"},"modified":"2024-04-17T13:28:51","modified_gmt":"2024-04-17T11:28:51","slug":"una-filosofia-de-la-resistencia","status":"publish","type":"mec-events","link":"https:\/\/coria.org\/ayuntamiento\/index.php\/eventos\/una-filosofia-de-la-resistencia\/","title":{"rendered":"Una filosof\u00eda de la resistencia"},"content":{"rendered":"\n<p>Presentaci\u00f3n del libro y charla del autor Carlos Javier Gonz\u00e1lez Serrano.<\/p>\n\n\n\n<p><strong>Carlos Javier Glez. Serrano<\/strong><\/p>\n\n\n\n<p>Profesor de Filosof\u00eda y Psicolog\u00eda (Secundaria y Bachillerato), orientador en la etapa de Bachillerato. Director de proyectos culturales. Asesor de cultura y comunicaci\u00f3n. Gestor y consultor de equipos de trabajo. Filosof\u00eda, literatura, psicolog\u00eda, cultura y cr\u00edtica sociopol\u00edtica en televisi\u00f3n, radio y medios escritos. Conferenciante internacional en diversas instituciones y universidades nacionales e internacionales. Escritor y traductor.<\/p>\n\n\n\n<p>Licenciado en Filosof\u00eda, M\u00e1ster en Psicolog\u00eda del Trabajo y de las Organizaciones y Gesti\u00f3n de Recursos Humanos, M\u00e1ster en Psicolog\u00eda Cl\u00ednica y Psicoterapia, M\u00e1ster en Estudios Avanzados en Filosof\u00eda, M\u00e1ster en Psicolog\u00eda Cl\u00ednica y Psicoterapia Infantojuvenil y M\u00e1ster del Profesorado de Educaci\u00f3n Secundaria Obligatoria y Bachillerato.<\/p>\n\n\n\n<p>Colabora como periodista especializado, columnista y cr\u00edtico cultural para numerosas publicaciones, tanto acad\u00e9micas como divulgativas, as\u00ed como para prensa nacional e internacional. Dirige el programa A la luz del pensar, en Radio Nacional de Espa\u00f1a (RNE)\u200b. Dirige y presenta en Televisi\u00f3n Espa\u00f1ola (TVE) la secci\u00f3n \u00abEl lugar que piensa\u00bb, en el programa Para Todos La 2. Director cient\u00edfico del Caf\u00e9 del Observatorio Social de la Fundaci\u00f3n La Caixa. Fue director y creador del exitoso programa de radio El vuelo de la lechuza (2020-2022, C\u00edrculo de Bellas Artes de Madrid). Ha trabajado y trabaja como gestor y coordinador de diversos equipos editoriales y period\u00edsticos, y forma parte del equipo de direcci\u00f3n y coordinaci\u00f3n de distintas revistas comerciales y acad\u00e9micas. Imparte charlas, conferencias y cursos sobre distintas tem\u00e1ticas (filosof\u00eda, literatura, psicolog\u00eda infantojuvenil, edici\u00f3n, direcci\u00f3n cultural, gesti\u00f3n de equipos, comunicaci\u00f3n, escritura, historia y teor\u00eda de la m\u00fasica, etc.) en diversas instituciones p\u00fablicas y privadas, tanto nacionales como internacionales. Colabora regularmente con importantes medios de comunicaci\u00f3n escritos y audiovisuales nacionales e internacionales (TVE, RNE, Mediaset, Onda Cero, Cadena Ser, El Pa\u00eds, Ethic, Scherzo, National Geographic, ABC, The Objective, Cuadernos Hispanoamericanos, etc.). Ha ocupado puestos de relevancia en importantes sellos editoriales, entre los que destaca Alianza Editorial.<\/p>\n\n\n\n<p>Es requerido frecuente y regularmente por universidades nacionales e internacionales, y por empresas de distintos sectores, para ser miembro de comisiones y tribunales evaluadores o como consultor, as\u00ed como para impartir cursos, charlas y conferencias sobre sus temas de especializaci\u00f3n.<\/p>\n","protected":false},"excerpt":{"rendered":"<p>Presentaci\u00f3n del libro y charla del autor Carlos Javier Gonz\u00e1lez Serrano. Carlos Javier Glez. Serrano Profesor de Filosof\u00eda y Psicolog\u00eda (Secundaria y Bachillerato), orientador en la etapa de Bachillerato. Director de proyectos culturales. Asesor de cultura y comunicaci\u00f3n. Gestor y consultor de equipos de trabajo. Filosof\u00eda, literatura, psicolog\u00eda, cultura y cr\u00edtica sociopol\u00edtica en televisi\u00f3n, radio [&hellip;]<\/p>\n","protected":false},"author":2,"featured_media":61410,"comment_status":"open","ping_status":"closed","template":"","tags":[],"mec_category":[1613],"class_list":["post-61411","mec-events","type-mec-events","status-publish","has-post-thumbnail","hentry","mec_category-evento"],"yoast_head":"<!-- This site is optimized with the Yoast SEO plugin v27.4 - https:\/\/yoast.com\/product\/yoast-seo-wordpress\/ -->\n<title>Una filosof\u00eda de la resistencia - Ayuntamiento de Coria<\/title>\n<meta name=\"robots\" content=\"index, follow, max-snippet:-1, max-image-preview:large, max-video-preview:-1\" \/>\n<link rel=\"canonical\" href=\"https:\/\/coria.org\/ayuntamiento\/index.php\/eventos\/una-filosofia-de-la-resistencia\/\" \/>\n<meta property=\"og:locale\" content=\"es_ES\" \/>\n<meta property=\"og:type\" content=\"article\" \/>\n<meta property=\"og:title\" content=\"Una filosof\u00eda de la resistencia - Ayuntamiento de Coria\" \/>\n<meta property=\"og:description\" content=\"Presentaci\u00f3n del libro y charla del autor Carlos Javier Gonz\u00e1lez Serrano. Carlos Javier Glez. Serrano Profesor de Filosof\u00eda y Psicolog\u00eda (Secundaria y Bachillerato), orientador en la etapa de Bachillerato. Director de proyectos culturales. Asesor de cultura y comunicaci\u00f3n. Gestor y consultor de equipos de trabajo. Filosof\u00eda, literatura, psicolog\u00eda, cultura y cr\u00edtica sociopol\u00edtica en televisi\u00f3n, radio [&hellip;]\" \/>\n<meta property=\"og:url\" content=\"https:\/\/coria.org\/ayuntamiento\/index.php\/eventos\/una-filosofia-de-la-resistencia\/\" \/>\n<meta property=\"og:site_name\" content=\"Ayuntamiento de Coria\" \/>\n<meta property=\"article:publisher\" content=\"https:\/\/www.facebook.com\/Ayuntamiento.de.Coria\" \/>\n<meta property=\"article:modified_time\" content=\"2024-04-17T11:28:51+00:00\" \/>\n<meta property=\"og:image\" content=\"https:\/\/coria.org\/ayuntamiento\/wp-content\/uploads\/2024\/04\/filosofia-resistencia.jpg\" \/>\n\t<meta property=\"og:image:width\" content=\"382\" \/>\n\t<meta property=\"og:image:height\" content=\"600\" \/>\n\t<meta property=\"og:image:type\" content=\"image\/jpeg\" \/>\n<meta name=\"twitter:card\" content=\"summary_large_image\" \/>\n<meta name=\"twitter:site\" content=\"@Ayto_de_Coria\" \/>\n<meta name=\"twitter:label1\" content=\"Tiempo de lectura\" \/>\n\t<meta name=\"twitter:data1\" content=\"2 minutos\" \/>\n<script type=\"application\/ld+json\" class=\"yoast-schema-graph\">{\"@context\":\"https:\\\/\\\/schema.org\",\"@graph\":[{\"@type\":\"WebPage\",\"@id\":\"https:\\\/\\\/coria.org\\\/ayuntamiento\\\/index.php\\\/eventos\\\/una-filosofia-de-la-resistencia\\\/\",\"url\":\"https:\\\/\\\/coria.org\\\/ayuntamiento\\\/index.php\\\/eventos\\\/una-filosofia-de-la-resistencia\\\/\",\"name\":\"Una filosof\u00eda de la resistencia - Ayuntamiento de Coria\",\"isPartOf\":{\"@id\":\"https:\\\/\\\/coria.org\\\/ayuntamiento\\\/#website\"},\"primaryImageOfPage\":{\"@id\":\"https:\\\/\\\/coria.org\\\/ayuntamiento\\\/index.php\\\/eventos\\\/una-filosofia-de-la-resistencia\\\/#primaryimage\"},\"image\":{\"@id\":\"https:\\\/\\\/coria.org\\\/ayuntamiento\\\/index.php\\\/eventos\\\/una-filosofia-de-la-resistencia\\\/#primaryimage\"},\"thumbnailUrl\":\"https:\\\/\\\/coria.org\\\/ayuntamiento\\\/wp-content\\\/uploads\\\/2024\\\/04\\\/filosofia-resistencia.jpg\",\"datePublished\":\"2024-04-17T11:15:54+00:00\",\"dateModified\":\"2024-04-17T11:28:51+00:00\",\"breadcrumb\":{\"@id\":\"https:\\\/\\\/coria.org\\\/ayuntamiento\\\/index.php\\\/eventos\\\/una-filosofia-de-la-resistencia\\\/#breadcrumb\"},\"inLanguage\":\"es\",\"potentialAction\":[{\"@type\":\"ReadAction\",\"target\":[\"https:\\\/\\\/coria.org\\\/ayuntamiento\\\/index.php\\\/eventos\\\/una-filosofia-de-la-resistencia\\\/\"]}]},{\"@type\":\"ImageObject\",\"inLanguage\":\"es\",\"@id\":\"https:\\\/\\\/coria.org\\\/ayuntamiento\\\/index.php\\\/eventos\\\/una-filosofia-de-la-resistencia\\\/#primaryimage\",\"url\":\"https:\\\/\\\/coria.org\\\/ayuntamiento\\\/wp-content\\\/uploads\\\/2024\\\/04\\\/filosofia-resistencia.jpg\",\"contentUrl\":\"https:\\\/\\\/coria.org\\\/ayuntamiento\\\/wp-content\\\/uploads\\\/2024\\\/04\\\/filosofia-resistencia.jpg\",\"width\":382,\"height\":600},{\"@type\":\"BreadcrumbList\",\"@id\":\"https:\\\/\\\/coria.org\\\/ayuntamiento\\\/index.php\\\/eventos\\\/una-filosofia-de-la-resistencia\\\/#breadcrumb\",\"itemListElement\":[{\"@type\":\"ListItem\",\"position\":1,\"name\":\"Inicio\",\"item\":\"https:\\\/\\\/coria.org\\\/ayuntamiento\\\/\"},{\"@type\":\"ListItem\",\"position\":2,\"name\":\"Eventos\",\"item\":\"https:\\\/\\\/coria.org\\\/ayuntamiento\\\/index.php\\\/eventos\\\/\"},{\"@type\":\"ListItem\",\"position\":3,\"name\":\"Una filosof\u00eda de la resistencia\"}]},{\"@type\":\"WebSite\",\"@id\":\"https:\\\/\\\/coria.org\\\/ayuntamiento\\\/#website\",\"url\":\"https:\\\/\\\/coria.org\\\/ayuntamiento\\\/\",\"name\":\"Ayuntamiento de Coria\",\"description\":\"Web oficial del Ayuntamiento de Coria\",\"publisher\":{\"@id\":\"https:\\\/\\\/coria.org\\\/ayuntamiento\\\/#organization\"},\"alternateName\":\"Web Oficial del Ayuntamiento de Coria\",\"potentialAction\":[{\"@type\":\"SearchAction\",\"target\":{\"@type\":\"EntryPoint\",\"urlTemplate\":\"https:\\\/\\\/coria.org\\\/ayuntamiento\\\/?s={search_term_string}\"},\"query-input\":{\"@type\":\"PropertyValueSpecification\",\"valueRequired\":true,\"valueName\":\"search_term_string\"}}],\"inLanguage\":\"es\"},{\"@type\":\"Organization\",\"@id\":\"https:\\\/\\\/coria.org\\\/ayuntamiento\\\/#organization\",\"name\":\"Ayuntamiento de Coria\",\"alternateName\":\"Ayto de Coria\",\"url\":\"https:\\\/\\\/coria.org\\\/ayuntamiento\\\/\",\"logo\":{\"@type\":\"ImageObject\",\"inLanguage\":\"es\",\"@id\":\"https:\\\/\\\/coria.org\\\/ayuntamiento\\\/#\\\/schema\\\/logo\\\/image\\\/\",\"url\":\"https:\\\/\\\/coria.org\\\/ayuntamiento\\\/wp-content\\\/uploads\\\/2020\\\/12\\\/escudo-ayuntamiento-coria.png\",\"contentUrl\":\"https:\\\/\\\/coria.org\\\/ayuntamiento\\\/wp-content\\\/uploads\\\/2020\\\/12\\\/escudo-ayuntamiento-coria.png\",\"width\":511,\"height\":240,\"caption\":\"Ayuntamiento de Coria\"},\"image\":{\"@id\":\"https:\\\/\\\/coria.org\\\/ayuntamiento\\\/#\\\/schema\\\/logo\\\/image\\\/\"},\"sameAs\":[\"https:\\\/\\\/www.facebook.com\\\/Ayuntamiento.de.Coria\",\"https:\\\/\\\/x.com\\\/Ayto_de_Coria\",\"https:\\\/\\\/www.instagram.com\\\/coria.ayuntamiento\\\/\",\"https:\\\/\\\/www.youtube.com\\\/user\\\/AYUNTAMIENTOCORIA\"]}]}<\/script>\n<!-- \/ Yoast SEO plugin. -->","yoast_head_json":{"title":"Una filosof\u00eda de la resistencia - Ayuntamiento de Coria","robots":{"index":"index","follow":"follow","max-snippet":"max-snippet:-1","max-image-preview":"max-image-preview:large","max-video-preview":"max-video-preview:-1"},"canonical":"https:\/\/coria.org\/ayuntamiento\/index.php\/eventos\/una-filosofia-de-la-resistencia\/","og_locale":"es_ES","og_type":"article","og_title":"Una filosof\u00eda de la resistencia - Ayuntamiento de Coria","og_description":"Presentaci\u00f3n del libro y charla del autor Carlos Javier Gonz\u00e1lez Serrano. Carlos Javier Glez. Serrano Profesor de Filosof\u00eda y Psicolog\u00eda (Secundaria y Bachillerato), orientador en la etapa de Bachillerato. Director de proyectos culturales. Asesor de cultura y comunicaci\u00f3n. Gestor y consultor de equipos de trabajo. Filosof\u00eda, literatura, psicolog\u00eda, cultura y cr\u00edtica sociopol\u00edtica en televisi\u00f3n, radio [&hellip;]","og_url":"https:\/\/coria.org\/ayuntamiento\/index.php\/eventos\/una-filosofia-de-la-resistencia\/","og_site_name":"Ayuntamiento de Coria","article_publisher":"https:\/\/www.facebook.com\/Ayuntamiento.de.Coria","article_modified_time":"2024-04-17T11:28:51+00:00","og_image":[{"width":382,"height":600,"url":"https:\/\/coria.org\/ayuntamiento\/wp-content\/uploads\/2024\/04\/filosofia-resistencia.jpg","type":"image\/jpeg"}],"twitter_card":"summary_large_image","twitter_site":"@Ayto_de_Coria","twitter_misc":{"Tiempo de lectura":"2 minutos"},"schema":{"@context":"https:\/\/schema.org","@graph":[{"@type":"WebPage","@id":"https:\/\/coria.org\/ayuntamiento\/index.php\/eventos\/una-filosofia-de-la-resistencia\/","url":"https:\/\/coria.org\/ayuntamiento\/index.php\/eventos\/una-filosofia-de-la-resistencia\/","name":"Una filosof\u00eda de la resistencia - Ayuntamiento de Coria","isPartOf":{"@id":"https:\/\/coria.org\/ayuntamiento\/#website"},"primaryImageOfPage":{"@id":"https:\/\/coria.org\/ayuntamiento\/index.php\/eventos\/una-filosofia-de-la-resistencia\/#primaryimage"},"image":{"@id":"https:\/\/coria.org\/ayuntamiento\/index.php\/eventos\/una-filosofia-de-la-resistencia\/#primaryimage"},"thumbnailUrl":"https:\/\/coria.org\/ayuntamiento\/wp-content\/uploads\/2024\/04\/filosofia-resistencia.jpg","datePublished":"2024-04-17T11:15:54+00:00","dateModified":"2024-04-17T11:28:51+00:00","breadcrumb":{"@id":"https:\/\/coria.org\/ayuntamiento\/index.php\/eventos\/una-filosofia-de-la-resistencia\/#breadcrumb"},"inLanguage":"es","potentialAction":[{"@type":"ReadAction","target":["https:\/\/coria.org\/ayuntamiento\/index.php\/eventos\/una-filosofia-de-la-resistencia\/"]}]},{"@type":"ImageObject","inLanguage":"es","@id":"https:\/\/coria.org\/ayuntamiento\/index.php\/eventos\/una-filosofia-de-la-resistencia\/#primaryimage","url":"https:\/\/coria.org\/ayuntamiento\/wp-content\/uploads\/2024\/04\/filosofia-resistencia.jpg","contentUrl":"https:\/\/coria.org\/ayuntamiento\/wp-content\/uploads\/2024\/04\/filosofia-resistencia.jpg","width":382,"height":600},{"@type":"BreadcrumbList","@id":"https:\/\/coria.org\/ayuntamiento\/index.php\/eventos\/una-filosofia-de-la-resistencia\/#breadcrumb","itemListElement":[{"@type":"ListItem","position":1,"name":"Inicio","item":"https:\/\/coria.org\/ayuntamiento\/"},{"@type":"ListItem","position":2,"name":"Eventos","item":"https:\/\/coria.org\/ayuntamiento\/index.php\/eventos\/"},{"@type":"ListItem","position":3,"name":"Una filosof\u00eda de la resistencia"}]},{"@type":"WebSite","@id":"https:\/\/coria.org\/ayuntamiento\/#website","url":"https:\/\/coria.org\/ayuntamiento\/","name":"Ayuntamiento de Coria","description":"Web oficial del Ayuntamiento de Coria","publisher":{"@id":"https:\/\/coria.org\/ayuntamiento\/#organization"},"alternateName":"Web Oficial del Ayuntamiento de Coria","potentialAction":[{"@type":"SearchAction","target":{"@type":"EntryPoint","urlTemplate":"https:\/\/coria.org\/ayuntamiento\/?s={search_term_string}"},"query-input":{"@type":"PropertyValueSpecification","valueRequired":true,"valueName":"search_term_string"}}],"inLanguage":"es"},{"@type":"Organization","@id":"https:\/\/coria.org\/ayuntamiento\/#organization","name":"Ayuntamiento de Coria","alternateName":"Ayto de Coria","url":"https:\/\/coria.org\/ayuntamiento\/","logo":{"@type":"ImageObject","inLanguage":"es","@id":"https:\/\/coria.org\/ayuntamiento\/#\/schema\/logo\/image\/","url":"https:\/\/coria.org\/ayuntamiento\/wp-content\/uploads\/2020\/12\/escudo-ayuntamiento-coria.png","contentUrl":"https:\/\/coria.org\/ayuntamiento\/wp-content\/uploads\/2020\/12\/escudo-ayuntamiento-coria.png","width":511,"height":240,"caption":"Ayuntamiento de Coria"},"image":{"@id":"https:\/\/coria.org\/ayuntamiento\/#\/schema\/logo\/image\/"},"sameAs":["https:\/\/www.facebook.com\/Ayuntamiento.de.Coria","https:\/\/x.com\/Ayto_de_Coria","https:\/\/www.instagram.com\/coria.ayuntamiento\/","https:\/\/www.youtube.com\/user\/AYUNTAMIENTOCORIA"]}]}},"uagb_featured_image_src":{"full":["https:\/\/coria.org\/ayuntamiento\/wp-content\/uploads\/2024\/04\/filosofia-resistencia.jpg",382,600,false],"thumbnail":["https:\/\/coria.org\/ayuntamiento\/wp-content\/uploads\/2024\/04\/filosofia-resistencia-150x150.jpg",150,150,true],"medium":["https:\/\/coria.org\/ayuntamiento\/wp-content\/uploads\/2024\/04\/filosofia-resistencia-191x300.jpg",191,300,true],"medium_large":["https:\/\/coria.org\/ayuntamiento\/wp-content\/uploads\/2024\/04\/filosofia-resistencia.jpg",382,600,false],"large":["https:\/\/coria.org\/ayuntamiento\/wp-content\/uploads\/2024\/04\/filosofia-resistencia.jpg",382,600,false],"thumblist":["https:\/\/coria.org\/ayuntamiento\/wp-content\/uploads\/2024\/04\/filosofia-resistencia-300x300.jpg",300,300,true],"thumbrelated":["https:\/\/coria.org\/ayuntamiento\/wp-content\/uploads\/2024\/04\/filosofia-resistencia-382x500.jpg",382,500,true],"meccarouselthumb":["https:\/\/coria.org\/ayuntamiento\/wp-content\/uploads\/2024\/04\/filosofia-resistencia-382x324.jpg",382,324,true],"gridsquare":["https:\/\/coria.org\/ayuntamiento\/wp-content\/uploads\/2024\/04\/filosofia-resistencia-382x260.jpg",382,260,true],"tileview":["https:\/\/coria.org\/ayuntamiento\/wp-content\/uploads\/2024\/04\/filosofia-resistencia-300x400.jpg",300,400,true],"1536x1536":["https:\/\/coria.org\/ayuntamiento\/wp-content\/uploads\/2024\/04\/filosofia-resistencia.jpg",382,600,false],"2048x2048":["https:\/\/coria.org\/ayuntamiento\/wp-content\/uploads\/2024\/04\/filosofia-resistencia.jpg",382,600,false]},"uagb_author_info":{"display_name":"ayuntamiento","author_link":"https:\/\/coria.org\/ayuntamiento\/index.php\/author\/ayuntamiento\/"},"uagb_comment_info":0,"uagb_excerpt":"Presentaci\u00f3n del libro y charla del autor Carlos Javier Gonz\u00e1lez Serrano. Carlos Javier Glez. Serrano Profesor de Filosof\u00eda y Psicolog\u00eda (Secundaria y Bachillerato), orientador en la etapa de Bachillerato. Director de proyectos culturales. Asesor de cultura y comunicaci\u00f3n. Gestor y consultor de equipos de trabajo. Filosof\u00eda, literatura, psicolog\u00eda, cultura y cr\u00edtica sociopol\u00edtica en televisi\u00f3n, radio&hellip;","_links":{"self":[{"href":"https:\/\/coria.org\/ayuntamiento\/index.php\/wp-json\/wp\/v2\/mec-events\/61411","targetHints":{"allow":["GET"]}}],"collection":[{"href":"https:\/\/coria.org\/ayuntamiento\/index.php\/wp-json\/wp\/v2\/mec-events"}],"about":[{"href":"https:\/\/coria.org\/ayuntamiento\/index.php\/wp-json\/wp\/v2\/types\/mec-events"}],"author":[{"embeddable":true,"href":"https:\/\/coria.org\/ayuntamiento\/index.php\/wp-json\/wp\/v2\/users\/2"}],"replies":[{"embeddable":true,"href":"https:\/\/coria.org\/ayuntamiento\/index.php\/wp-json\/wp\/v2\/comments?post=61411"}],"wp:featuredmedia":[{"embeddable":true,"href":"https:\/\/coria.org\/ayuntamiento\/index.php\/wp-json\/wp\/v2\/media\/61410"}],"wp:attachment":[{"href":"https:\/\/coria.org\/ayuntamiento\/index.php\/wp-json\/wp\/v2\/media?parent=61411"}],"wp:term":[{"taxonomy":"post_tag","embeddable":true,"href":"https:\/\/coria.org\/ayuntamiento\/index.php\/wp-json\/wp\/v2\/tags?post=61411"},{"taxonomy":"mec_category","embeddable":true,"href":"https:\/\/coria.org\/ayuntamiento\/index.php\/wp-json\/wp\/v2\/mec_category?post=61411"}],"curies":[{"name":"wp","href":"https:\/\/api.w.org\/{rel}","templated":true}]}}