{"id":61398,"date":"2024-04-17T12:50:27","date_gmt":"2024-04-17T10:50:27","guid":{"rendered":"https:\/\/turismocoria.es\/importacion\/index.php\/eventos\/un-puente-al-mas-alla\/"},"modified":"2024-04-17T12:53:11","modified_gmt":"2024-04-17T10:53:11","slug":"un-puente-al-mas-alla","status":"publish","type":"mec-events","link":"https:\/\/coria.org\/ayuntamiento\/index.php\/eventos\/un-puente-al-mas-alla\/","title":{"rendered":"Un Puente al m\u00e1s All\u00e1"},"content":{"rendered":"\n<p>Representaci\u00f3n a cargo de la compa\u00f1\u00eda Mar\u00eda de Melo Producciones<\/p>\n\n\n\n<p><strong>Sinopsis<\/strong><\/p>\n\n\n\n<p>Re\u00edrse de nuestras miserias es la forma m\u00e1s divertida de enfrentarlas. Este es el mayor prop\u00f3sito de esta obra. Waldo y Julia, dos personajes en la deriva de sus vidas que, sin embargo, a las puertas del abismo se enredan en una comedia desternillante en la que desnudan sus verdaderos deseos y pasiones, desgran\u00e1ndolos en un di\u00e1logo continuo, deshilando los problemas actuales de nuestra sociedad hasta convertirlos en piezas c\u00f3micas.<\/p>\n\n\n\n<p>Patrocina:<\/p>\n\n\n\n<figure class=\"wp-block-image size-full\"><img loading=\"lazy\" decoding=\"async\" width=\"800\" height=\"133\" src=\"https:\/\/coria.org\/ayuntamiento\/wp-content\/uploads\/2024\/04\/red-teatros-extremadura.jpg\" alt=\"\" class=\"wp-image-61400\" srcset=\"https:\/\/coria.org\/ayuntamiento\/wp-content\/uploads\/2024\/04\/red-teatros-extremadura.jpg 800w, https:\/\/coria.org\/ayuntamiento\/wp-content\/uploads\/2024\/04\/red-teatros-extremadura-300x50.jpg 300w, https:\/\/coria.org\/ayuntamiento\/wp-content\/uploads\/2024\/04\/red-teatros-extremadura-768x128.jpg 768w\" sizes=\"auto, (max-width: 800px) 100vw, 800px\" \/><\/figure>\n","protected":false},"excerpt":{"rendered":"<p>Representaci\u00f3n a cargo de la compa\u00f1\u00eda Mar\u00eda de Melo Producciones Sinopsis Re\u00edrse de nuestras miserias es la forma m\u00e1s divertida de enfrentarlas. Este es el mayor prop\u00f3sito de esta obra. Waldo y Julia, dos personajes en la deriva de sus vidas que, sin embargo, a las puertas del abismo se enredan en una comedia desternillante [&hellip;]<\/p>\n","protected":false},"author":2,"featured_media":61397,"comment_status":"open","ping_status":"closed","template":"","tags":[],"mec_category":[1612,1613],"class_list":["post-61398","mec-events","type-mec-events","status-publish","has-post-thumbnail","hentry","mec_category-destacado","mec_category-evento"],"yoast_head":"<!-- This site is optimized with the Yoast SEO plugin v27.4 - https:\/\/yoast.com\/product\/yoast-seo-wordpress\/ -->\n<title>Un Puente al m\u00e1s All\u00e1 - Ayuntamiento de Coria<\/title>\n<meta name=\"robots\" content=\"index, follow, max-snippet:-1, max-image-preview:large, max-video-preview:-1\" \/>\n<link rel=\"canonical\" href=\"https:\/\/coria.org\/ayuntamiento\/index.php\/eventos\/un-puente-al-mas-alla\/\" \/>\n<meta property=\"og:locale\" content=\"es_ES\" \/>\n<meta property=\"og:type\" content=\"article\" \/>\n<meta property=\"og:title\" content=\"Un Puente al m\u00e1s All\u00e1 - Ayuntamiento de Coria\" \/>\n<meta property=\"og:description\" content=\"Representaci\u00f3n a cargo de la compa\u00f1\u00eda Mar\u00eda de Melo Producciones Sinopsis Re\u00edrse de nuestras miserias es la forma m\u00e1s divertida de enfrentarlas. Este es el mayor prop\u00f3sito de esta obra. Waldo y Julia, dos personajes en la deriva de sus vidas que, sin embargo, a las puertas del abismo se enredan en una comedia desternillante [&hellip;]\" \/>\n<meta property=\"og:url\" content=\"https:\/\/coria.org\/ayuntamiento\/index.php\/eventos\/un-puente-al-mas-alla\/\" \/>\n<meta property=\"og:site_name\" content=\"Ayuntamiento de Coria\" \/>\n<meta property=\"article:publisher\" content=\"https:\/\/www.facebook.com\/Ayuntamiento.de.Coria\" \/>\n<meta property=\"article:modified_time\" content=\"2024-04-17T10:53:11+00:00\" \/>\n<meta property=\"og:image\" content=\"https:\/\/coria.org\/ayuntamiento\/wp-content\/uploads\/2024\/04\/un-puente-al-mas-alla.jpg\" \/>\n\t<meta property=\"og:image:width\" content=\"607\" \/>\n\t<meta property=\"og:image:height\" content=\"858\" \/>\n\t<meta property=\"og:image:type\" content=\"image\/jpeg\" \/>\n<meta name=\"twitter:card\" content=\"summary_large_image\" \/>\n<meta name=\"twitter:site\" content=\"@Ayto_de_Coria\" \/>\n<script type=\"application\/ld+json\" class=\"yoast-schema-graph\">{\"@context\":\"https:\\\/\\\/schema.org\",\"@graph\":[{\"@type\":\"WebPage\",\"@id\":\"https:\\\/\\\/coria.org\\\/ayuntamiento\\\/index.php\\\/eventos\\\/un-puente-al-mas-alla\\\/\",\"url\":\"https:\\\/\\\/coria.org\\\/ayuntamiento\\\/index.php\\\/eventos\\\/un-puente-al-mas-alla\\\/\",\"name\":\"Un Puente al m\u00e1s All\u00e1 - Ayuntamiento de Coria\",\"isPartOf\":{\"@id\":\"https:\\\/\\\/coria.org\\\/ayuntamiento\\\/#website\"},\"primaryImageOfPage\":{\"@id\":\"https:\\\/\\\/coria.org\\\/ayuntamiento\\\/index.php\\\/eventos\\\/un-puente-al-mas-alla\\\/#primaryimage\"},\"image\":{\"@id\":\"https:\\\/\\\/coria.org\\\/ayuntamiento\\\/index.php\\\/eventos\\\/un-puente-al-mas-alla\\\/#primaryimage\"},\"thumbnailUrl\":\"https:\\\/\\\/coria.org\\\/ayuntamiento\\\/wp-content\\\/uploads\\\/2024\\\/04\\\/un-puente-al-mas-alla.jpg\",\"datePublished\":\"2024-04-17T10:50:27+00:00\",\"dateModified\":\"2024-04-17T10:53:11+00:00\",\"breadcrumb\":{\"@id\":\"https:\\\/\\\/coria.org\\\/ayuntamiento\\\/index.php\\\/eventos\\\/un-puente-al-mas-alla\\\/#breadcrumb\"},\"inLanguage\":\"es\",\"potentialAction\":[{\"@type\":\"ReadAction\",\"target\":[\"https:\\\/\\\/coria.org\\\/ayuntamiento\\\/index.php\\\/eventos\\\/un-puente-al-mas-alla\\\/\"]}]},{\"@type\":\"ImageObject\",\"inLanguage\":\"es\",\"@id\":\"https:\\\/\\\/coria.org\\\/ayuntamiento\\\/index.php\\\/eventos\\\/un-puente-al-mas-alla\\\/#primaryimage\",\"url\":\"https:\\\/\\\/coria.org\\\/ayuntamiento\\\/wp-content\\\/uploads\\\/2024\\\/04\\\/un-puente-al-mas-alla.jpg\",\"contentUrl\":\"https:\\\/\\\/coria.org\\\/ayuntamiento\\\/wp-content\\\/uploads\\\/2024\\\/04\\\/un-puente-al-mas-alla.jpg\",\"width\":607,\"height\":858},{\"@type\":\"BreadcrumbList\",\"@id\":\"https:\\\/\\\/coria.org\\\/ayuntamiento\\\/index.php\\\/eventos\\\/un-puente-al-mas-alla\\\/#breadcrumb\",\"itemListElement\":[{\"@type\":\"ListItem\",\"position\":1,\"name\":\"Inicio\",\"item\":\"https:\\\/\\\/coria.org\\\/ayuntamiento\\\/\"},{\"@type\":\"ListItem\",\"position\":2,\"name\":\"Eventos\",\"item\":\"https:\\\/\\\/coria.org\\\/ayuntamiento\\\/index.php\\\/eventos\\\/\"},{\"@type\":\"ListItem\",\"position\":3,\"name\":\"Un Puente al m\u00e1s All\u00e1\"}]},{\"@type\":\"WebSite\",\"@id\":\"https:\\\/\\\/coria.org\\\/ayuntamiento\\\/#website\",\"url\":\"https:\\\/\\\/coria.org\\\/ayuntamiento\\\/\",\"name\":\"Ayuntamiento de Coria\",\"description\":\"Web oficial del Ayuntamiento de Coria\",\"publisher\":{\"@id\":\"https:\\\/\\\/coria.org\\\/ayuntamiento\\\/#organization\"},\"alternateName\":\"Web Oficial del Ayuntamiento de Coria\",\"potentialAction\":[{\"@type\":\"SearchAction\",\"target\":{\"@type\":\"EntryPoint\",\"urlTemplate\":\"https:\\\/\\\/coria.org\\\/ayuntamiento\\\/?s={search_term_string}\"},\"query-input\":{\"@type\":\"PropertyValueSpecification\",\"valueRequired\":true,\"valueName\":\"search_term_string\"}}],\"inLanguage\":\"es\"},{\"@type\":\"Organization\",\"@id\":\"https:\\\/\\\/coria.org\\\/ayuntamiento\\\/#organization\",\"name\":\"Ayuntamiento de Coria\",\"alternateName\":\"Ayto de Coria\",\"url\":\"https:\\\/\\\/coria.org\\\/ayuntamiento\\\/\",\"logo\":{\"@type\":\"ImageObject\",\"inLanguage\":\"es\",\"@id\":\"https:\\\/\\\/coria.org\\\/ayuntamiento\\\/#\\\/schema\\\/logo\\\/image\\\/\",\"url\":\"https:\\\/\\\/coria.org\\\/ayuntamiento\\\/wp-content\\\/uploads\\\/2020\\\/12\\\/escudo-ayuntamiento-coria.png\",\"contentUrl\":\"https:\\\/\\\/coria.org\\\/ayuntamiento\\\/wp-content\\\/uploads\\\/2020\\\/12\\\/escudo-ayuntamiento-coria.png\",\"width\":511,\"height\":240,\"caption\":\"Ayuntamiento de Coria\"},\"image\":{\"@id\":\"https:\\\/\\\/coria.org\\\/ayuntamiento\\\/#\\\/schema\\\/logo\\\/image\\\/\"},\"sameAs\":[\"https:\\\/\\\/www.facebook.com\\\/Ayuntamiento.de.Coria\",\"https:\\\/\\\/x.com\\\/Ayto_de_Coria\",\"https:\\\/\\\/www.instagram.com\\\/coria.ayuntamiento\\\/\",\"https:\\\/\\\/www.youtube.com\\\/user\\\/AYUNTAMIENTOCORIA\"]}]}<\/script>\n<!-- \/ Yoast SEO plugin. -->","yoast_head_json":{"title":"Un Puente al m\u00e1s All\u00e1 - Ayuntamiento de Coria","robots":{"index":"index","follow":"follow","max-snippet":"max-snippet:-1","max-image-preview":"max-image-preview:large","max-video-preview":"max-video-preview:-1"},"canonical":"https:\/\/coria.org\/ayuntamiento\/index.php\/eventos\/un-puente-al-mas-alla\/","og_locale":"es_ES","og_type":"article","og_title":"Un Puente al m\u00e1s All\u00e1 - Ayuntamiento de Coria","og_description":"Representaci\u00f3n a cargo de la compa\u00f1\u00eda Mar\u00eda de Melo Producciones Sinopsis Re\u00edrse de nuestras miserias es la forma m\u00e1s divertida de enfrentarlas. Este es el mayor prop\u00f3sito de esta obra. Waldo y Julia, dos personajes en la deriva de sus vidas que, sin embargo, a las puertas del abismo se enredan en una comedia desternillante [&hellip;]","og_url":"https:\/\/coria.org\/ayuntamiento\/index.php\/eventos\/un-puente-al-mas-alla\/","og_site_name":"Ayuntamiento de Coria","article_publisher":"https:\/\/www.facebook.com\/Ayuntamiento.de.Coria","article_modified_time":"2024-04-17T10:53:11+00:00","og_image":[{"width":607,"height":858,"url":"https:\/\/coria.org\/ayuntamiento\/wp-content\/uploads\/2024\/04\/un-puente-al-mas-alla.jpg","type":"image\/jpeg"}],"twitter_card":"summary_large_image","twitter_site":"@Ayto_de_Coria","schema":{"@context":"https:\/\/schema.org","@graph":[{"@type":"WebPage","@id":"https:\/\/coria.org\/ayuntamiento\/index.php\/eventos\/un-puente-al-mas-alla\/","url":"https:\/\/coria.org\/ayuntamiento\/index.php\/eventos\/un-puente-al-mas-alla\/","name":"Un Puente al m\u00e1s All\u00e1 - Ayuntamiento de Coria","isPartOf":{"@id":"https:\/\/coria.org\/ayuntamiento\/#website"},"primaryImageOfPage":{"@id":"https:\/\/coria.org\/ayuntamiento\/index.php\/eventos\/un-puente-al-mas-alla\/#primaryimage"},"image":{"@id":"https:\/\/coria.org\/ayuntamiento\/index.php\/eventos\/un-puente-al-mas-alla\/#primaryimage"},"thumbnailUrl":"https:\/\/coria.org\/ayuntamiento\/wp-content\/uploads\/2024\/04\/un-puente-al-mas-alla.jpg","datePublished":"2024-04-17T10:50:27+00:00","dateModified":"2024-04-17T10:53:11+00:00","breadcrumb":{"@id":"https:\/\/coria.org\/ayuntamiento\/index.php\/eventos\/un-puente-al-mas-alla\/#breadcrumb"},"inLanguage":"es","potentialAction":[{"@type":"ReadAction","target":["https:\/\/coria.org\/ayuntamiento\/index.php\/eventos\/un-puente-al-mas-alla\/"]}]},{"@type":"ImageObject","inLanguage":"es","@id":"https:\/\/coria.org\/ayuntamiento\/index.php\/eventos\/un-puente-al-mas-alla\/#primaryimage","url":"https:\/\/coria.org\/ayuntamiento\/wp-content\/uploads\/2024\/04\/un-puente-al-mas-alla.jpg","contentUrl":"https:\/\/coria.org\/ayuntamiento\/wp-content\/uploads\/2024\/04\/un-puente-al-mas-alla.jpg","width":607,"height":858},{"@type":"BreadcrumbList","@id":"https:\/\/coria.org\/ayuntamiento\/index.php\/eventos\/un-puente-al-mas-alla\/#breadcrumb","itemListElement":[{"@type":"ListItem","position":1,"name":"Inicio","item":"https:\/\/coria.org\/ayuntamiento\/"},{"@type":"ListItem","position":2,"name":"Eventos","item":"https:\/\/coria.org\/ayuntamiento\/index.php\/eventos\/"},{"@type":"ListItem","position":3,"name":"Un Puente al m\u00e1s All\u00e1"}]},{"@type":"WebSite","@id":"https:\/\/coria.org\/ayuntamiento\/#website","url":"https:\/\/coria.org\/ayuntamiento\/","name":"Ayuntamiento de Coria","description":"Web oficial del Ayuntamiento de Coria","publisher":{"@id":"https:\/\/coria.org\/ayuntamiento\/#organization"},"alternateName":"Web Oficial del Ayuntamiento de Coria","potentialAction":[{"@type":"SearchAction","target":{"@type":"EntryPoint","urlTemplate":"https:\/\/coria.org\/ayuntamiento\/?s={search_term_string}"},"query-input":{"@type":"PropertyValueSpecification","valueRequired":true,"valueName":"search_term_string"}}],"inLanguage":"es"},{"@type":"Organization","@id":"https:\/\/coria.org\/ayuntamiento\/#organization","name":"Ayuntamiento de Coria","alternateName":"Ayto de Coria","url":"https:\/\/coria.org\/ayuntamiento\/","logo":{"@type":"ImageObject","inLanguage":"es","@id":"https:\/\/coria.org\/ayuntamiento\/#\/schema\/logo\/image\/","url":"https:\/\/coria.org\/ayuntamiento\/wp-content\/uploads\/2020\/12\/escudo-ayuntamiento-coria.png","contentUrl":"https:\/\/coria.org\/ayuntamiento\/wp-content\/uploads\/2020\/12\/escudo-ayuntamiento-coria.png","width":511,"height":240,"caption":"Ayuntamiento de Coria"},"image":{"@id":"https:\/\/coria.org\/ayuntamiento\/#\/schema\/logo\/image\/"},"sameAs":["https:\/\/www.facebook.com\/Ayuntamiento.de.Coria","https:\/\/x.com\/Ayto_de_Coria","https:\/\/www.instagram.com\/coria.ayuntamiento\/","https:\/\/www.youtube.com\/user\/AYUNTAMIENTOCORIA"]}]}},"uagb_featured_image_src":{"full":["https:\/\/coria.org\/ayuntamiento\/wp-content\/uploads\/2024\/04\/un-puente-al-mas-alla.jpg",607,858,false],"thumbnail":["https:\/\/coria.org\/ayuntamiento\/wp-content\/uploads\/2024\/04\/un-puente-al-mas-alla-150x150.jpg",150,150,true],"medium":["https:\/\/coria.org\/ayuntamiento\/wp-content\/uploads\/2024\/04\/un-puente-al-mas-alla-212x300.jpg",212,300,true],"medium_large":["https:\/\/coria.org\/ayuntamiento\/wp-content\/uploads\/2024\/04\/un-puente-al-mas-alla.jpg",607,858,false],"large":["https:\/\/coria.org\/ayuntamiento\/wp-content\/uploads\/2024\/04\/un-puente-al-mas-alla.jpg",607,858,false],"thumblist":["https:\/\/coria.org\/ayuntamiento\/wp-content\/uploads\/2024\/04\/un-puente-al-mas-alla-300x300.jpg",300,300,true],"thumbrelated":["https:\/\/coria.org\/ayuntamiento\/wp-content\/uploads\/2024\/04\/un-puente-al-mas-alla-500x500.jpg",500,500,true],"meccarouselthumb":["https:\/\/coria.org\/ayuntamiento\/wp-content\/uploads\/2024\/04\/un-puente-al-mas-alla-474x324.jpg",474,324,true],"gridsquare":["https:\/\/coria.org\/ayuntamiento\/wp-content\/uploads\/2024\/04\/un-puente-al-mas-alla-391x260.jpg",391,260,true],"tileview":["https:\/\/coria.org\/ayuntamiento\/wp-content\/uploads\/2024\/04\/un-puente-al-mas-alla-300x400.jpg",300,400,true],"1536x1536":["https:\/\/coria.org\/ayuntamiento\/wp-content\/uploads\/2024\/04\/un-puente-al-mas-alla.jpg",607,858,false],"2048x2048":["https:\/\/coria.org\/ayuntamiento\/wp-content\/uploads\/2024\/04\/un-puente-al-mas-alla.jpg",607,858,false]},"uagb_author_info":{"display_name":"ayuntamiento","author_link":"https:\/\/coria.org\/ayuntamiento\/index.php\/author\/ayuntamiento\/"},"uagb_comment_info":0,"uagb_excerpt":"Representaci\u00f3n a cargo de la compa\u00f1\u00eda Mar\u00eda de Melo Producciones Sinopsis Re\u00edrse de nuestras miserias es la forma m\u00e1s divertida de enfrentarlas. Este es el mayor prop\u00f3sito de esta obra. Waldo y Julia, dos personajes en la deriva de sus vidas que, sin embargo, a las puertas del abismo se enredan en una comedia desternillante&hellip;","_links":{"self":[{"href":"https:\/\/coria.org\/ayuntamiento\/index.php\/wp-json\/wp\/v2\/mec-events\/61398","targetHints":{"allow":["GET"]}}],"collection":[{"href":"https:\/\/coria.org\/ayuntamiento\/index.php\/wp-json\/wp\/v2\/mec-events"}],"about":[{"href":"https:\/\/coria.org\/ayuntamiento\/index.php\/wp-json\/wp\/v2\/types\/mec-events"}],"author":[{"embeddable":true,"href":"https:\/\/coria.org\/ayuntamiento\/index.php\/wp-json\/wp\/v2\/users\/2"}],"replies":[{"embeddable":true,"href":"https:\/\/coria.org\/ayuntamiento\/index.php\/wp-json\/wp\/v2\/comments?post=61398"}],"wp:featuredmedia":[{"embeddable":true,"href":"https:\/\/coria.org\/ayuntamiento\/index.php\/wp-json\/wp\/v2\/media\/61397"}],"wp:attachment":[{"href":"https:\/\/coria.org\/ayuntamiento\/index.php\/wp-json\/wp\/v2\/media?parent=61398"}],"wp:term":[{"taxonomy":"post_tag","embeddable":true,"href":"https:\/\/coria.org\/ayuntamiento\/index.php\/wp-json\/wp\/v2\/tags?post=61398"},{"taxonomy":"mec_category","embeddable":true,"href":"https:\/\/coria.org\/ayuntamiento\/index.php\/wp-json\/wp\/v2\/mec_category?post=61398"}],"curies":[{"name":"wp","href":"https:\/\/api.w.org\/{rel}","templated":true}]}}