{"id":58060,"date":"2024-02-05T12:38:08","date_gmt":"2024-02-05T11:38:08","guid":{"rendered":"https:\/\/turismocoria.es\/importacion\/index.php\/eventos\/carnaval-2024-en-coria\/"},"modified":"2024-02-06T09:22:06","modified_gmt":"2024-02-06T08:22:06","slug":"carnaval-2024-en-coria","status":"publish","type":"mec-events","link":"https:\/\/coria.org\/ayuntamiento\/index.php\/eventos\/carnaval-2024-en-coria\/","title":{"rendered":"Carnaval 2024 en Coria"},"content":{"rendered":"\n<p>El Ayuntamiento de Coria a trav\u00e9s de la concejal\u00eda de festejos que dirige, Irene Ovejero Crist\u00f3bal, ha confeccionado un programa de actividades que incluye desfiles de adultos y ni\u00f1os, as\u00ed como tambi\u00e9n espect\u00e1culos divertidos, todo ello para vivir y disfrutar del carnaval en la ciudad cauriense.<\/p>\n\n\n\n<p>El Carnaval de Coria se desarrollar\u00e1 del 9 al 14 de febrero y contar\u00e1 con varios desfiles de disfraces. Por segundo a\u00f1o consecutivo, el IES Alag\u00f3n de Coria organiza un desfile de disfraces en el que participar\u00e1n los alumnos del centro y tambi\u00e9n alumnos de todos los centros educativos de la ciudad, incluidos las pedan\u00edas. El desfile se celebrar\u00e1 el viernes 9 de febrero a las 11:30h con salida desde el instituto y llegada a la casa de cultura.<\/p>\n\n\n\n<p>El s\u00e1bado d\u00eda 10, tendr\u00e1 lugar el desfile-concurso del Carnaval 2024, a las 18:30h. Como novedad este a\u00f1o y, con motivo de las obras de remodelaci\u00f3n de la avenida Alfonso VII, el recorrido cambiar\u00e1 a la avenida Sierra de Gata, el desfile saldr\u00e1 desde la rotonda del Minotauro y llegar\u00e1 a la plaza de la Paz. Al finalizar el desfile se realizar\u00e1 la gala para la elecci\u00f3n de Miss y M\u00edster del Carnaval 2024 y la entrega de premios de los participantes en el concurso-desfile, ser\u00e1 en la carpa que se instalar\u00e1 este a\u00f1o en la plaza de la Paz, con una fiesta de Dj.<\/p>\n\n\n\n<p>Al d\u00eda siguiente, 11 de febrero, a las 12h tendr\u00e1 lugar un desfile infantil con salida desde la rotonda del Carterino hasta la plaza de la Paz. A continuaci\u00f3n se ha preparado una fiesta con animaci\u00f3n para los m\u00e1s peque\u00f1os, en la carpa municipal.<\/p>\n\n\n\n<p>Otra de las novedades este a\u00f1o ser\u00e1 la fiesta de origen ind\u00fa, \u201cHoli\u201d, que est\u00e1 programada para el lunes d\u00eda 12, a las 18h en la carpa municipal. Los asistentes, tanto ni\u00f1os como mayores deben ir vestidos de blanco.<\/p>\n\n\n\n<p>El carnaval finalizar\u00e1 el Mi\u00e9rcoles de Ceniza con el tradicional Entierro de la Sardina, a las 18:30h. La salida ser\u00e1 desde la casa de cultura hasta la plaza del norte, donde se realizar\u00e1 la quema de la sardina y degustaci\u00f3n de este manjar elaborado por los alumnos de la escuela profesional de hosteler\u00eda.<\/p>\n","protected":false},"excerpt":{"rendered":"<p>El Ayuntamiento de Coria a trav\u00e9s de la concejal\u00eda de festejos que dirige, Irene Ovejero Crist\u00f3bal, ha confeccionado un programa de actividades que incluye desfiles de adultos y ni\u00f1os, as\u00ed como tambi\u00e9n espect\u00e1culos divertidos, todo ello para vivir y disfrutar del carnaval en la ciudad cauriense. El Carnaval de Coria se desarrollar\u00e1 del 9 al [&hellip;]<\/p>\n","protected":false},"author":2,"featured_media":58059,"comment_status":"open","ping_status":"closed","template":"evento","tags":[],"mec_category":[1612,1613],"class_list":["post-58060","mec-events","type-mec-events","status-publish","has-post-thumbnail","hentry","mec_category-destacado","mec_category-evento"],"yoast_head":"<!-- This site is optimized with the Yoast SEO plugin v27.4 - https:\/\/yoast.com\/product\/yoast-seo-wordpress\/ -->\n<title>Carnaval 2024 en Coria - Ayuntamiento de Coria<\/title>\n<meta name=\"robots\" content=\"index, follow, max-snippet:-1, max-image-preview:large, max-video-preview:-1\" \/>\n<link rel=\"canonical\" href=\"https:\/\/coria.org\/ayuntamiento\/index.php\/eventos\/carnaval-2024-en-coria\/\" \/>\n<meta property=\"og:locale\" content=\"es_ES\" \/>\n<meta property=\"og:type\" content=\"article\" \/>\n<meta property=\"og:title\" content=\"Carnaval 2024 en Coria - Ayuntamiento de Coria\" \/>\n<meta property=\"og:description\" content=\"El Ayuntamiento de Coria a trav\u00e9s de la concejal\u00eda de festejos que dirige, Irene Ovejero Crist\u00f3bal, ha confeccionado un programa de actividades que incluye desfiles de adultos y ni\u00f1os, as\u00ed como tambi\u00e9n espect\u00e1culos divertidos, todo ello para vivir y disfrutar del carnaval en la ciudad cauriense. El Carnaval de Coria se desarrollar\u00e1 del 9 al [&hellip;]\" \/>\n<meta property=\"og:url\" content=\"https:\/\/coria.org\/ayuntamiento\/index.php\/eventos\/carnaval-2024-en-coria\/\" \/>\n<meta property=\"og:site_name\" content=\"Ayuntamiento de Coria\" \/>\n<meta property=\"article:publisher\" content=\"https:\/\/www.facebook.com\/Ayuntamiento.de.Coria\" \/>\n<meta property=\"article:modified_time\" content=\"2024-02-06T08:22:06+00:00\" \/>\n<meta property=\"og:image\" content=\"https:\/\/coria.org\/ayuntamiento\/wp-content\/uploads\/2024\/02\/carnaval-24.jpg\" \/>\n\t<meta property=\"og:image:width\" content=\"1414\" \/>\n\t<meta property=\"og:image:height\" content=\"2000\" \/>\n\t<meta property=\"og:image:type\" content=\"image\/jpeg\" \/>\n<meta name=\"twitter:card\" content=\"summary_large_image\" \/>\n<meta name=\"twitter:site\" content=\"@Ayto_de_Coria\" \/>\n<meta name=\"twitter:label1\" content=\"Tiempo de lectura\" \/>\n\t<meta name=\"twitter:data1\" content=\"2 minutos\" \/>\n<script type=\"application\/ld+json\" class=\"yoast-schema-graph\">{\"@context\":\"https:\\\/\\\/schema.org\",\"@graph\":[{\"@type\":\"WebPage\",\"@id\":\"https:\\\/\\\/coria.org\\\/ayuntamiento\\\/index.php\\\/eventos\\\/carnaval-2024-en-coria\\\/\",\"url\":\"https:\\\/\\\/coria.org\\\/ayuntamiento\\\/index.php\\\/eventos\\\/carnaval-2024-en-coria\\\/\",\"name\":\"Carnaval 2024 en Coria - Ayuntamiento de Coria\",\"isPartOf\":{\"@id\":\"https:\\\/\\\/coria.org\\\/ayuntamiento\\\/#website\"},\"primaryImageOfPage\":{\"@id\":\"https:\\\/\\\/coria.org\\\/ayuntamiento\\\/index.php\\\/eventos\\\/carnaval-2024-en-coria\\\/#primaryimage\"},\"image\":{\"@id\":\"https:\\\/\\\/coria.org\\\/ayuntamiento\\\/index.php\\\/eventos\\\/carnaval-2024-en-coria\\\/#primaryimage\"},\"thumbnailUrl\":\"https:\\\/\\\/coria.org\\\/ayuntamiento\\\/wp-content\\\/uploads\\\/2024\\\/02\\\/carnaval-24.jpg\",\"datePublished\":\"2024-02-05T11:38:08+00:00\",\"dateModified\":\"2024-02-06T08:22:06+00:00\",\"breadcrumb\":{\"@id\":\"https:\\\/\\\/coria.org\\\/ayuntamiento\\\/index.php\\\/eventos\\\/carnaval-2024-en-coria\\\/#breadcrumb\"},\"inLanguage\":\"es\",\"potentialAction\":[{\"@type\":\"ReadAction\",\"target\":[\"https:\\\/\\\/coria.org\\\/ayuntamiento\\\/index.php\\\/eventos\\\/carnaval-2024-en-coria\\\/\"]}]},{\"@type\":\"ImageObject\",\"inLanguage\":\"es\",\"@id\":\"https:\\\/\\\/coria.org\\\/ayuntamiento\\\/index.php\\\/eventos\\\/carnaval-2024-en-coria\\\/#primaryimage\",\"url\":\"https:\\\/\\\/coria.org\\\/ayuntamiento\\\/wp-content\\\/uploads\\\/2024\\\/02\\\/carnaval-24.jpg\",\"contentUrl\":\"https:\\\/\\\/coria.org\\\/ayuntamiento\\\/wp-content\\\/uploads\\\/2024\\\/02\\\/carnaval-24.jpg\",\"width\":1414,\"height\":2000},{\"@type\":\"BreadcrumbList\",\"@id\":\"https:\\\/\\\/coria.org\\\/ayuntamiento\\\/index.php\\\/eventos\\\/carnaval-2024-en-coria\\\/#breadcrumb\",\"itemListElement\":[{\"@type\":\"ListItem\",\"position\":1,\"name\":\"Inicio\",\"item\":\"https:\\\/\\\/coria.org\\\/ayuntamiento\\\/\"},{\"@type\":\"ListItem\",\"position\":2,\"name\":\"Eventos\",\"item\":\"https:\\\/\\\/coria.org\\\/ayuntamiento\\\/index.php\\\/eventos\\\/\"},{\"@type\":\"ListItem\",\"position\":3,\"name\":\"Carnaval 2024 en Coria\"}]},{\"@type\":\"WebSite\",\"@id\":\"https:\\\/\\\/coria.org\\\/ayuntamiento\\\/#website\",\"url\":\"https:\\\/\\\/coria.org\\\/ayuntamiento\\\/\",\"name\":\"Ayuntamiento de Coria\",\"description\":\"Web oficial del Ayuntamiento de Coria\",\"publisher\":{\"@id\":\"https:\\\/\\\/coria.org\\\/ayuntamiento\\\/#organization\"},\"alternateName\":\"Web Oficial del Ayuntamiento de Coria\",\"potentialAction\":[{\"@type\":\"SearchAction\",\"target\":{\"@type\":\"EntryPoint\",\"urlTemplate\":\"https:\\\/\\\/coria.org\\\/ayuntamiento\\\/?s={search_term_string}\"},\"query-input\":{\"@type\":\"PropertyValueSpecification\",\"valueRequired\":true,\"valueName\":\"search_term_string\"}}],\"inLanguage\":\"es\"},{\"@type\":\"Organization\",\"@id\":\"https:\\\/\\\/coria.org\\\/ayuntamiento\\\/#organization\",\"name\":\"Ayuntamiento de Coria\",\"alternateName\":\"Ayto de Coria\",\"url\":\"https:\\\/\\\/coria.org\\\/ayuntamiento\\\/\",\"logo\":{\"@type\":\"ImageObject\",\"inLanguage\":\"es\",\"@id\":\"https:\\\/\\\/coria.org\\\/ayuntamiento\\\/#\\\/schema\\\/logo\\\/image\\\/\",\"url\":\"https:\\\/\\\/coria.org\\\/ayuntamiento\\\/wp-content\\\/uploads\\\/2020\\\/12\\\/escudo-ayuntamiento-coria.png\",\"contentUrl\":\"https:\\\/\\\/coria.org\\\/ayuntamiento\\\/wp-content\\\/uploads\\\/2020\\\/12\\\/escudo-ayuntamiento-coria.png\",\"width\":511,\"height\":240,\"caption\":\"Ayuntamiento de Coria\"},\"image\":{\"@id\":\"https:\\\/\\\/coria.org\\\/ayuntamiento\\\/#\\\/schema\\\/logo\\\/image\\\/\"},\"sameAs\":[\"https:\\\/\\\/www.facebook.com\\\/Ayuntamiento.de.Coria\",\"https:\\\/\\\/x.com\\\/Ayto_de_Coria\",\"https:\\\/\\\/www.instagram.com\\\/coria.ayuntamiento\\\/\",\"https:\\\/\\\/www.youtube.com\\\/user\\\/AYUNTAMIENTOCORIA\"]}]}<\/script>\n<!-- \/ Yoast SEO plugin. -->","yoast_head_json":{"title":"Carnaval 2024 en Coria - Ayuntamiento de Coria","robots":{"index":"index","follow":"follow","max-snippet":"max-snippet:-1","max-image-preview":"max-image-preview:large","max-video-preview":"max-video-preview:-1"},"canonical":"https:\/\/coria.org\/ayuntamiento\/index.php\/eventos\/carnaval-2024-en-coria\/","og_locale":"es_ES","og_type":"article","og_title":"Carnaval 2024 en Coria - Ayuntamiento de Coria","og_description":"El Ayuntamiento de Coria a trav\u00e9s de la concejal\u00eda de festejos que dirige, Irene Ovejero Crist\u00f3bal, ha confeccionado un programa de actividades que incluye desfiles de adultos y ni\u00f1os, as\u00ed como tambi\u00e9n espect\u00e1culos divertidos, todo ello para vivir y disfrutar del carnaval en la ciudad cauriense. El Carnaval de Coria se desarrollar\u00e1 del 9 al [&hellip;]","og_url":"https:\/\/coria.org\/ayuntamiento\/index.php\/eventos\/carnaval-2024-en-coria\/","og_site_name":"Ayuntamiento de Coria","article_publisher":"https:\/\/www.facebook.com\/Ayuntamiento.de.Coria","article_modified_time":"2024-02-06T08:22:06+00:00","og_image":[{"width":1414,"height":2000,"url":"https:\/\/coria.org\/ayuntamiento\/wp-content\/uploads\/2024\/02\/carnaval-24.jpg","type":"image\/jpeg"}],"twitter_card":"summary_large_image","twitter_site":"@Ayto_de_Coria","twitter_misc":{"Tiempo de lectura":"2 minutos"},"schema":{"@context":"https:\/\/schema.org","@graph":[{"@type":"WebPage","@id":"https:\/\/coria.org\/ayuntamiento\/index.php\/eventos\/carnaval-2024-en-coria\/","url":"https:\/\/coria.org\/ayuntamiento\/index.php\/eventos\/carnaval-2024-en-coria\/","name":"Carnaval 2024 en Coria - Ayuntamiento de Coria","isPartOf":{"@id":"https:\/\/coria.org\/ayuntamiento\/#website"},"primaryImageOfPage":{"@id":"https:\/\/coria.org\/ayuntamiento\/index.php\/eventos\/carnaval-2024-en-coria\/#primaryimage"},"image":{"@id":"https:\/\/coria.org\/ayuntamiento\/index.php\/eventos\/carnaval-2024-en-coria\/#primaryimage"},"thumbnailUrl":"https:\/\/coria.org\/ayuntamiento\/wp-content\/uploads\/2024\/02\/carnaval-24.jpg","datePublished":"2024-02-05T11:38:08+00:00","dateModified":"2024-02-06T08:22:06+00:00","breadcrumb":{"@id":"https:\/\/coria.org\/ayuntamiento\/index.php\/eventos\/carnaval-2024-en-coria\/#breadcrumb"},"inLanguage":"es","potentialAction":[{"@type":"ReadAction","target":["https:\/\/coria.org\/ayuntamiento\/index.php\/eventos\/carnaval-2024-en-coria\/"]}]},{"@type":"ImageObject","inLanguage":"es","@id":"https:\/\/coria.org\/ayuntamiento\/index.php\/eventos\/carnaval-2024-en-coria\/#primaryimage","url":"https:\/\/coria.org\/ayuntamiento\/wp-content\/uploads\/2024\/02\/carnaval-24.jpg","contentUrl":"https:\/\/coria.org\/ayuntamiento\/wp-content\/uploads\/2024\/02\/carnaval-24.jpg","width":1414,"height":2000},{"@type":"BreadcrumbList","@id":"https:\/\/coria.org\/ayuntamiento\/index.php\/eventos\/carnaval-2024-en-coria\/#breadcrumb","itemListElement":[{"@type":"ListItem","position":1,"name":"Inicio","item":"https:\/\/coria.org\/ayuntamiento\/"},{"@type":"ListItem","position":2,"name":"Eventos","item":"https:\/\/coria.org\/ayuntamiento\/index.php\/eventos\/"},{"@type":"ListItem","position":3,"name":"Carnaval 2024 en Coria"}]},{"@type":"WebSite","@id":"https:\/\/coria.org\/ayuntamiento\/#website","url":"https:\/\/coria.org\/ayuntamiento\/","name":"Ayuntamiento de Coria","description":"Web oficial del Ayuntamiento de Coria","publisher":{"@id":"https:\/\/coria.org\/ayuntamiento\/#organization"},"alternateName":"Web Oficial del Ayuntamiento de Coria","potentialAction":[{"@type":"SearchAction","target":{"@type":"EntryPoint","urlTemplate":"https:\/\/coria.org\/ayuntamiento\/?s={search_term_string}"},"query-input":{"@type":"PropertyValueSpecification","valueRequired":true,"valueName":"search_term_string"}}],"inLanguage":"es"},{"@type":"Organization","@id":"https:\/\/coria.org\/ayuntamiento\/#organization","name":"Ayuntamiento de Coria","alternateName":"Ayto de Coria","url":"https:\/\/coria.org\/ayuntamiento\/","logo":{"@type":"ImageObject","inLanguage":"es","@id":"https:\/\/coria.org\/ayuntamiento\/#\/schema\/logo\/image\/","url":"https:\/\/coria.org\/ayuntamiento\/wp-content\/uploads\/2020\/12\/escudo-ayuntamiento-coria.png","contentUrl":"https:\/\/coria.org\/ayuntamiento\/wp-content\/uploads\/2020\/12\/escudo-ayuntamiento-coria.png","width":511,"height":240,"caption":"Ayuntamiento de Coria"},"image":{"@id":"https:\/\/coria.org\/ayuntamiento\/#\/schema\/logo\/image\/"},"sameAs":["https:\/\/www.facebook.com\/Ayuntamiento.de.Coria","https:\/\/x.com\/Ayto_de_Coria","https:\/\/www.instagram.com\/coria.ayuntamiento\/","https:\/\/www.youtube.com\/user\/AYUNTAMIENTOCORIA"]}]}},"uagb_featured_image_src":{"full":["https:\/\/coria.org\/ayuntamiento\/wp-content\/uploads\/2024\/02\/carnaval-24.jpg",1414,2000,false],"thumbnail":["https:\/\/coria.org\/ayuntamiento\/wp-content\/uploads\/2024\/02\/carnaval-24-150x150.jpg",150,150,true],"medium":["https:\/\/coria.org\/ayuntamiento\/wp-content\/uploads\/2024\/02\/carnaval-24-212x300.jpg",212,300,true],"medium_large":["https:\/\/coria.org\/ayuntamiento\/wp-content\/uploads\/2024\/02\/carnaval-24-768x1086.jpg",768,1086,true],"large":["https:\/\/coria.org\/ayuntamiento\/wp-content\/uploads\/2024\/02\/carnaval-24-724x1024.jpg",724,1024,true],"thumblist":["https:\/\/coria.org\/ayuntamiento\/wp-content\/uploads\/2024\/02\/carnaval-24-300x300.jpg",300,300,true],"thumbrelated":["https:\/\/coria.org\/ayuntamiento\/wp-content\/uploads\/2024\/02\/carnaval-24-500x500.jpg",500,500,true],"meccarouselthumb":["https:\/\/coria.org\/ayuntamiento\/wp-content\/uploads\/2024\/02\/carnaval-24-474x324.jpg",474,324,true],"gridsquare":["https:\/\/coria.org\/ayuntamiento\/wp-content\/uploads\/2024\/02\/carnaval-24-391x260.jpg",391,260,true],"tileview":["https:\/\/coria.org\/ayuntamiento\/wp-content\/uploads\/2024\/02\/carnaval-24-300x400.jpg",300,400,true],"1536x1536":["https:\/\/coria.org\/ayuntamiento\/wp-content\/uploads\/2024\/02\/carnaval-24-1086x1536.jpg",1086,1536,true],"2048x2048":["https:\/\/coria.org\/ayuntamiento\/wp-content\/uploads\/2024\/02\/carnaval-24.jpg",1414,2000,false]},"uagb_author_info":{"display_name":"ayuntamiento","author_link":"https:\/\/coria.org\/ayuntamiento\/index.php\/author\/ayuntamiento\/"},"uagb_comment_info":0,"uagb_excerpt":"El Ayuntamiento de Coria a trav\u00e9s de la concejal\u00eda de festejos que dirige, Irene Ovejero Crist\u00f3bal, ha confeccionado un programa de actividades que incluye desfiles de adultos y ni\u00f1os, as\u00ed como tambi\u00e9n espect\u00e1culos divertidos, todo ello para vivir y disfrutar del carnaval en la ciudad cauriense. El Carnaval de Coria se desarrollar\u00e1 del 9 al&hellip;","_links":{"self":[{"href":"https:\/\/coria.org\/ayuntamiento\/index.php\/wp-json\/wp\/v2\/mec-events\/58060","targetHints":{"allow":["GET"]}}],"collection":[{"href":"https:\/\/coria.org\/ayuntamiento\/index.php\/wp-json\/wp\/v2\/mec-events"}],"about":[{"href":"https:\/\/coria.org\/ayuntamiento\/index.php\/wp-json\/wp\/v2\/types\/mec-events"}],"author":[{"embeddable":true,"href":"https:\/\/coria.org\/ayuntamiento\/index.php\/wp-json\/wp\/v2\/users\/2"}],"replies":[{"embeddable":true,"href":"https:\/\/coria.org\/ayuntamiento\/index.php\/wp-json\/wp\/v2\/comments?post=58060"}],"wp:featuredmedia":[{"embeddable":true,"href":"https:\/\/coria.org\/ayuntamiento\/index.php\/wp-json\/wp\/v2\/media\/58059"}],"wp:attachment":[{"href":"https:\/\/coria.org\/ayuntamiento\/index.php\/wp-json\/wp\/v2\/media?parent=58060"}],"wp:term":[{"taxonomy":"post_tag","embeddable":true,"href":"https:\/\/coria.org\/ayuntamiento\/index.php\/wp-json\/wp\/v2\/tags?post=58060"},{"taxonomy":"mec_category","embeddable":true,"href":"https:\/\/coria.org\/ayuntamiento\/index.php\/wp-json\/wp\/v2\/mec_category?post=58060"}],"curies":[{"name":"wp","href":"https:\/\/api.w.org\/{rel}","templated":true}]}}