{"version":"1.0","provider_name":"Ayuntamiento de Coria","provider_url":"https:\/\/coria.org\/ayuntamiento","author_name":"ayuntamiento","author_url":"https:\/\/coria.org\/ayuntamiento\/index.php\/author\/ayuntamiento\/","title":"IV Festival de la Chaquet\u00eda","type":"rich","width":600,"height":338,"html":"<blockquote class=\"wp-embedded-content\" data-secret=\"k3VR9dx95g\"><a href=\"https:\/\/coria.org\/ayuntamiento\/index.php\/eventos\/iv-festival-de-la-chaquetia\/\">IV Festival de la Chaquet\u00eda<\/a><\/blockquote><iframe sandbox=\"allow-scripts\" security=\"restricted\" src=\"https:\/\/coria.org\/ayuntamiento\/index.php\/eventos\/iv-festival-de-la-chaquetia\/embed\/#?secret=k3VR9dx95g\" width=\"600\" height=\"338\" title=\"\u00abIV Festival de la Chaquet\u00eda\u00bb \u2014 Ayuntamiento de Coria\" data-secret=\"k3VR9dx95g\" frameborder=\"0\" marginwidth=\"0\" marginheight=\"0\" scrolling=\"no\" class=\"wp-embedded-content\"><\/iframe><script>\n\/*! This file is auto-generated *\/\n!function(d,l){\"use strict\";l.querySelector&&d.addEventListener&&\"undefined\"!=typeof URL&&(d.wp=d.wp||{},d.wp.receiveEmbedMessage||(d.wp.receiveEmbedMessage=function(e){var t=e.data;if((t||t.secret||t.message||t.value)&&!\/[^a-zA-Z0-9]\/.test(t.secret)){for(var s,r,n,a=l.querySelectorAll('iframe[data-secret=\"'+t.secret+'\"]'),o=l.querySelectorAll('blockquote[data-secret=\"'+t.secret+'\"]'),c=new RegExp(\"^https?:$\",\"i\"),i=0;i<o.length;i++)o[i].style.display=\"none\";for(i=0;i<a.length;i++)s=a[i],e.source===s.contentWindow&&(s.removeAttribute(\"style\"),\"height\"===t.message?(1e3<(r=parseInt(t.value,10))?r=1e3:~~r<200&&(r=200),s.height=r):\"link\"===t.message&&(r=new URL(s.getAttribute(\"src\")),n=new URL(t.value),c.test(n.protocol))&&n.host===r.host&&l.activeElement===s&&(d.top.location.href=t.value))}},d.addEventListener(\"message\",d.wp.receiveEmbedMessage,!1),l.addEventListener(\"DOMContentLoaded\",function(){for(var e,t,s=l.querySelectorAll(\"iframe.wp-embedded-content\"),r=0;r<s.length;r++)(t=(e=s[r]).getAttribute(\"data-secret\"))||(t=Math.random().toString(36).substring(2,12),e.src+=\"#?secret=\"+t,e.setAttribute(\"data-secret\",t)),e.contentWindow.postMessage({message:\"ready\",secret:t},\"*\")},!1)))}(window,document);\n\/\/# sourceURL=https:\/\/coria.org\/ayuntamiento\/wp-includes\/js\/wp-embed.min.js\n<\/script>\n","thumbnail_url":"https:\/\/coria.org\/ayuntamiento\/wp-content\/uploads\/2025\/10\/iv-festival-chaquetia-coria-25.webp","thumbnail_width":1080,"thumbnail_height":1350,"description":"El Ayuntamiento de Coria, a trav\u00e9s de la concejal\u00eda de turismo, ha organizado una nueva edici\u00f3n del Festival de la Chaquet\u00eda, que este a\u00f1o celebra su cuarta edici\u00f3n con un programa lleno de actividades tradicionales, venta de casta\u00f1as y animaci\u00f3n para todos los p\u00fablicos. El evento tendr\u00e1 lugar en Coria y tambi\u00e9n en Rinc\u00f3n del Obispo y Puebla de Argeme."}